{"id":10399,"date":"2025-07-08T07:20:55","date_gmt":"2025-07-08T05:20:55","guid":{"rendered":"https:\/\/fundacionfelipegonzalez-stg.servidortemporal.net\/espacio-rubalcaba\/"},"modified":"2026-01-22T13:05:44","modified_gmt":"2026-01-22T12:05:44","slug":"espacio-rubalcaba","status":"publish","type":"page","link":"https:\/\/fundacionfelipegonzalez.org\/gl\/espacio-rubalcaba\/","title":{"rendered":"Espacio Rubalcaba"},"content":{"rendered":"<div id=\"M01-block_3a2bfbe39f6dcaa18076bb6533ade867\" class=\"M01\">\r        <div class=\"About \">\r        <article class=\"opening-block no-cover \" style=\"background-image: url('https:\/\/fundacionfelipegonzalez.org\/wp-content\/uploads\/2025\/07\/Prueba_2-1599x899-2.jpg');\" data-src=\"\" data-width=\" 1019\" data-height=\" 572\">\r            <div class=\"article-wrapper\">\r                <div class=\"article-container\">\r                    <header>\r                        <div class=\"h1\">\r                            <h1>ESPACIO RUBALCABA<\/h1>\n                        <\/div>\r                        <div class=\"h3\">\r                            <h2>EL VALOR DEL COMPROMISO<\/h2>\n                        <\/div>\r                    <\/header>\r                    <div class=\"summary\">\r                        <p>La memoria y el legado de Alfredo P\u00e9rez Rubalcaba han sido acogidos por la Fundaci\u00f3n Felipe Gonz\u00e1lez por deseo de Pilar Goya.<\/p>\n<p>Para ello, hemos creado el Espacio Rubalcaba: para fomentar valores como el di\u00e1logo, el valor de la palabra dada o el compromiso con la democracia; para mantener vivos su memoria y su talento y proyectarlos al futuro; para, como dec\u00eda el Presidente de la Fundaci\u00f3n,\u00a0<a href=\"https:\/\/elpais.com\/elpais\/2019\/07\/15\/opinion\/1563209364_265029.html\" target=\"_blank\" rel=\"noopener\">retomar la conversaci\u00f3n con<\/a>\u00a0<a href=\"https:\/\/elpais.com\/elpais\/2019\/07\/15\/opinion\/1563209364_265029.html\" target=\"_blank\" rel=\"noopener\">Alfredo<\/a>,\u00a0que sigue siendo m\u00e1s necesaria que nunca.<\/p>\n                    <\/div>\r                <\/div>\r                                    <div class=\"archive-button-container\">\r                        <a class=\"archive-button bg-color-green-yellow text-blk\" href=\"https:\/\/www.rubalcaba.es\/\" target=\"_blank\">M\u00e1s informaci\u00f3n<\/a>\r                    <\/div>\r                            <\/div>\r        <\/article>\r    <\/div>\r    \r        <style>\r\n    #M01-block_3a2bfbe39f6dcaa18076bb6533ade867 {\r\n        margin-top:px;\r\n        margin-bottom:px;\r\n        padding-top:px;\r\n        padding-bottom:px\r\n    }\r\n    @media screen and (max-width: 768px) {\r\n    #M01-block_3a2bfbe39f6dcaa18076bb6533ade867 {\r\n        margin-top:px;\r\n        margin-bottom:px;\r\n        padding-top:px;\r\n        padding-bottom:px;\r\n    }\r\n    }\r\n<\/style><\/div>\n\n<div id=\"M05-block_5578b276b94c950076a777cf0d0725c2\" class=\"M05\">\r            <article id=\"archivos-presidenciales\" class=\"article fullmedia-side fullmedia-left\" data-flag=\"off\" data-order=\"shift\">\r            <div class=\"article-wrapper\">\r                <div class=\"article-container\">\r\r                                        <header>\r                                                <div class=\"h2 \">\r                                                    <\/div>\r                        <div class=\"h1\">\r                            <h2>Consejo asesor<\/h2>\n                        <\/div>\r                                            <\/header>\r\r                                        <div id=\"\" class=\"summary \">\r                        <p>La misi\u00f3n del Espacio Rubalcaba ser\u00e1 guiada por un consejo asesor mixto, compuesto por dos miembros del Patronato de la Fundaci\u00f3n y tres miembros externos, todos ellos relacionados con la figura del pol\u00edtico espa\u00f1ol.<\/p>\n<p>&nbsp;<\/p>\n<p>\u2022 Jaime Lissavetzky.<\/p>\n<p>\u2022 Pilar Goya.<\/p>\n<p>\u2022 Gregorio Mart\u00ednez.<\/p>\n<p>\u2022 Elena Valenciano, patrona de la Fundaci\u00f3n.<\/p>\n                    <\/div>\r                                                                            <\/div>\r            <\/div>\r                            <div class=\"media\" style=\"background-image: url(https:\/\/fundacionfelipegonzalez.org\/wp-content\/uploads\/2025\/07\/Escanear-8-2-e1581358925670-1599x899-1.png);\" data-src=\"\" data-width=\" \" data-height=\" \"><\/div>\r                    <\/article>\r        <style>\r            article#archivos-presidenciales { margin-bottom: 50px; }\r        <\/style>\r        <style>\r\n    #M05-block_5578b276b94c950076a777cf0d0725c2 {\r\n        margin-top:px;\r\n        margin-bottom:px;\r\n        padding-top:px;\r\n        padding-bottom:px\r\n    }\r\n    @media screen and (max-width: 768px) {\r\n    #M05-block_5578b276b94c950076a777cf0d0725c2 {\r\n        margin-top:px;\r\n        margin-bottom:px;\r\n        padding-top:px;\r\n        padding-bottom:px;\r\n    }\r\n    }\r\n<\/style><\/div>\r\n\n<div id=\"M05-block_55650f6bb84518a175ef3af65646554c\" class=\"M05\">\r            <article id=\"\" class=\"article gray-background fullmedia-side fullmedia-right\" data-flag=\"off\" data-order=\"shift\">\r            <div class=\"article-wrapper\">\r                <div class=\"article-container\">\r                                        <header>\r                                                <div class=\"h2 \">\r                            <h3>EDICI\u00d3N 2026<\/h3>\n                        <\/div>\r                        <div class=\"h1\">\r                            <h2>Premio Rojana &#8216;Alfredo P\u00e9rez Rubalcaba&#8217;<\/h2>\n                        <\/div>\r                                            <\/header>\r                                        <div id=\"\" class=\"summary \">\r                        <p>El Premio Rojana &#8216;Alfredo P\u00e9rez Rubalcaba&#8217; es un homenaje a la memoria de una figura clave de la pol\u00edtica espa\u00f1ola fundamental para entender gran parte de la etapa democr\u00e1tica. Con \u00e9l, la Fundaci\u00f3n Felipe Gonz\u00e1lez quiere reconocer a personas o instituciones cuyas trayectorias se identifiquen con el compromiso, el di\u00e1logo, la concordia o la capacidad de llegar a acuerdos. Nueve miembros de un jurado elegir\u00e1n cada a\u00f1o el nombre del galardonado.<\/p>\n<p>Este a\u00f1o 2026 los miembros del jurado son:<\/p>\n<p>\u2022 Elena Valenciano Mart\u00ednez-Orozco, presidenta<\/p>\n<p>\u2022 Mar\u00eda Gonz\u00e1lez Romero<\/p>\n<p>\u2022 Jaime Lissavetzky D\u00edez<\/p>\n<p>\u2022 Josu Jon Imaz San Miguel<\/p>\n<p>\u2022 Mar\u00eda Dolores Gorostiaga Saiz<\/p>\n<p>\u2022 Juan Moscoso del Prado Hern\u00e1ndez<\/p>\n<p>\u2022 Paca Sauquillo P\u00e9rez del Arco<\/p>\n<p>\u2022 Miguel Delibes de Castro<\/p>\n<p>\u2022 Save the Children (directora general o persona en quien delegue)<\/p>\n<p>Consulta las\u00a0<a href=\"https:\/\/www.fundacionfelipegonzalez.org\/wp-content\/uploads\/2024\/01\/Bases-Premio-ROJANA-APR.pdf\" target=\"_blank\" rel=\"noopener\">bases del premio<\/a>.<\/p>\n                    <\/div>\r                                                                            <\/div>\r            <\/div>\r                            <div class=\"media\" style=\"background-image: url(https:\/\/fundacionfelipegonzalez.org\/wp-content\/uploads\/2025\/07\/Rubalcaba_foc.jpg);\" data-src=\"\" data-width=\" \" data-height=\" \"><\/div>\r                        <\/div>\r        <\/article>\r        <style>\r\n    #M05-block_55650f6bb84518a175ef3af65646554c {\r\n        margin-top:px;\r\n        margin-bottom:px;\r\n        padding-top:px;\r\n        padding-bottom:px\r\n    }\r\n    @media screen and (max-width: 768px) {\r\n    #M05-block_55650f6bb84518a175ef3af65646554c {\r\n        margin-top:px;\r\n        margin-bottom:px;\r\n        padding-top:px;\r\n        padding-bottom:px;\r\n    }\r\n    }\r\n<\/style><\/div>\r\n\n<div id=\"M05-block_13722c277b3f71a61d109b4c396af1cf\" class=\"M05\">\r            <article id=\"archivos-presidenciales\" class=\"article fullmedia-side fullmedia-left\" data-flag=\"off\" data-order=\"shift\">\r            <div class=\"article-wrapper\">\r                <div class=\"article-container\">\r\r                                        <header>\r                                                <div class=\"h2 \">\r                                                    <\/div>\r                        <div class=\"h1\">\r                            <h1>V Premio Rojana: Edici\u00f3n 2025<\/h1>\n                        <\/div>\r                                            <\/header>\r\r                                        <div id=\"\" class=\"summary \">\r                        <p><b>Save The Children<\/b>\u00a0<b>Espa\u00f1a<\/b>\u00a0ha recibido el 12 de junio el\u00a0<b>V Premio Rojana \u2018Alfredo P\u00e9rez Rubalcaba\u2019 al compromiso, el di\u00e1logo y la concordia que concede la Fundaci\u00f3n.\u00a0<\/b>Fue recogido por su\u00a0<b>directora general, Isla Ramos<\/b>, en el acto de homenaje a Alfredo P\u00e9rez Rubalcaba celebrado en los Jardines de la Residencia de Estudiantes de Madrid.<\/p>\n<p><b><a href=\"https:\/\/www.fundacionfelipegonzalez.org\/v-premio-rojana\/\" target=\"_blank\" rel=\"noopener\">M\u00c1S INFORMACI\u00d3N<\/a><\/b><\/p>\n                    <\/div>\r                                                                            <\/div>\r            <\/div>\r                            <div class=\"media\" style=\"background-image: url(https:\/\/fundacionfelipegonzalez.org\/wp-content\/uploads\/2025\/08\/PREMIOS_ROJANA_2025_-22-scaled.jpg);\" data-src=\"\" data-width=\" \" data-height=\" \"><\/div>\r                    <\/article>\r        <style>\r            article#archivos-presidenciales { margin-bottom: 50px; }\r        <\/style>\r        <style>\r\n    #M05-block_13722c277b3f71a61d109b4c396af1cf {\r\n        margin-top:px;\r\n        margin-bottom:px;\r\n        padding-top:px;\r\n        padding-bottom:px\r\n    }\r\n    @media screen and (max-width: 768px) {\r\n    #M05-block_13722c277b3f71a61d109b4c396af1cf {\r\n        margin-top:px;\r\n        margin-bottom:px;\r\n        padding-top:px;\r\n        padding-bottom:px;\r\n    }\r\n    }\r\n<\/style><\/div>\r\n\n<div id=\"M05-block_fef5a402c95e04639ee6b3e2117b819e\" class=\"M05\">\r            <article id=\"archivos-presidenciales\" class=\"article fullmedia-side fullmedia-left\" data-flag=\"off\" data-order=\"shift\">\r            <div class=\"article-wrapper\">\r                <div class=\"article-container\">\r\r                                        <header>\r                                                <div class=\"h2 \">\r                                                    <\/div>\r                        <div class=\"h1\">\r                            <h1>IV Premio Rojana: Edici\u00f3n 2024<\/h1>\n                        <\/div>\r                                            <\/header>\r\r                                        <div id=\"\" class=\"summary \">\r                        <p><strong>Miguel Delibes<\/strong>\u00a0ha recibido el 17 de junio el\u00a0<strong>IV Premio Rojana \u2018Alfredo P\u00e9rez Rubalcaba\u2019 al compromiso, el di\u00e1logo y la concordia que concede la Fundaci\u00f3n Felipe Gonz\u00e1lez<\/strong>\u00a0y que fue entregado en el acto de homenaje a Alfredo P\u00e9rez Rubalcaba celebrado en los Jardines de la Residencia de Estudiantes de Madrid.<\/p>\n<p><b><a href=\"https:\/\/www.fundacionfelipegonzalez.org\/miguel-delibes-recibe-el-iv-premio-rojana-alfredo-perez-rubalcaba\/\" target=\"_blank\" rel=\"noopener\">M\u00c1S INFORMACI\u00d3N<\/a><\/b><\/p>\n                    <\/div>\r                                                                            <\/div>\r            <\/div>\r                            <div class=\"media\" style=\"background-image: url(https:\/\/fundacionfelipegonzalez.org\/wp-content\/uploads\/2025\/07\/VLD7042-scaled.jpg);\" data-src=\"\" data-width=\" \" data-height=\" \"><\/div>\r                    <\/article>\r        <style>\r            article#archivos-presidenciales { margin-bottom: 50px; }\r        <\/style>\r        <style>\r\n    #M05-block_fef5a402c95e04639ee6b3e2117b819e {\r\n        margin-top:px;\r\n        margin-bottom:px;\r\n        padding-top:px;\r\n        padding-bottom:px\r\n    }\r\n    @media screen and (max-width: 768px) {\r\n    #M05-block_fef5a402c95e04639ee6b3e2117b819e {\r\n        margin-top:px;\r\n        margin-bottom:px;\r\n        padding-top:px;\r\n        padding-bottom:px;\r\n    }\r\n    }\r\n<\/style><\/div>\r\n\n<div id=\"M05-block_34c0087939885da003c0fdfadfd1c0b9\" class=\"M05\">\r            <article id=\"archivos-presidenciales\" class=\"article fullmedia-side fullmedia-left\" data-flag=\"off\" data-order=\"shift\">\r            <div class=\"article-wrapper\">\r                <div class=\"article-container\">\r\r                                        <header>\r                                                <div class=\"h2 \">\r                                                    <\/div>\r                        <div class=\"h1\">\r                            <h1>III Premio Rojana: Edici\u00f3n 2023<\/h1>\n                        <\/div>\r                                            <\/header>\r\r                                        <div id=\"\" class=\"summary \">\r                        <p><b>Paca Sauquillo<\/b>\u00a0ha recibido el lunes 12 de junio el\u00a0<b>III Premio Rojana al compromiso, el di\u00e1logo y la concordia<\/b>\u00a0que concede la Fundaci\u00f3n Felipe Gonz\u00e1lez. La abogada recibi\u00f3 el galard\u00f3n en un acto celebrado en los Jardines de la Residencia de Estudiantes de Madrid. Al evento acudieron m\u00e1s de 300 personas.<\/p>\n<p>&nbsp;<\/p>\n<p><b><a href=\"https:\/\/www.fundacionfelipegonzalez.org\/paca-sauquillo-recibe-el-iii-premio-rojana-alfredo-perez-rubalcaba\/\" target=\"_blank\" rel=\"noopener\">M\u00c1S INFORMACI\u00d3N<\/a><\/b><\/p>\n                    <\/div>\r                                                                            <\/div>\r            <\/div>\r                            <div class=\"media\" style=\"background-image: url(https:\/\/fundacionfelipegonzalez.org\/wp-content\/uploads\/2025\/07\/FOTO-NOTICIA-1.jpg);\" data-src=\"\" data-width=\" \" data-height=\" \"><\/div>\r                    <\/article>\r        <style>\r            article#archivos-presidenciales { margin-bottom: 50px; }\r        <\/style>\r        <style>\r\n    #M05-block_34c0087939885da003c0fdfadfd1c0b9 {\r\n        margin-top:px;\r\n        margin-bottom:px;\r\n        padding-top:px;\r\n        padding-bottom:px\r\n    }\r\n    @media screen and (max-width: 768px) {\r\n    #M05-block_34c0087939885da003c0fdfadfd1c0b9 {\r\n        margin-top:px;\r\n        margin-bottom:px;\r\n        padding-top:px;\r\n        padding-bottom:px;\r\n    }\r\n    }\r\n<\/style><\/div>\r\n\n<div id=\"M05-block_3a0dd3086b21784e8908d6111ec0d86a\" class=\"M05\">\r            <article id=\"archivos-presidenciales\" class=\"article fullmedia-side fullmedia-left\" data-flag=\"off\" data-order=\"shift\">\r            <div class=\"article-wrapper\">\r                <div class=\"article-container\">\r\r                                        <header>\r                                                <div class=\"h2 \">\r                                                    <\/div>\r                        <div class=\"h1\">\r                            <h1>II Premio Rojana: Edici\u00f3n 2022<\/h1>\n                        <\/div>\r                                            <\/header>\r\r                                        <div id=\"\" class=\"summary \">\r                        <p><b>Joan Manuel Serrat<\/b>\u00a0recibi\u00f3 el pasado 9 de junio el<b>\u00a0II Premio Rojana al compromiso, el di\u00e1logo y la concordia<\/b>\u00a0que concede la Fundaci\u00f3n Felipe Gonz\u00e1lez y que fue entregado en el\u00a0<b>acto de homenaje a Alfredo P\u00e9rez Rubalcaba<\/b>.<\/p>\n<p><b><a href=\"https:\/\/www.fundacionfelipegonzalez.org\/ii-premio-rojana-alfredo-perez-rubalcaba\/\" target=\"_blank\" rel=\"noopener\">M\u00c1S INFORMACI\u00d3N<\/a><\/b><\/p>\n<p>&nbsp;<\/p>\n                    <\/div>\r                                                                            <\/div>\r            <\/div>\r                            <div class=\"media\" style=\"background-image: url(https:\/\/fundacionfelipegonzalez.org\/wp-content\/uploads\/2025\/07\/FOTO-CAJA-PREMIO.jpg);\" data-src=\"\" data-width=\" \" data-height=\" \"><\/div>\r                    <\/article>\r        <style>\r            article#archivos-presidenciales { margin-bottom: 50px; }\r        <\/style>\r        <style>\r\n    #M05-block_3a0dd3086b21784e8908d6111ec0d86a {\r\n        margin-top:px;\r\n        margin-bottom:px;\r\n        padding-top:px;\r\n        padding-bottom:px\r\n    }\r\n    @media screen and (max-width: 768px) {\r\n    #M05-block_3a0dd3086b21784e8908d6111ec0d86a {\r\n        margin-top:px;\r\n        margin-bottom:px;\r\n        padding-top:px;\r\n        padding-bottom:px;\r\n    }\r\n    }\r\n<\/style><\/div>\r\n\n<div id=\"M05-block_a2557ca2f07dd02d7f0588949044e688\" class=\"M05\">\r            <article id=\"archivos-presidenciales\" class=\"article fullmedia-side fullmedia-left\" data-flag=\"off\" data-order=\"shift\">\r            <div class=\"article-wrapper\">\r                <div class=\"article-container\">\r\r                                        <header>\r                                                <div class=\"h2 \">\r                                                    <\/div>\r                        <div class=\"h1\">\r                            <h1>I Premio Rojana: Edici\u00f3n 2021<\/h1>\n                        <\/div>\r                                            <\/header>\r\r                                        <div id=\"\" class=\"summary \">\r                        <p><b>Jos\u00e9 Mar\u00eda P\u00e9rez \u2018Peridis\u2019<\/b>\u00a0recibi\u00f3 el pasado 21 de junio el\u00a0<b>I Premio Rojana al compromiso, el di\u00e1logo y la concordia<\/b>\u00a0que concede la Fundaci\u00f3n Felipe Gonz\u00e1lez y que fue entregado en el\u00a0<b>acto de homenaje a Alfredo P\u00e9rez Rubalcaba.<\/b><\/p>\n<p>Intervinieron en el acto de homenaje\u00a0<b>Elena Valenciano<\/b>\u00a0miembro del jurado del Premio Rojana;\u00a0<b>Felipe Gonz\u00e1lez<\/b>, presidente de la Fundaci\u00f3n; y\u00a0<b>Pilar Goya<\/b>, que cerr\u00f3 el evento con unas emotivas palabras de reconocimiento y recuerdo de Alfredo P\u00e9rez Rubalcaba.<\/p>\n<p><b><a href=\"https:\/\/www.fundacionfelipegonzalez.org\/i-premio-rojana-alfredo-perez-rubalcaba\/\" target=\"_blank\" rel=\"noopener\">M\u00c1S INFORMACI\u00d3N<\/a><\/b><\/p>\n<p>&nbsp;<\/p>\n                    <\/div>\r                                                                            <\/div>\r            <\/div>\r                            <div class=\"media\" style=\"background-image: url(https:\/\/fundacionfelipegonzalez.org\/wp-content\/uploads\/2025\/07\/AF5475-e1624524097746.jpg);\" data-src=\"\" data-width=\" \" data-height=\" \"><\/div>\r                    <\/article>\r        <style>\r            article#archivos-presidenciales { margin-bottom: 50px; }\r        <\/style>\r        <style>\r\n    #M05-block_a2557ca2f07dd02d7f0588949044e688 {\r\n        margin-top:px;\r\n        margin-bottom:px;\r\n        padding-top:px;\r\n        padding-bottom:px\r\n    }\r\n    @media screen and (max-width: 768px) {\r\n    #M05-block_a2557ca2f07dd02d7f0588949044e688 {\r\n        margin-top:px;\r\n        margin-bottom:px;\r\n        padding-top:px;\r\n        padding-bottom:px;\r\n    }\r\n    }\r\n<\/style><\/div>\r\n\n<div id=\"M11-block_c50d5e0e311d7636e9ecd63a3e36a660\" class=\"M11\">\r            <article id=\"blockquote-2\" class=\"article blockquote-article blockquote-left\">\r            <div class=\"article-wrapper\">\r                <div class=\"article-container\">\r                    <header>\r                        <div class=\"h2\">\r                                                    <\/div>\r                        <div class=\"h1\">\r                            <h2>Una vida al servicio de la democracia<\/h2>\n                        <\/div>\r                    <\/header>\r                    <div id=\"\" class=\"summary \">\r                        <p>Vicepresidente del Gobierno, responsable de tres carteras ministeriales distintas, Secretario General del PSOE y diputado en seis legislaturas, Alfredo P\u00e9rez Rubalcaba (1951-2019) ha desempe\u00f1ado un papel decisivo en la pol\u00edtica espa\u00f1ola durante tres d\u00e9cadas. En su extensa carrera pol\u00edtica destaca su labor en el \u00e1mbito de las reformas educativas o en el desmantelamiento y fin de la banda terrorista ETA.<\/p>\n<p>Tras abandonar la pol\u00edtica en 2014, regres\u00f3 a la docencia, dando clases de Qu\u00edmica Org\u00e1nica en la Universidad Complutense de Madrid, actividad que le apasionaba.<\/p>\n                    <\/div>\r                <\/div>\r                <div class=\"aside\">\r                    <div class=\"media \">\r            <span data-flag=\"on\" data-order=\"shift\">\r                                    <img decoding=\"async\" id=\"img_4209_126_1635861207\" src=\"https:\/\/fundacionfelipegonzalez.org\/wp-content\/uploads\/2025\/07\/Jura_recor-e1581361572576.jpg\" data-src=\" \" alt=\"juliana-mayo-fk9NC7eGQag-unsplash\" data-width=\"1019 599\" data-height=\"572 337\">\r                            <\/span>\r                    <\/div>\r                    <blockquote id=\"blockquote_316358612072632\" data-flag=\"on\" data-order=\"shift\">\r                        <div class=\"blockquote-container\">\r                            <div class=\"blockquote-content\">\r                                <div class=\"p\">\r                                    <p><i>No tengo la soluci\u00f3n para todos los problemas, pero yo no me arrugo, no me echo atr\u00e1s, creo que cuando la situaci\u00f3n es cr\u00edtica, hay que actuar.<\/i><\/p>\n                                <\/div>\r                            <\/div>\r                            <footer>\r                                <div class=\"blockquote-author\">\r                                    <p>Alfredo P\u00e9rez Rubalcaba<\/p>\n                                <\/div>\r                            <\/footer>\r                        <\/div>\r                    <\/blockquote>\r                <\/div>\r            <\/div>\r        <\/article>\r        <style>\r\n    #M11-block_c50d5e0e311d7636e9ecd63a3e36a660 {\r\n        margin-top:px;\r\n        margin-bottom:px;\r\n        padding-top:px;\r\n        padding-bottom:px\r\n    }\r\n    @media screen and (max-width: 768px) {\r\n    #M11-block_c50d5e0e311d7636e9ecd63a3e36a660 {\r\n        margin-top:px;\r\n        margin-bottom:px;\r\n        padding-top:px;\r\n        padding-bottom:px;\r\n    }\r\n    }\r\n<\/style><\/div>\r\r","protected":false},"excerpt":{"rendered":"","protected":false},"author":2,"featured_media":0,"parent":0,"menu_order":0,"comment_status":"closed","ping_status":"closed","template":"","meta":{"_acf_changed":false,"footnotes":""},"class_list":["post-10399","page","type-page","status-publish","hentry"],"acf":[],"yoast_head":"<!-- This site is optimized with the Yoast SEO plugin v27.5 - https:\/\/yoast.com\/product\/yoast-seo-wordpress\/ -->\n<title>Espacio Rubalcaba - Fundaci\u00f3n Felipe Gonz\u00e1lez<\/title>\n<meta name=\"robots\" content=\"index, follow, max-snippet:-1, max-image-preview:large, max-video-preview:-1\" \/>\n<link rel=\"canonical\" href=\"https:\/\/fundacionfelipegonzalez.org\/gl\/espacio-rubalcaba\/\" \/>\n<meta property=\"og:locale\" content=\"gl_ES\" \/>\n<meta property=\"og:type\" content=\"article\" \/>\n<meta property=\"og:title\" content=\"Espacio Rubalcaba - Fundaci\u00f3n Felipe Gonz\u00e1lez\" \/>\n<meta property=\"og:url\" content=\"https:\/\/fundacionfelipegonzalez.org\/gl\/espacio-rubalcaba\/\" \/>\n<meta property=\"og:site_name\" content=\"Fundaci\u00f3n Felipe Gonz\u00e1lez\" \/>\n<meta property=\"article:modified_time\" content=\"2026-01-22T12:05:44+00:00\" \/>\n<meta name=\"twitter:card\" content=\"summary_large_image\" \/>\n<script type=\"application\/ld+json\" class=\"yoast-schema-graph\">{\"@context\":\"https:\\\/\\\/schema.org\",\"@graph\":[{\"@type\":\"WebPage\",\"@id\":\"https:\\\/\\\/fundacionfelipegonzalez.org\\\/gl\\\/espacio-rubalcaba\\\/\",\"url\":\"https:\\\/\\\/fundacionfelipegonzalez.org\\\/gl\\\/espacio-rubalcaba\\\/\",\"name\":\"Espacio Rubalcaba - Fundaci\u00f3n Felipe Gonz\u00e1lez\",\"isPartOf\":{\"@id\":\"https:\\\/\\\/fundacionfelipegonzalez.org\\\/gl\\\/#website\"},\"datePublished\":\"2025-07-08T05:20:55+00:00\",\"dateModified\":\"2026-01-22T12:05:44+00:00\",\"breadcrumb\":{\"@id\":\"https:\\\/\\\/fundacionfelipegonzalez.org\\\/gl\\\/espacio-rubalcaba\\\/#breadcrumb\"},\"inLanguage\":\"gl-ES\",\"potentialAction\":[{\"@type\":\"ReadAction\",\"target\":[\"https:\\\/\\\/fundacionfelipegonzalez.org\\\/gl\\\/espacio-rubalcaba\\\/\"]}]},{\"@type\":\"BreadcrumbList\",\"@id\":\"https:\\\/\\\/fundacionfelipegonzalez.org\\\/gl\\\/espacio-rubalcaba\\\/#breadcrumb\",\"itemListElement\":[{\"@type\":\"ListItem\",\"position\":1,\"name\":\"Portada\",\"item\":\"https:\\\/\\\/fundacionfelipegonzalez.org\\\/gl\\\/\"},{\"@type\":\"ListItem\",\"position\":2,\"name\":\"Espacio Rubalcaba\"}]},{\"@type\":\"WebSite\",\"@id\":\"https:\\\/\\\/fundacionfelipegonzalez.org\\\/gl\\\/#website\",\"url\":\"https:\\\/\\\/fundacionfelipegonzalez.org\\\/gl\\\/\",\"name\":\"Fundaci\u00f3n Felipe Gonz\u00e1lez\",\"description\":\"\",\"publisher\":{\"@id\":\"https:\\\/\\\/fundacionfelipegonzalez.org\\\/gl\\\/#organization\"},\"potentialAction\":[{\"@type\":\"SearchAction\",\"target\":{\"@type\":\"EntryPoint\",\"urlTemplate\":\"https:\\\/\\\/fundacionfelipegonzalez.org\\\/gl\\\/?s={search_term_string}\"},\"query-input\":{\"@type\":\"PropertyValueSpecification\",\"valueRequired\":true,\"valueName\":\"search_term_string\"}}],\"inLanguage\":\"gl-ES\"},{\"@type\":\"Organization\",\"@id\":\"https:\\\/\\\/fundacionfelipegonzalez.org\\\/gl\\\/#organization\",\"name\":\"Fundaci\u00f3n Felipe Gonz\u00e1lez\",\"url\":\"https:\\\/\\\/fundacionfelipegonzalez.org\\\/gl\\\/\",\"logo\":{\"@type\":\"ImageObject\",\"inLanguage\":\"gl-ES\",\"@id\":\"https:\\\/\\\/fundacionfelipegonzalez.org\\\/gl\\\/#\\\/schema\\\/logo\\\/image\\\/\",\"url\":\"https:\\\/\\\/fundacionfelipegonzalez.org\\\/wp-content\\\/uploads\\\/2025\\\/07\\\/logo.png\",\"contentUrl\":\"https:\\\/\\\/fundacionfelipegonzalez.org\\\/wp-content\\\/uploads\\\/2025\\\/07\\\/logo.png\",\"width\":675,\"height\":170,\"caption\":\"Fundaci\u00f3n Felipe Gonz\u00e1lez\"},\"image\":{\"@id\":\"https:\\\/\\\/fundacionfelipegonzalez.org\\\/gl\\\/#\\\/schema\\\/logo\\\/image\\\/\"}}]}<\/script>\n<!-- \/ Yoast SEO plugin. -->","yoast_head_json":{"title":"Espacio Rubalcaba - Fundaci\u00f3n Felipe Gonz\u00e1lez","robots":{"index":"index","follow":"follow","max-snippet":"max-snippet:-1","max-image-preview":"max-image-preview:large","max-video-preview":"max-video-preview:-1"},"canonical":"https:\/\/fundacionfelipegonzalez.org\/gl\/espacio-rubalcaba\/","og_locale":"gl_ES","og_type":"article","og_title":"Espacio Rubalcaba - Fundaci\u00f3n Felipe Gonz\u00e1lez","og_url":"https:\/\/fundacionfelipegonzalez.org\/gl\/espacio-rubalcaba\/","og_site_name":"Fundaci\u00f3n Felipe Gonz\u00e1lez","article_modified_time":"2026-01-22T12:05:44+00:00","twitter_card":"summary_large_image","schema":{"@context":"https:\/\/schema.org","@graph":[{"@type":"WebPage","@id":"https:\/\/fundacionfelipegonzalez.org\/gl\/espacio-rubalcaba\/","url":"https:\/\/fundacionfelipegonzalez.org\/gl\/espacio-rubalcaba\/","name":"Espacio Rubalcaba - Fundaci\u00f3n Felipe Gonz\u00e1lez","isPartOf":{"@id":"https:\/\/fundacionfelipegonzalez.org\/gl\/#website"},"datePublished":"2025-07-08T05:20:55+00:00","dateModified":"2026-01-22T12:05:44+00:00","breadcrumb":{"@id":"https:\/\/fundacionfelipegonzalez.org\/gl\/espacio-rubalcaba\/#breadcrumb"},"inLanguage":"gl-ES","potentialAction":[{"@type":"ReadAction","target":["https:\/\/fundacionfelipegonzalez.org\/gl\/espacio-rubalcaba\/"]}]},{"@type":"BreadcrumbList","@id":"https:\/\/fundacionfelipegonzalez.org\/gl\/espacio-rubalcaba\/#breadcrumb","itemListElement":[{"@type":"ListItem","position":1,"name":"Portada","item":"https:\/\/fundacionfelipegonzalez.org\/gl\/"},{"@type":"ListItem","position":2,"name":"Espacio Rubalcaba"}]},{"@type":"WebSite","@id":"https:\/\/fundacionfelipegonzalez.org\/gl\/#website","url":"https:\/\/fundacionfelipegonzalez.org\/gl\/","name":"Fundaci\u00f3n Felipe Gonz\u00e1lez","description":"","publisher":{"@id":"https:\/\/fundacionfelipegonzalez.org\/gl\/#organization"},"potentialAction":[{"@type":"SearchAction","target":{"@type":"EntryPoint","urlTemplate":"https:\/\/fundacionfelipegonzalez.org\/gl\/?s={search_term_string}"},"query-input":{"@type":"PropertyValueSpecification","valueRequired":true,"valueName":"search_term_string"}}],"inLanguage":"gl-ES"},{"@type":"Organization","@id":"https:\/\/fundacionfelipegonzalez.org\/gl\/#organization","name":"Fundaci\u00f3n Felipe Gonz\u00e1lez","url":"https:\/\/fundacionfelipegonzalez.org\/gl\/","logo":{"@type":"ImageObject","inLanguage":"gl-ES","@id":"https:\/\/fundacionfelipegonzalez.org\/gl\/#\/schema\/logo\/image\/","url":"https:\/\/fundacionfelipegonzalez.org\/wp-content\/uploads\/2025\/07\/logo.png","contentUrl":"https:\/\/fundacionfelipegonzalez.org\/wp-content\/uploads\/2025\/07\/logo.png","width":675,"height":170,"caption":"Fundaci\u00f3n Felipe Gonz\u00e1lez"},"image":{"@id":"https:\/\/fundacionfelipegonzalez.org\/gl\/#\/schema\/logo\/image\/"}}]}},"_links":{"self":[{"href":"https:\/\/fundacionfelipegonzalez.org\/gl\/wp-json\/wp\/v2\/pages\/10399","targetHints":{"allow":["GET"]}}],"collection":[{"href":"https:\/\/fundacionfelipegonzalez.org\/gl\/wp-json\/wp\/v2\/pages"}],"about":[{"href":"https:\/\/fundacionfelipegonzalez.org\/gl\/wp-json\/wp\/v2\/types\/page"}],"author":[{"embeddable":true,"href":"https:\/\/fundacionfelipegonzalez.org\/gl\/wp-json\/wp\/v2\/users\/2"}],"replies":[{"embeddable":true,"href":"https:\/\/fundacionfelipegonzalez.org\/gl\/wp-json\/wp\/v2\/comments?post=10399"}],"version-history":[{"count":2,"href":"https:\/\/fundacionfelipegonzalez.org\/gl\/wp-json\/wp\/v2\/pages\/10399\/revisions"}],"predecessor-version":[{"id":11803,"href":"https:\/\/fundacionfelipegonzalez.org\/gl\/wp-json\/wp\/v2\/pages\/10399\/revisions\/11803"}],"wp:attachment":[{"href":"https:\/\/fundacionfelipegonzalez.org\/gl\/wp-json\/wp\/v2\/media?parent=10399"}],"curies":[{"name":"wp","href":"https:\/\/api.w.org\/{rel}","templated":true}]}}