{"id":10388,"date":"2024-06-10T13:45:07","date_gmt":"2024-06-10T11:45:07","guid":{"rendered":"https:\/\/fundacionfelipegonzalez-stg.servidortemporal.net\/politica-privacidad\/"},"modified":"2024-06-10T13:45:07","modified_gmt":"2024-06-10T11:45:07","slug":"politica-privacidad","status":"publish","type":"page","link":"https:\/\/fundacionfelipegonzalez.org\/eu\/politica-privacidad\/","title":{"rendered":"Pol\u00edtica de privacidad"},"content":{"rendered":"\n<p>Su privacidad nos importa. En FUNDACION FELIPE GONZALEZ, en adelante FFG, como responsable de esta web, queremos ofrecerle las mayores garant\u00edas legales en relaci\u00f3n con su privacidad y explicarle con la mayor claridad y transparencia posible todo lo relativo al tratamiento de informaci\u00f3n personal dentro de esta web. Esta pol\u00edtica de privacidad ha sido actualizada por \u00faltima vez el 07\/01\/2021 (FFG se reserva el derecho a modificar la presente pol\u00edtica para adaptarla a novedades legislativas o a pr\u00e1cticas de la industria, informando de los cambios y su fecha).<\/p>\n\n\n\n<p>La presente Pol\u00edtica de Privacidad pretende ser una segunda capa de informaci\u00f3n o adicional a la solicitada por otras v\u00edas, siendo v\u00e1lida para los datos de car\u00e1cter personal obtenidos en nuestro sitio web, no siendo aplicable para aquella informaci\u00f3n recabada por terceros en otras p\u00e1ginas web, incluso si \u00e9stas se encuentran enlazadas por el sitio web.<\/p>\n\n\n\n<p>FFG ha adecuado esta web a las exigencias de la Ley Org\u00e1nica 3\/2018, de 5 de diciembre, de Protecci\u00f3n de Datos de Car\u00e1cter Personal y Garant\u00eda de los Derechos Digitales (LOPDGDD), y cumple tambi\u00e9n con el Reglamento (UE) 2016\/679 del Parlamento Europeo y del Consejo de 27 de abril de 2016 relativo a la protecci\u00f3n de las personas f\u00edsicas (RGPD), as\u00ed como con la Ley 34\/2002, de 11 de julio, de Servicios de la Sociedad de la Informaci\u00f3n y Comercio Electr\u00f3nico (LSSICE).<\/p>\n\n\n\n<ol class=\"wp-block-list\">\n<li><strong>\u00bfQui\u00e9n es el responsable de sus datos?<\/strong><\/li>\n<\/ol>\n\n\n\n<ul class=\"wp-block-list\">\n<li>Denominaci\u00f3n: FUNDACION FELIPE GONZALEZ<\/li>\n\n\n\n<li>NIF: G86765179<\/li>\n\n\n\n<li>Inscrita en el Registro de Fundaciones con n\u00famero 1.599<\/li>\n\n\n\n<li>Correo electr\u00f3nico:<a href=\"mailto:info@fundacionfelipegonzalez.org\">info@fundacionfelipegonzalez.org<\/a>\u00a0Tel\u00e9fono: 915 13 49 45<\/li>\n\n\n\n<li>Delegado de Protecci\u00f3n de Datos:<a href=\"mailto:dpo@fundacionfelipegonzalez.org\">dpo@fundacionfelipegonzalez.org<\/a><\/li>\n\n\n\n<li>Domicilio social: Calle Fuenterrab\u00eda, 2 28014-Madrid<\/li>\n<\/ul>\n\n\n\n<ol start=\"2\" class=\"wp-block-list\">\n<li><strong>\u00bfQu\u00e9 datos tratamos y c\u00f3mo los hemos obtenido?<\/strong><\/li>\n<\/ol>\n\n\n\n<p>En general, los datos tratados provienen de la gesti\u00f3n de nuestra fundaci\u00f3n a trav\u00e9s del archivo hist\u00f3rico de Felipe Gonz\u00e1lez y otras personalidades coet\u00e1neas, as\u00ed como los datos proporcionados por los usuarios, patronos, donantes, proveedores, personal u otros.<\/p>\n\n\n\n<p>Los datos tratados se han obtenido por aportaciones voluntarias de los propios interesados o de fuentes accesibles al p\u00fablico.<\/p>\n\n\n\n<p>La tipolog\u00eda de los datos tratados difiere seg\u00fan la actividad del tratamiento:<\/p>\n\n\n\n<ul class=\"wp-block-list\">\n<li><strong>Archivo Felipe Gonz\u00e1lez:<\/strong>\u00a0im\u00e1genes y datos identificativos, datos hist\u00f3ricos, datos que revelan ideolog\u00eda.<\/li>\n\n\n\n<li><strong>Secci\u00f3n NOSOTROS:\u00a0<\/strong>im\u00e1genes y datos identificativos de los patronos, empleados y colaboradores.<\/li>\n\n\n\n<li><strong>Formulario de contacto:\u00a0<\/strong>Nombre, apellidos, correo electr\u00f3nico y contenido del mensaje.<\/li>\n\n\n\n<li><strong>Formulario de suscripci\u00f3n:\u00a0<\/strong>Nombre, apellidos, correo electr\u00f3nico, empresa, ubicaci\u00f3n e idioma.<\/li>\n\n\n\n<li><strong>Eventos y actividades:<\/strong>\u00a0im\u00e1genes y datos identificativos.<\/li>\n<\/ul>\n\n\n\n<ol start=\"3\" class=\"wp-block-list\">\n<li><strong>\u00bfCon qu\u00e9 finalidad tratamos sus datos personales?<\/strong><\/li>\n<\/ol>\n\n\n\n<p>En FFG tratamos la informaci\u00f3n personal con las siguientes finalidades:<\/p>\n\n\n\n<ul class=\"wp-block-list\">\n<li><strong>Archivo Felipe Gonz\u00e1lez:<\/strong>\u00a0gestionar y poner a disposici\u00f3n p\u00fablica el archivo hist\u00f3rico de Felipe Gonz\u00e1lez.<\/li>\n\n\n\n<li><strong>Secci\u00f3n NOSOTROS:\u00a0<\/strong>dar a conocer la identidad de los patronos, empleados y colaboradores de la Fundaci\u00f3n.<\/li>\n\n\n\n<li><strong>Formulario de contacto:\u00a0<\/strong>Ponernos en contacto con usted para responder al mensaje, consulta o petici\u00f3n, usando en todos los casos la direcci\u00f3n de email para responderle.<\/li>\n\n\n\n<li><strong>Formulario de suscripci\u00f3n:\u00a0<\/strong>incluirle en nuestra base de datos para mantenerle informado de nuestras actividades, iniciativas y eventos.<\/li>\n\n\n\n<li><strong>Eventos y actividades:<\/strong>\u00a0dar a conocer las actividades y eventos de la Fundaci\u00f3n.<\/li>\n<\/ul>\n\n\n\n<p><strong><em>Existen otras finalidades por la que tratamos sus datos personales:<\/em><\/strong><\/p>\n\n\n\n<ul class=\"wp-block-list\">\n<li>Para garantizar el cumplimiento de las condiciones de uso y la ley aplicable. Esto puede incluir el desarrollo de herramientas y algoritmos que ayudan a esta web a garantizar la confidencialidad de los datos personales que recoge.<\/li>\n\n\n\n<li>Para apoyar y mejorar los servicios que ofrece esta web.<\/li>\n\n\n\n<li>Tambi\u00e9n se recogen otros datos no identificativos que se obtienen mediante algunas cookies que se descargan en el ordenador del usuario cuando navega en esta web que detallamos en la\u00a0pol\u00edtica de cookies.<\/li>\n\n\n\n<li>Para gestionar las redes sociales en las que\u00a0FFG tenga presencia. El tratamiento de los datos que se lleve a cabo de las personas que se hagan seguidoras en las redes sociales de las p\u00e1ginas oficiales de FFG, se regir\u00e1 por este apartado. As\u00ed como por aquellas condiciones de uso, pol\u00edticas de privacidad y normativas de acceso que pertenezcan a la red social que proceda en cada caso y aceptadas previamente por el usuario.\u00a0FFG tratar\u00e1 sus datos con las finalidades de administrar correctamente su presencia en la red social, inform\u00e1ndole de nuestras actividades, productos o servicios, as\u00ed como para cualquier otra finalidad que las normativas de las redes sociales permitan.<\/li>\n<\/ul>\n\n\n\n<p>En ning\u00fan caso utilizaremos los perfiles de seguidores en redes sociales para enviar publicidad de manera individual. FFG no vende, alquila ni cede datos de car\u00e1cter personal que puedan identificar al usuario, ni lo har\u00e1 en el futuro, a terceros sin el consentimiento previo.<\/p>\n\n\n\n<p><strong>Exactitud y veracidad de los datos<\/strong>.- Como usuario o cliente, eres el \u00fanico responsable de la veracidad y correcci\u00f3n de los datos que nos remitas exonerando a FFG de cualquier responsabilidad al respecto. El usuario garantiza y responde, en cualquier caso, de la exactitud, vigencia y autenticidad de los datos personales facilitados, comprometi\u00e9ndose a mantenerlos debidamente actualizados.<\/p>\n\n\n\n<p><strong>Aceptaci\u00f3n y consentimiento.-&nbsp;<\/strong>El Usuario, en el caso de los formularios de contacto y suscripci\u00f3n, declara haber sido informado de las condiciones sobre protecci\u00f3n de datos de car\u00e1cter personal, aceptando y consintiendo el tratamiento de los mismos por parte de FFG &nbsp;en la forma y para las finalidades indicadas en esta pol\u00edtica de privacidad.<\/p>\n\n\n\n<ol start=\"4\" class=\"wp-block-list\">\n<li><strong>\u00bfPor cu\u00e1nto tiempo conservaremos sus datos?<\/strong><\/li>\n<\/ol>\n\n\n\n<ul class=\"wp-block-list\">\n<li><strong>Archivo Felipe Gonz\u00e1lez:<\/strong>\u00a0todos los datos del archivo hist\u00f3rico se mantendr\u00e1n durante un plazo indefinido para atender las propias finalidades de la Fundaci\u00f3n e inter\u00e9s p\u00fablico.<\/li>\n\n\n\n<li><strong>Secci\u00f3n NOSOTROS:\u00a0<\/strong>sus datos se mantendr\u00e1n durante el tiempo de vigencia de su condici\u00f3n y durante el plazo legal de prescripci\u00f3n a partir de su baja.<\/li>\n\n\n\n<li><strong>Formulario de contacto:\u00a0<\/strong>durante el tiempo necesario para resolver su consulta o petici\u00f3n y los plazos legales de prescripci\u00f3n.<\/li>\n\n\n\n<li><strong>Formulario de suscripci\u00f3n:\u00a0<\/strong>durante el tiempo que mantenga su suscripci\u00f3n y no revoque su consentimiento inicial. A partir de ah\u00ed durante el plazo legal previsto.<\/li>\n\n\n\n<li><strong>Eventos y actividades:<\/strong>\u00a0todos los datos se mantendr\u00e1n durante un plazo indefinido para atender las propias finalidades de la Fundaci\u00f3n e inter\u00e9s p\u00fablico<strong>.<\/strong><\/li>\n<\/ul>\n\n\n\n<p>En todos los casos, retendremos sus datos debidamente bloqueados para cumplir con los requisitos de la ley aplicable, prevenir acciones il\u00edcitas, resolver disputas, y otras acciones permitidas por la ley, es decir, durante los plazos legales exigibles. Una vez que no sea necesario el tratamiento de sus datos, los eliminaremos y\/o bloquearemos conforme a nuestra pol\u00edtica de retenci\u00f3n y supresi\u00f3n de datos y los plazos de prescripci\u00f3n legal de conformidad la normativa vigente. Transcurridos dichos plazos destruiremos sus datos.<\/p>\n\n\n\n<ol start=\"5\" class=\"wp-block-list\">\n<li><strong>\u00bfCu\u00e1l es la legitimaci\u00f3n para el tratamiento de sus datos?<\/strong><\/li>\n<\/ol>\n\n\n\n<ul class=\"wp-block-list\">\n<li><strong>Archivo Felipe Gonz\u00e1lez:<\/strong><\/li>\n<\/ul>\n\n\n\n<p>FINALIDADES BASADAS EN INTERES PUBLICO:&nbsp;Los datos personales incorporados en el Archivo de la Fundaci\u00f3n ser\u00e1n tratados con la finalidad de poder cumplir con sus fines fundacionales, entre ellos la puesta a disposici\u00f3n del archivo hist\u00f3rico de la trayectoria personal, profesional, pol\u00edtica e institucional de Don Felipe Gonz\u00e1lez M\u00e1rquez, en base al inter\u00e9s p\u00fablico en la medida autorizada en las diversas normativas aplicables, especialmente la Ley de Patrimonio Hist\u00f3rico que considera Patrimonio documental los documentos generados, conservados o reunidos por personas privadas gestoras de servicios p\u00fablicos.<\/p>\n\n\n\n<p>El RGPD autoriza el tratamiento con fines de archivo en inter\u00e9s p\u00fabico, fines de investigaci\u00f3n cient\u00edfica o hist\u00f3rica o fines estad\u00edsticos siempre que se establezcan las garant\u00edas adecuadas establecidas por el Reglamento.<\/p>\n\n\n\n<p>FINALIDADES BASADAS EN CONSENTIMIENTO:&nbsp;Los datos personales ser\u00e1n tratados con el consentimiento expreso y por escrito del afectado en la medida que revelen datos especialmente protegidos que no hubieran sido hechos p\u00fablicos con anterioridad y que no lo autorice una norma con rango de Ley.<\/p>\n\n\n\n<p>Respecto al env\u00edo de material para mejorar el archivo, la participaci\u00f3n es totalmente voluntaria. Enviando cualquier informaci\u00f3n acepta de manera expresa e inequ\u00edvoca que sus datos personales ser\u00e1n incorporados al fichero ARCHIVO y ser\u00e1n tratados con la finalidad de enriquecer el archivo hist\u00f3rico de la FUNDACION FELIPE GONZALEZ. Toda la informaci\u00f3n comunicada ser\u00e1 sometida a filtro previo con el objetivo de comprobar que no incluye informaci\u00f3n o comentarios ofensivos, o contra la legislaci\u00f3n vigente, especialmente en lo relativo a la protecci\u00f3n de datos personales y legislaci\u00f3n sobre el derecho al honor, a la intimidad personal y familiar y a la propia imagen.<\/p>\n\n\n\n<ul class=\"wp-block-list\">\n<li><strong>Secci\u00f3n NOSOTROS:\u00a0<\/strong>Cumplimiento de las obligaciones legales e inter\u00e9s leg\u00edtimo para informar sobre las actuaciones y fines fundacionales.<\/li>\n\n\n\n<li><strong>Formulario de contacto:<\/strong><\/li>\n\n\n\n<li><strong>Formulario de suscripci\u00f3n:<\/strong><\/li>\n\n\n\n<li><strong>Eventos y actividades:<\/strong>\u00a0Consentimiento, relaci\u00f3n contractual o inter\u00e9s leg\u00edtimo seg\u00fan cada caso.<\/li>\n<\/ul>\n\n\n\n<p><strong>Revocabilidad.-&nbsp;<\/strong>El consentimiento prestado es revocable en cualquier momento comunic\u00e1ndolo a FFG en los t\u00e9rminos establecidos en esta Pol\u00edtica para el ejercicio de los derechos. Revocaci\u00f3n que no tendr\u00e1 car\u00e1cter retroactivo.<\/p>\n\n\n\n<ol start=\"6\" class=\"wp-block-list\">\n<li><strong>Navegaci\u00f3n<\/strong><\/li>\n<\/ol>\n\n\n\n<p>Al navegar por&nbsp;la web&nbsp;se pueden recoger datos no identificables, que pueden incluir, direcciones IP, ubicaci\u00f3n geogr\u00e1fica (aproximadamente), un registro de c\u00f3mo se utilizan nuestros servicios y sitios, y otros datos que no pueden ser utilizados para identificar al usuario. Entre los datos no identificativos est\u00e1n tambi\u00e9n los relacionados a tus h\u00e1bitos de navegaci\u00f3n a trav\u00e9s de servicios de terceros detallados en el apartado Cookies.<\/p>\n\n\n\n<p>Utilizamos esta informaci\u00f3n para analizar tendencias, administrar el sitio web, rastrear los movimientos de los usuarios alrededor y para recopilar informaci\u00f3n demogr\u00e1fica sobre nuestra base de usuarios en su conjunto.<\/p>\n\n\n\n<ol start=\"7\" class=\"wp-block-list\">\n<li><strong>Secreto y seguridad de los datos<\/strong><\/li>\n<\/ol>\n\n\n\n<p>FFG se compromete en el uso y tratamiento de los datos incluidos personales de los usuarios, respetando su confidencialidad y a utilizarlos de acuerdo con la finalidad del mismo, as\u00ed como a dar cumplimiento a su obligaci\u00f3n de guardarlos y adaptar todas las medidas para evitar la alteraci\u00f3n, p\u00e9rdida, tratamiento o acceso no autorizado, de conformidad con lo establecido en la normativa vigente de protecci\u00f3n de datos.<\/p>\n\n\n\n<p>No es posible garantizar la absoluta inexpugnabilidad de Internet y por tanto la violaci\u00f3n de los datos mediante accesos fraudulentos por parte de terceros, pero hemos tomado las medidas adecuadas para evitarlo en lo posible.<\/p>\n\n\n\n<p><strong>Confidencialidad del procesamiento<\/strong><\/p>\n\n\n\n<p>FFG&nbsp;se asegurar\u00e1 de que cualquier persona que est\u00e9 autorizada por nuestra empresa para procesar los Datos del Cliente, candidatos, suscriptores o Usuarios (incluido su personal, colaboradores y prestadores) estar\u00e1 bajo la obligaci\u00f3n apropiada de confidencialidad (ya sea un deber contractual o legal).<\/p>\n\n\n\n<p><strong>Respuesta ante un incidente de seguridad&nbsp;<\/strong><\/p>\n\n\n\n<p>En caso de producirse un Incidente de Seguridad con un alcance o impacto que la normativa contemple, FFG deber\u00e1 notificarlo al Cliente o Usuario sin demoras indebidas y deber\u00e1 proporcionar informaci\u00f3n oportuna relacionada con el Incidente de Seguridad y\/o las medidas adoptadas.<\/p>\n\n\n\n<ol start=\"8\" class=\"wp-block-list\">\n<li><strong>\u00bfA qu\u00e9 destinatarios se comunicar\u00e1n sus datos?<\/strong><\/li>\n<\/ol>\n\n\n\n<p><strong>Con nuestros proveedores de servicios externos&nbsp;<\/strong>para la gesti\u00f3n del sitio web, y en general con la finalidad de realizar estas funciones en nombre de FFG.<\/p>\n\n\n\n<p>La Web titularidad de FFG puede dar acceso a otras Webs, incluidas perfiles oficiales de FFG en Redes Sociales, inform\u00e1ndole que al pulsar en dichos enlaces ser\u00e1 redireccionado a una p\u00e1gina respecto de la cual FFG no es responsable. Usted debe ser consciente que los propietarios de estas Webs externas a FFG pueden recoger, utilizar o transferir sus Datos Personales bajo condiciones y t\u00e9rminos diferentes, recomend\u00e1ndole que cuando contacte con una de estas Webs, se informe de su pol\u00edtica de privacidad, condiciones de uso general o del uso que pueden dar a sus cookies pues no podemos controlar la forma en que esas Webs usan la informaci\u00f3n personal que usted divulga.<\/p>\n\n\n\n<p>FFG le comunica que realizar\u00e1 encargos de tratamientos a terceros conforme al RGPD, exigiendo por parte del encargado el cumplimiento de todas las garant\u00edas de protecci\u00f3n de datos. Todas las utilidades ofrecidas por terceros son estrictamente necesarias para el desarrollo de nuestros servicios y han sido seleccionados&nbsp;atendiendo al cumplimiento de los derechos que preservamos en esta web.<\/p>\n\n\n\n<p>Existen otras empresas que prestan servicios directos a FFG (asesor\u00eda, servicios inform\u00e1ticos, legales, de protecci\u00f3n de datos, etc.) que pueden tener acceso a la informaci\u00f3n personal necesaria para realizar sus funciones de servicios como encargados de tratamiento, pero no podr\u00e1n utilizarla para otros fines y siempre cumpliendo con la legislaci\u00f3n aplicable en materia de protecci\u00f3n de datos.<\/p>\n\n\n\n<ol start=\"9\" class=\"wp-block-list\">\n<li><strong>\u00bfCu\u00e1les son sus derechos cuando nos facilita sus datos?<\/strong><\/li>\n<\/ol>\n\n\n\n<p>Puede ejercer ante FFG de manera gratuita los derechos que le confiere el RGPD, es decir, ejercer tus derechos de acceso, rectificaci\u00f3n, supresi\u00f3n, oposici\u00f3n, portabilidad y limitaci\u00f3n mediante cualquier medio que permita acreditar el env\u00edo y recepci\u00f3n de tu solicitud.<\/p>\n\n\n\n<p>La solicitud habr\u00e1 de dirigirse a FFG, a trav\u00e9s de los datos que se incluyen en el apartado de \u201cResponsable del Tratamiento\u201d o a la cuenta&nbsp;<a href=\"mailto:dpo@fundacionfelipegonzalez.org\">dpo@fundacionfelipegonzalez.org<\/a>, indicando la referencia \u201cProtecci\u00f3n de Datos\u201d. En la solicitud debe constar: Nombre, apellidos y fotocopia de tu DNI, petici\u00f3n en la que se concreta tu solicitud y domicilio a efectos de notificaciones. Usted puede presentar una reclamaci\u00f3n ante la autoridad de control, en este caso, la Agencia Espa\u00f1ola de Protecci\u00f3n de Datos (<a href=\"http:\/\/www.aepd.es\/\">www.aepd.es<\/a>), si consideran que el tratamiento de datos personales que le conciernen infringe el Reglamento.<\/p>\n","protected":false},"excerpt":{"rendered":"<p>Su privacidad nos importa. En FUNDACION FELIPE GONZALEZ, en adelante FFG, como responsable de esta web, queremos ofrecerle las mayores garant\u00edas legales en relaci\u00f3n con su privacidad y explicarle con la mayor claridad y transparencia posible todo lo relativo al tratamiento de informaci\u00f3n personal dentro de esta web. Esta pol\u00edtica de privacidad ha sido actualizada [&hellip;]<\/p>\n","protected":false},"author":2,"featured_media":0,"parent":0,"menu_order":0,"comment_status":"closed","ping_status":"closed","template":"page-templates\/template-legals.php","meta":{"_acf_changed":false,"footnotes":""},"class_list":["post-10388","page","type-page","status-publish","hentry"],"acf":[],"yoast_head":"<!-- This site is optimized with the Yoast SEO plugin v27.5 - https:\/\/yoast.com\/product\/yoast-seo-wordpress\/ -->\n<title>Pol\u00edtica de privacidad - Fundaci\u00f3n Felipe Gonz\u00e1lez<\/title>\n<meta name=\"robots\" content=\"index, follow, max-snippet:-1, max-image-preview:large, max-video-preview:-1\" \/>\n<link rel=\"canonical\" href=\"https:\/\/fundacionfelipegonzalez.org\/eu\/politica-privacidad\/\" \/>\n<meta property=\"og:locale\" content=\"eu_ES\" \/>\n<meta property=\"og:type\" content=\"article\" \/>\n<meta property=\"og:title\" content=\"Pol\u00edtica de privacidad - Fundaci\u00f3n Felipe Gonz\u00e1lez\" \/>\n<meta property=\"og:description\" content=\"Su privacidad nos importa. En FUNDACION FELIPE GONZALEZ, en adelante FFG, como responsable de esta web, queremos ofrecerle las mayores garant\u00edas legales en relaci\u00f3n con su privacidad y explicarle con la mayor claridad y transparencia posible todo lo relativo al tratamiento de informaci\u00f3n personal dentro de esta web. Esta pol\u00edtica de privacidad ha sido actualizada [&hellip;]\" \/>\n<meta property=\"og:url\" content=\"https:\/\/fundacionfelipegonzalez.org\/eu\/politica-privacidad\/\" \/>\n<meta property=\"og:site_name\" content=\"Fundaci\u00f3n Felipe Gonz\u00e1lez\" \/>\n<meta name=\"twitter:card\" content=\"summary_large_image\" \/>\n<meta name=\"twitter:label1\" content=\"Est. reading time\" \/>\n\t<meta name=\"twitter:data1\" content=\"10 minutes\" \/>\n<script type=\"application\/ld+json\" class=\"yoast-schema-graph\">{\"@context\":\"https:\\\/\\\/schema.org\",\"@graph\":[{\"@type\":\"WebPage\",\"@id\":\"https:\\\/\\\/fundacionfelipegonzalez.org\\\/eu\\\/politica-privacidad\\\/\",\"url\":\"https:\\\/\\\/fundacionfelipegonzalez.org\\\/eu\\\/politica-privacidad\\\/\",\"name\":\"Pol\u00edtica de privacidad - Fundaci\u00f3n Felipe Gonz\u00e1lez\",\"isPartOf\":{\"@id\":\"https:\\\/\\\/fundacionfelipegonzalez.org\\\/eu\\\/#website\"},\"datePublished\":\"2024-06-10T11:45:07+00:00\",\"breadcrumb\":{\"@id\":\"https:\\\/\\\/fundacionfelipegonzalez.org\\\/eu\\\/politica-privacidad\\\/#breadcrumb\"},\"inLanguage\":\"eu-ES\",\"potentialAction\":[{\"@type\":\"ReadAction\",\"target\":[\"https:\\\/\\\/fundacionfelipegonzalez.org\\\/eu\\\/politica-privacidad\\\/\"]}]},{\"@type\":\"BreadcrumbList\",\"@id\":\"https:\\\/\\\/fundacionfelipegonzalez.org\\\/eu\\\/politica-privacidad\\\/#breadcrumb\",\"itemListElement\":[{\"@type\":\"ListItem\",\"position\":1,\"name\":\"Portada\",\"item\":\"https:\\\/\\\/fundacionfelipegonzalez.org\\\/eu\\\/\"},{\"@type\":\"ListItem\",\"position\":2,\"name\":\"Pol\u00edtica de privacidad\"}]},{\"@type\":\"WebSite\",\"@id\":\"https:\\\/\\\/fundacionfelipegonzalez.org\\\/eu\\\/#website\",\"url\":\"https:\\\/\\\/fundacionfelipegonzalez.org\\\/eu\\\/\",\"name\":\"Fundaci\u00f3n Felipe Gonz\u00e1lez\",\"description\":\"\",\"publisher\":{\"@id\":\"https:\\\/\\\/fundacionfelipegonzalez.org\\\/eu\\\/#organization\"},\"potentialAction\":[{\"@type\":\"SearchAction\",\"target\":{\"@type\":\"EntryPoint\",\"urlTemplate\":\"https:\\\/\\\/fundacionfelipegonzalez.org\\\/eu\\\/?s={search_term_string}\"},\"query-input\":{\"@type\":\"PropertyValueSpecification\",\"valueRequired\":true,\"valueName\":\"search_term_string\"}}],\"inLanguage\":\"eu-ES\"},{\"@type\":\"Organization\",\"@id\":\"https:\\\/\\\/fundacionfelipegonzalez.org\\\/eu\\\/#organization\",\"name\":\"Fundaci\u00f3n Felipe Gonz\u00e1lez\",\"url\":\"https:\\\/\\\/fundacionfelipegonzalez.org\\\/eu\\\/\",\"logo\":{\"@type\":\"ImageObject\",\"inLanguage\":\"eu-ES\",\"@id\":\"https:\\\/\\\/fundacionfelipegonzalez.org\\\/eu\\\/#\\\/schema\\\/logo\\\/image\\\/\",\"url\":\"https:\\\/\\\/fundacionfelipegonzalez.org\\\/wp-content\\\/uploads\\\/2025\\\/07\\\/logo.png\",\"contentUrl\":\"https:\\\/\\\/fundacionfelipegonzalez.org\\\/wp-content\\\/uploads\\\/2025\\\/07\\\/logo.png\",\"width\":675,\"height\":170,\"caption\":\"Fundaci\u00f3n Felipe Gonz\u00e1lez\"},\"image\":{\"@id\":\"https:\\\/\\\/fundacionfelipegonzalez.org\\\/eu\\\/#\\\/schema\\\/logo\\\/image\\\/\"}}]}<\/script>\n<!-- \/ Yoast SEO plugin. -->","yoast_head_json":{"title":"Pol\u00edtica de privacidad - Fundaci\u00f3n Felipe Gonz\u00e1lez","robots":{"index":"index","follow":"follow","max-snippet":"max-snippet:-1","max-image-preview":"max-image-preview:large","max-video-preview":"max-video-preview:-1"},"canonical":"https:\/\/fundacionfelipegonzalez.org\/eu\/politica-privacidad\/","og_locale":"eu_ES","og_type":"article","og_title":"Pol\u00edtica de privacidad - Fundaci\u00f3n Felipe Gonz\u00e1lez","og_description":"Su privacidad nos importa. En FUNDACION FELIPE GONZALEZ, en adelante FFG, como responsable de esta web, queremos ofrecerle las mayores garant\u00edas legales en relaci\u00f3n con su privacidad y explicarle con la mayor claridad y transparencia posible todo lo relativo al tratamiento de informaci\u00f3n personal dentro de esta web. Esta pol\u00edtica de privacidad ha sido actualizada [&hellip;]","og_url":"https:\/\/fundacionfelipegonzalez.org\/eu\/politica-privacidad\/","og_site_name":"Fundaci\u00f3n Felipe Gonz\u00e1lez","twitter_card":"summary_large_image","twitter_misc":{"Est. reading time":"10 minutes"},"schema":{"@context":"https:\/\/schema.org","@graph":[{"@type":"WebPage","@id":"https:\/\/fundacionfelipegonzalez.org\/eu\/politica-privacidad\/","url":"https:\/\/fundacionfelipegonzalez.org\/eu\/politica-privacidad\/","name":"Pol\u00edtica de privacidad - Fundaci\u00f3n Felipe Gonz\u00e1lez","isPartOf":{"@id":"https:\/\/fundacionfelipegonzalez.org\/eu\/#website"},"datePublished":"2024-06-10T11:45:07+00:00","breadcrumb":{"@id":"https:\/\/fundacionfelipegonzalez.org\/eu\/politica-privacidad\/#breadcrumb"},"inLanguage":"eu-ES","potentialAction":[{"@type":"ReadAction","target":["https:\/\/fundacionfelipegonzalez.org\/eu\/politica-privacidad\/"]}]},{"@type":"BreadcrumbList","@id":"https:\/\/fundacionfelipegonzalez.org\/eu\/politica-privacidad\/#breadcrumb","itemListElement":[{"@type":"ListItem","position":1,"name":"Portada","item":"https:\/\/fundacionfelipegonzalez.org\/eu\/"},{"@type":"ListItem","position":2,"name":"Pol\u00edtica de privacidad"}]},{"@type":"WebSite","@id":"https:\/\/fundacionfelipegonzalez.org\/eu\/#website","url":"https:\/\/fundacionfelipegonzalez.org\/eu\/","name":"Fundaci\u00f3n Felipe Gonz\u00e1lez","description":"","publisher":{"@id":"https:\/\/fundacionfelipegonzalez.org\/eu\/#organization"},"potentialAction":[{"@type":"SearchAction","target":{"@type":"EntryPoint","urlTemplate":"https:\/\/fundacionfelipegonzalez.org\/eu\/?s={search_term_string}"},"query-input":{"@type":"PropertyValueSpecification","valueRequired":true,"valueName":"search_term_string"}}],"inLanguage":"eu-ES"},{"@type":"Organization","@id":"https:\/\/fundacionfelipegonzalez.org\/eu\/#organization","name":"Fundaci\u00f3n Felipe Gonz\u00e1lez","url":"https:\/\/fundacionfelipegonzalez.org\/eu\/","logo":{"@type":"ImageObject","inLanguage":"eu-ES","@id":"https:\/\/fundacionfelipegonzalez.org\/eu\/#\/schema\/logo\/image\/","url":"https:\/\/fundacionfelipegonzalez.org\/wp-content\/uploads\/2025\/07\/logo.png","contentUrl":"https:\/\/fundacionfelipegonzalez.org\/wp-content\/uploads\/2025\/07\/logo.png","width":675,"height":170,"caption":"Fundaci\u00f3n Felipe Gonz\u00e1lez"},"image":{"@id":"https:\/\/fundacionfelipegonzalez.org\/eu\/#\/schema\/logo\/image\/"}}]}},"_links":{"self":[{"href":"https:\/\/fundacionfelipegonzalez.org\/eu\/wp-json\/wp\/v2\/pages\/10388","targetHints":{"allow":["GET"]}}],"collection":[{"href":"https:\/\/fundacionfelipegonzalez.org\/eu\/wp-json\/wp\/v2\/pages"}],"about":[{"href":"https:\/\/fundacionfelipegonzalez.org\/eu\/wp-json\/wp\/v2\/types\/page"}],"author":[{"embeddable":true,"href":"https:\/\/fundacionfelipegonzalez.org\/eu\/wp-json\/wp\/v2\/users\/2"}],"replies":[{"embeddable":true,"href":"https:\/\/fundacionfelipegonzalez.org\/eu\/wp-json\/wp\/v2\/comments?post=10388"}],"version-history":[{"count":0,"href":"https:\/\/fundacionfelipegonzalez.org\/eu\/wp-json\/wp\/v2\/pages\/10388\/revisions"}],"wp:attachment":[{"href":"https:\/\/fundacionfelipegonzalez.org\/eu\/wp-json\/wp\/v2\/media?parent=10388"}],"curies":[{"name":"wp","href":"https:\/\/api.w.org\/{rel}","templated":true}]}}