{"id":147,"date":"2025-07-02T10:44:37","date_gmt":"2025-07-02T08:44:37","guid":{"rendered":"https:\/\/fundacionfelipegonzalez-dev.servidortemporal.net\/inicio\/"},"modified":"2026-04-22T13:19:16","modified_gmt":"2026-04-22T11:19:16","slug":"inicio","status":"publish","type":"page","link":"https:\/\/fundacionfelipegonzalez.org\/en\/","title":{"rendered":"Inicio"},"content":{"rendered":"<div id=\"M01-block_ddf8da9536e01f428d5f316e492488cd\" class=\"M01\">\r        <article id=\"\" class=\"cover cover-white opening-block opening-home title-big\">\r        <div class=\"article-wrapper\">\r            <div class=\"article-container\">\r                <header>\r                    <div class=\"h2\">\r                        <h2>APRENDER DEL PASADO<\/h2>\n                    <\/div>\r                    <div class=\"h1\">\r                        <h2>APORTAR AL FUTURO<\/h2>\n                    <\/div>\r                <\/header>\r                <div id=\"summary_home_opening\" class=\"summary \" data-flag=\"on\" data-order=\"shift\">\r                    <p>En la Fundaci\u00f3n Felipe Gonz\u00e1lez trabajamos con un doble objetivo. Creemos que saber entender nuestra historia es la clave para comprender lo que estamos viviendo y, a la vez, la mejor manera de abrirnos a un futuro diferente. <a href=\"https:\/\/fundacionfelipegonzalez.org\/en\/construir\/#nuestrahistoria\">Descubre nuestra misi\u00f3n<\/a>.<\/p>\n                <\/div>\r            <\/div>\r        <\/div>\r        <div class=\"media video\">\r                        <video autoplay=\"true\" muted=\"muted\" style=\"height: 56.25vw;\">\r                <source src=\"https:\/\/fundacionfelipegonzalez.org\/wp-content\/uploads\/2025\/07\/GRIS_v2602325.mp4\" type=\"video\/mp4\">\r                This browser does not support HTML5 video\r            <\/video>\r                    <\/div>\r    <\/article>\r    \r        <style>\r\n    #M01-block_ddf8da9536e01f428d5f316e492488cd {\r\n        margin-top:px;\r\n        margin-bottom:px;\r\n        padding-top:px;\r\n        padding-bottom:px\r\n    }\r\n    @media screen and (max-width: 768px) {\r\n    #M01-block_ddf8da9536e01f428d5f316e492488cd {\r\n        margin-top:px;\r\n        margin-bottom:px;\r\n        padding-top:px;\r\n        padding-bottom:px;\r\n    }\r\n    }\r\n<\/style><\/div>\n\n<div id=\"M02-block_1f08acc18e9db58d6ccdec3fbdb7b7ce\" class=\"M02\">\r        <div id=\"nav_home_article_gallery\" class=\"full-gallery green-box\" data-id=\"home_article_gallery\" data-type=\"navigator\" data-length=\"27\" data-step=\"1\" data-start=\"0\" data-auto=\"true\" data-delay=\"6\" data-infinite=\"true\" data-loop=\"true\" data-fit=\"container\">\r        <div class=\"gallery-wrapper\" style=\"height: 700px;\">\r            <div id=\"nav_wrapper_home_article_gallery\" class=\"gallery-container\" data-flag=\"off\" data-order=\"shift\">\r                <div class=\"swiper\">\r                    <div class=\"swiper-wrapper\">\r                                                    <div class=\"swiper-slide\">\r                                <li data-flag=\"off\" data-order=\"shift\" style=\"width: 100%; left: 0px; height: 700px\">\r                                    <article class=\"article green-box cover cover-black\" style=\"background-image: url('https:\/\/fundacionfelipegonzalez.org\/wp-content\/uploads\/2026\/04\/Captura-de-pantalla-2026-04-22-a-las-13.13.08.png');\" data-src=\"\" data-width=\" \" data-height=\" \">\r                                        <div class=\"article-wrapper\">\r                                            <div class=\"article-container\">\r                                                <header>\r                                                    <div class=\"h1\">\r                                                        <p><strong>Pensar lo inesperado: Felipe Gonz\u00e1lez y el futuro<\/strong><\/p>\n                                                    <\/div>\r                                                <\/header>\r                                                <div id=\"\" class=\"summary \">\r                                                    <p>En este nuevo n\u00famero de Papeles, Andr\u00e9s Ortega analiza el perfil prospectivo del presidente y su inter\u00e9s por analizar los cambios para preparar a Espa\u00f1a y a Europa ante un futuro no esperado. <\/p>\n                                                <\/div>\r                                                                                                <a href=\"https:\/\/fundacionfelipegonzalez.org\/pensar-lo-inesperado-felipe-gonzalez-y-el-futuro\/\" class=\"button\" target=\"\">\r                                                                                                        <span>M\u00e1s informaci\u00f3n<\/span>\r                                                <\/a>\r                                                                                            <\/div>\r                                        <\/div>\r                                    <\/article>\r                                <\/li>\r                            <\/div>\r                                                    <div class=\"swiper-slide\">\r                                <li data-flag=\"off\" data-order=\"shift\" style=\"width: 100%; left: 0px; height: 700px\">\r                                    <article class=\"article green-box cover cover-black\" style=\"background-image: url('https:\/\/fundacionfelipegonzalez.org\/wp-content\/uploads\/2026\/04\/Captura-de-pantalla-2026-04-10-a-las-10.47.50.png');\" data-src=\"\" data-width=\" \" data-height=\" \">\r                                        <div class=\"article-wrapper\">\r                                            <div class=\"article-container\">\r                                                <header>\r                                                    <div class=\"h1\">\r                                                        <p><strong>ARCHILABS: La memoria despoblada<\/strong><\/p>\n                                                    <\/div>\r                                                <\/header>\r                                                <div id=\"\" class=\"summary \">\r                                                    <p>El pasado 25 de marzo presentamos ARCHILABS: La memoria despoblada en el Espacio SEMINCI de Valladolid.<\/p>\n                                                <\/div>\r                                                                                                <a href=\"https:\/\/fundacionfelipegonzalez.org\/archilabs-la-memoria-despoblada\/\" class=\"button\" target=\"\">\r                                                                                                        <span>M\u00e1s informaci\u00f3n<\/span>\r                                                <\/a>\r                                                                                            <\/div>\r                                        <\/div>\r                                    <\/article>\r                                <\/li>\r                            <\/div>\r                                                    <div class=\"swiper-slide\">\r                                <li data-flag=\"off\" data-order=\"shift\" style=\"width: 100%; left: 0px; height: 700px\">\r                                    <article class=\"article green-box cover cover-black\" style=\"background-image: url('https:\/\/fundacionfelipegonzalez.org\/wp-content\/uploads\/2026\/03\/0-106-b-scaled.jpg');\" data-src=\"\" data-width=\" \" data-height=\" \">\r                                        <div class=\"article-wrapper\">\r                                            <div class=\"article-container\">\r                                                <header>\r                                                    <div class=\"h1\">\r                                                        <p><strong>Felipe Gonz\u00e1lez y Enrico Letta: desaf\u00edos para Europa<\/strong><\/p>\n                                                    <\/div>\r                                                <\/header>\r                                                <div id=\"\" class=\"summary \">\r                                                    <p>Felipe Gonzalez y Enrico Letta conversaron sobre los desaf\u00edos del presente y el futuro de Europa.<\/p>\n                                                <\/div>\r                                                                                                <a href=\"https:\/\/fundacionfelipegonzalez.org\/felipe-gonzalez-y-enrico-letta-desafios-para-europa\/\" class=\"button\" target=\"\">\r                                                                                                        <span>M\u00e1s informaci\u00f3n<\/span>\r                                                <\/a>\r                                                                                            <\/div>\r                                        <\/div>\r                                    <\/article>\r                                <\/li>\r                            <\/div>\r                                                    <div class=\"swiper-slide\">\r                                <li data-flag=\"off\" data-order=\"shift\" style=\"width: 100%; left: 0px; height: 700px\">\r                                    <article class=\"article green-box cover cover-black\" style=\"background-image: url('https:\/\/fundacionfelipegonzalez.org\/wp-content\/uploads\/2026\/03\/CARTELA-pantalla-scaled.jpg');\" data-src=\"\" data-width=\" \" data-height=\" \">\r                                        <div class=\"article-wrapper\">\r                                            <div class=\"article-container\">\r                                                <header>\r                                                    <div class=\"h1\">\r                                                        <p><strong>Presentaci\u00f3n de ARCHILABS en Valladolid<\/strong><\/p>\n                                                    <\/div>\r                                                <\/header>\r                                                <div id=\"\" class=\"summary \">\r                                                    <p>Presentamos de ARCHILABS en Valladolid. Ser\u00e1 el mi\u00e9rcoles 25 de marzo a las 19.00h en el Espacio SEMINCI.<\/p>\n                                                <\/div>\r                                                                                                <a href=\"https:\/\/fundacionfelipegonzalez.org\/presentacion-de-archilabs-en-valladolid\/\" class=\"button\" target=\"\">\r                                                                                                        <span>M\u00e1s informaci\u00f3n<\/span>\r                                                <\/a>\r                                                                                            <\/div>\r                                        <\/div>\r                                    <\/article>\r                                <\/li>\r                            <\/div>\r                                                    <div class=\"swiper-slide\">\r                                <li data-flag=\"off\" data-order=\"shift\" style=\"width: 100%; left: 0px; height: 700px\">\r                                    <article class=\"article green-box cover cover-black\" style=\"background-image: url('https:\/\/fundacionfelipegonzalez.org\/wp-content\/uploads\/2026\/03\/Creatividad_8m_2026_v2.png');\" data-src=\"\" data-width=\" \" data-height=\" \">\r                                        <div class=\"article-wrapper\">\r                                            <div class=\"article-container\">\r                                                <header>\r                                                    <div class=\"h1\">\r                                                        <p><strong>EURODIPUTADAS: cuidar la memoria, mujeres y trabajo<\/strong><\/p>\n                                                    <\/div>\r                                                <\/header>\r                                                <div id=\"\" class=\"summary \">\r                                                    <p>Un a\u00f1o m\u00e1s, el 8 de marzo nos convoca para reivindicar el legado y la memoria de las mujeres.<\/p>\n                                                <\/div>\r                                                                                                <a href=\"https:\/\/fundacionfelipegonzalez.org\/eurodiputadas-cuidar-la-memoria-mujeres-y-trabajo\/\" class=\"button\" target=\"\">\r                                                                                                        <span>M\u00e1s informaci\u00f3n<\/span>\r                                                <\/a>\r                                                                                            <\/div>\r                                        <\/div>\r                                    <\/article>\r                                <\/li>\r                            <\/div>\r                                                    <div class=\"swiper-slide\">\r                                <li data-flag=\"off\" data-order=\"shift\" style=\"width: 100%; left: 0px; height: 700px\">\r                                    <article class=\"article green-box cover cover-black\" style=\"background-image: url('https:\/\/fundacionfelipegonzalez.org\/wp-content\/uploads\/2026\/02\/Sin-titulo.jpg');\" data-src=\"\" data-width=\" \" data-height=\" \">\r                                        <div class=\"article-wrapper\">\r                                            <div class=\"article-container\">\r                                                <header>\r                                                    <div class=\"h1\">\r                                                        <p><strong>Recordar a Francisco Tom\u00e1s y Valiente<\/strong><\/p>\n                                                    <\/div>\r                                                <\/header>\r                                                <div id=\"\" class=\"summary \">\r                                                    <p>Este a\u00f1o se cumple el trig\u00e9simo aniversario desde aquel tr\u00e1gico 14 de febrero de 1996.<\/p>\n                                                <\/div>\r                                                                                                <a href=\"https:\/\/fundacionfelipegonzalez.org\/recordar-a-francisco-tomas-y-valiente\/\" class=\"button\" target=\"\">\r                                                                                                        <span>M\u00e1s informaci\u00f3n<\/span>\r                                                <\/a>\r                                                                                            <\/div>\r                                        <\/div>\r                                    <\/article>\r                                <\/li>\r                            <\/div>\r                                                    <div class=\"swiper-slide\">\r                                <li data-flag=\"off\" data-order=\"shift\" style=\"width: 100%; left: 0px; height: 700px\">\r                                    <article class=\"article green-box cover cover-black\" style=\"background-image: url('https:\/\/fundacionfelipegonzalez.org\/wp-content\/uploads\/2026\/02\/Captura-de-pantalla-2026-02-05-a-las-13.45.57.png');\" data-src=\"\" data-width=\" \" data-height=\" \">\r                                        <div class=\"article-wrapper\">\r                                            <div class=\"article-container\">\r                                                <header>\r                                                    <div class=\"h1\">\r                                                        <p><strong>Pactos internacionales: monogr\u00e1fico ya disponible<\/strong><\/p>\n                                                    <\/div>\r                                                <\/header>\r                                                <div id=\"\" class=\"summary \">\r                                                    <p>Presentamos \u2018Pactos 3\u2019, monogr\u00e1fico coordinado por Pablo Garc\u00eda-Berdoy.<\/p>\n                                                <\/div>\r                                                                                                <a href=\"https:\/\/fundacionfelipegonzalez.org\/pactos-internacionales-monografico-ya-disponible\/\" class=\"button\" target=\"\">\r                                                                                                        <span>M\u00e1s informaci\u00f3n<\/span>\r                                                <\/a>\r                                                                                            <\/div>\r                                        <\/div>\r                                    <\/article>\r                                <\/li>\r                            <\/div>\r                                                    <div class=\"swiper-slide\">\r                                <li data-flag=\"off\" data-order=\"shift\" style=\"width: 100%; left: 0px; height: 700px\">\r                                    <article class=\"article green-box cover cover-black\" style=\"background-image: url('https:\/\/fundacionfelipegonzalez.org\/wp-content\/uploads\/2026\/01\/Captura-de-pantalla-2026-01-30-a-las-13.43.59.png');\" data-src=\"\" data-width=\" \" data-height=\" \">\r                                        <div class=\"article-wrapper\">\r                                            <div class=\"article-container\">\r                                                <header>\r                                                    <div class=\"h1\">\r                                                        <p><strong>Del Consenso Constitucional y de Bretton Woods a la nueva era<\/strong><\/p>\n                                                    <\/div>\r                                                <\/header>\r                                                <div id=\"\" class=\"summary \">\r                                                    <p>Esta semana Felipe Gonz\u00e1lez particip\u00f3 en la jornada de inauguraci\u00f3n del XVI Congreso Empresa y Finanzas, organizado por la Fundaci\u00f3n Caja Rural de Segovia.<\/p>\n                                                <\/div>\r                                                                                                <a href=\"https:\/\/fundacionfelipegonzalez.org\/del-consenso-constitucional-y-de-bretton-woods-a-la-nueva-era\/\" class=\"button\" target=\"\">\r                                                                                                        <span>M\u00e1s informaci\u00f3n<\/span>\r                                                <\/a>\r                                                                                            <\/div>\r                                        <\/div>\r                                    <\/article>\r                                <\/li>\r                            <\/div>\r                                                    <div class=\"swiper-slide\">\r                                <li data-flag=\"off\" data-order=\"shift\" style=\"width: 100%; left: 0px; height: 700px\">\r                                    <article class=\"article green-box cover cover-black\" style=\"background-image: url('https:\/\/fundacionfelipegonzalez.org\/wp-content\/uploads\/2026\/01\/6-Felicitacion-Ano-Nuevo-FFG_v1-03B.png');\" data-src=\"\" data-width=\" \" data-height=\" \">\r                                        <div class=\"article-wrapper\">\r                                            <div class=\"article-container\">\r                                                <header>\r                                                    <div class=\"h1\">\r                                                        <p><strong>2026: Europa ha pasado de ser un ideal a una necesidad<\/strong><\/p>\n                                                    <\/div>\r                                                <\/header>\r                                                <div id=\"\" class=\"summary \">\r                                                    <p>Presentamos un nuevo n\u00famero de Papeles: \u2018Felipe Gonz\u00e1lez, Europa y la integraci\u00f3n europea: 1962-1995\u2019.<\/p>\n                                                <\/div>\r                                                                                                <a href=\"https:\/\/fundacionfelipegonzalez.org\/2026-europa-ha-pasado-de-ser-un-ideal-a-una-necesidad\/\" class=\"button\" target=\"\">\r                                                                                                        <span>M\u00e1s informaci\u00f3n<\/span>\r                                                <\/a>\r                                                                                            <\/div>\r                                        <\/div>\r                                    <\/article>\r                                <\/li>\r                            <\/div>\r                                                    <div class=\"swiper-slide\">\r                                <li data-flag=\"off\" data-order=\"shift\" style=\"width: 100%; left: 0px; height: 700px\">\r                                    <article class=\"article green-box cover cover-black\" style=\"background-image: url('https:\/\/fundacionfelipegonzalez.org\/wp-content\/uploads\/2025\/12\/MFG0035-scaled.jpg');\" data-src=\"\" data-width=\" \" data-height=\" \">\r                                        <div class=\"article-wrapper\">\r                                            <div class=\"article-container\">\r                                                <header>\r                                                    <div class=\"h1\">\r                                                        <h3><strong>Conversamos sobre el Futuro de la Pol\u00edtica en Barcelona<\/strong><\/h3>\n                                                    <\/div>\r                                                <\/header>\r                                                <div id=\"\" class=\"summary \">\r                                                    <p>La directora de la Fundaci\u00f3n, Roc\u00edo Mart\u00ednez-Sampere fue invitada a participar en el primer debate sobre el futuro de la pol\u00edtica organizado por el Cercle d\u2019Infraestructures y la Universitat Ram\u00f3n Llull, La Salle Campus Barcelona.<\/p>\n                                                <\/div>\r                                                                                                <a href=\"https:\/\/fundacionfelipegonzalez.org\/conversamos-sobre-el-futuro-de-la-politica-en-barcelona\/\" class=\"button\" target=\"\">\r                                                                                                        <span>M\u00e1s informaci\u00f3n<\/span>\r                                                <\/a>\r                                                                                            <\/div>\r                                        <\/div>\r                                    <\/article>\r                                <\/li>\r                            <\/div>\r                                                    <div class=\"swiper-slide\">\r                                <li data-flag=\"off\" data-order=\"shift\" style=\"width: 100%; left: 0px; height: 700px\">\r                                    <article class=\"article green-box cover cover-black\" style=\"background-image: url('https:\/\/fundacionfelipegonzalez.org\/wp-content\/uploads\/2025\/12\/Captura-de-pantalla-2025-12-03-a-las-13.07.22.png');\" data-src=\"\" data-width=\" \" data-height=\" \">\r                                        <div class=\"article-wrapper\">\r                                            <div class=\"article-container\">\r                                                <header>\r                                                    <div class=\"h1\">\r                                                        <p><strong>Presentamos Palancas en Uruguay<\/strong><\/p>\n                                                    <\/div>\r                                                <\/header>\r                                                <div id=\"\" class=\"summary \">\r                                                    <p>La Fundaci\u00f3n Felipe Gonz\u00e1lez y CAF -Banco de Desarrollo de Am\u00e9rica Latina y el Caribe- ponen en marcha la Red Iberoamericana de Palancas.<\/p>\n                                                <\/div>\r                                                                                                <a href=\"https:\/\/fundacionfelipegonzalez.org\/presentamos-palancas-en-uruguay\/\" class=\"button\" target=\"\">\r                                                                                                        <span>M\u00e1s informaci\u00f3n<\/span>\r                                                <\/a>\r                                                                                            <\/div>\r                                        <\/div>\r                                    <\/article>\r                                <\/li>\r                            <\/div>\r                                                    <div class=\"swiper-slide\">\r                                <li data-flag=\"off\" data-order=\"shift\" style=\"width: 100%; left: 0px; height: 700px\">\r                                    <article class=\"article green-box cover cover-black\" style=\"background-image: url('https:\/\/fundacionfelipegonzalez.org\/wp-content\/uploads\/2025\/11\/Captura-de-pantalla-2025-11-14-a-las-9.24.42.png');\" data-src=\"\" data-width=\" \" data-height=\" \">\r                                        <div class=\"article-wrapper\">\r                                            <div class=\"article-container\">\r                                                <header>\r                                                    <div class=\"h1\">\r                                                        <p><strong>Papeles: Alfredo P\u00e9rez Rubalcaba o el arte de apagar fuegos<\/strong><\/p>\n                                                    <\/div>\r                                                <\/header>\r                                                <div id=\"\" class=\"summary \">\r                                                    <p>Presentamos un nuevo n\u00famero de Papeles: &#8216;Alfredo P\u00e9rez Rubalcaba o el arte de apagar fuegos: un legado de pol\u00edtica, inteligencia y transformaci\u00f3n&#8217;.<\/p>\n                                                <\/div>\r                                                                                                <a href=\"https:\/\/fundacionfelipegonzalez.org\/papeles-alfredo-perez-rubalcaba-o-el-arte-de-apagar-fuegos\/\" class=\"button\" target=\"\">\r                                                                                                        <span>M\u00e1s informaci\u00f3n<\/span>\r                                                <\/a>\r                                                                                            <\/div>\r                                        <\/div>\r                                    <\/article>\r                                <\/li>\r                            <\/div>\r                                                    <div class=\"swiper-slide\">\r                                <li data-flag=\"off\" data-order=\"shift\" style=\"width: 100%; left: 0px; height: 700px\">\r                                    <article class=\"article green-box cover cover-black\" style=\"background-image: url('https:\/\/fundacionfelipegonzalez.org\/wp-content\/uploads\/2025\/10\/Foto-summit-1.png');\" data-src=\"\" data-width=\" \" data-height=\" \">\r                                        <div class=\"article-wrapper\">\r                                            <div class=\"article-container\">\r                                                <header>\r                                                    <div class=\"h1\">\r                                                        <p><strong>La Fundaci\u00f3n participa en el Global Progress Action Summit 2025<\/strong><\/p>\n                                                    <\/div>\r                                                <\/header>\r                                                <div id=\"\" class=\"summary \">\r                                                    <p>La directora de la Fundaci\u00f3n, Roc\u00edo Mart\u00ednez-Sampere, particip\u00f3 como ponente en el Grupo de Trabajo \u201cPol\u00edtica Exterior y Cooperaci\u00f3n Internacional\u201d.<\/p>\n                                                <\/div>\r                                                                                                <a href=\"https:\/\/fundacionfelipegonzalez.org\/la-fundacion-participa-en-el-global-progress-action-summit-2025\/\" class=\"button\" target=\"\">\r                                                                                                        <span>M\u00e1s informaci\u00f3n<\/span>\r                                                <\/a>\r                                                                                            <\/div>\r                                        <\/div>\r                                    <\/article>\r                                <\/li>\r                            <\/div>\r                                                    <div class=\"swiper-slide\">\r                                <li data-flag=\"off\" data-order=\"shift\" style=\"width: 100%; left: 0px; height: 700px\">\r                                    <article class=\"article green-box cover cover-black\" style=\"background-image: url('https:\/\/fundacionfelipegonzalez.org\/wp-content\/uploads\/2025\/10\/Cartelatrasera_V3.jpg');\" data-src=\"\" data-width=\" \" data-height=\" \">\r                                        <div class=\"article-wrapper\">\r                                            <div class=\"article-container\">\r                                                <header>\r                                                    <div class=\"h1\">\r                                                        <p><strong>Homenaje a Jos\u00e9 Enrique Serrano<\/strong><\/p>\n                                                    <\/div>\r                                                <\/header>\r                                                <div id=\"\" class=\"summary \">\r                                                    <p>El pasado martes 21 de octubre celebramos en el Ateneo de Madrid el homenaje a Jos\u00e9 Enrique Serrano, vicepresidente de esta Fundaci\u00f3n, fallecido en junio.<\/p>\n                                                <\/div>\r                                                                                                <a href=\"https:\/\/fundacionfelipegonzalez.org\/homenaje-a-jose-enrique-serrano\/\" class=\"button\" target=\"\">\r                                                                                                        <span>M\u00e1s informaci\u00f3n<\/span>\r                                                <\/a>\r                                                                                            <\/div>\r                                        <\/div>\r                                    <\/article>\r                                <\/li>\r                            <\/div>\r                                                    <div class=\"swiper-slide\">\r                                <li data-flag=\"off\" data-order=\"shift\" style=\"width: 100%; left: 0px; height: 700px\">\r                                    <article class=\"article green-box cover cover-black\" style=\"background-image: url('https:\/\/fundacionfelipegonzalez.org\/wp-content\/uploads\/2025\/09\/Captura-de-Pantalla-2025-09-26-a-las-1.41.43.png');\" data-src=\"\" data-width=\" \" data-height=\" \">\r                                        <div class=\"article-wrapper\">\r                                            <div class=\"article-container\">\r                                                <header>\r                                                    <div class=\"h1\">\r                                                        <p><strong>Palancas Rep\u00fablica Dominicana<\/strong><\/p>\n                                                    <\/div>\r                                                <\/header>\r                                                <div id=\"\" class=\"summary \">\r                                                    <p>La Fundaci\u00f3n Felipe Gonz\u00e1lez y la Universidad Iberoamericana UNIBE finalizan el proyecto Palancas Rep\u00fablica Dominicana.<\/p>\n                                                <\/div>\r                                                                                                <a href=\"https:\/\/fundacionfelipegonzalez.org\/palancas-republica-dominicana-noticia\/\" class=\"button\" target=\"\">\r                                                                                                        <span>M\u00e1s informaci\u00f3n<\/span>\r                                                <\/a>\r                                                                                            <\/div>\r                                        <\/div>\r                                    <\/article>\r                                <\/li>\r                            <\/div>\r                                                    <div class=\"swiper-slide\">\r                                <li data-flag=\"off\" data-order=\"shift\" style=\"width: 100%; left: 0px; height: 700px\">\r                                    <article class=\"article green-box cover cover-black\" style=\"background-image: url('https:\/\/fundacionfelipegonzalez.org\/wp-content\/uploads\/2025\/09\/Captura-de-Pantalla-2025-09-26-a-las-1.34.17.png');\" data-src=\"\" data-width=\" \" data-height=\" \">\r                                        <div class=\"article-wrapper\">\r                                            <div class=\"article-container\">\r                                                <header>\r                                                    <div class=\"h1\">\r                                                        <p><strong>Repoblar la memoria<\/strong><\/p>\n                                                    <\/div>\r                                                <\/header>\r                                                <div id=\"\" class=\"summary \">\r                                                    <p>Acercar los archivos a la ciudadan\u00eda<\/p>\n                                                <\/div>\r                                                                                                <a href=\"https:\/\/fundacionfelipegonzalez.org\/repoblar-la-memoria\/\" class=\"button\" target=\"\">\r                                                                                                        <span>M\u00e1s informaci\u00f3n<\/span>\r                                                <\/a>\r                                                                                            <\/div>\r                                        <\/div>\r                                    <\/article>\r                                <\/li>\r                            <\/div>\r                                                    <div class=\"swiper-slide\">\r                                <li data-flag=\"off\" data-order=\"shift\" style=\"width: 100%; left: 0px; height: 700px\">\r                                    <article class=\"article green-box cover cover-black\" style=\"background-image: url('https:\/\/fundacionfelipegonzalez.org\/wp-content\/uploads\/2025\/09\/image000791-1-scaled.jpeg');\" data-src=\"\" data-width=\" \" data-height=\" \">\r                                        <div class=\"article-wrapper\">\r                                            <div class=\"article-container\">\r                                                <header>\r                                                    <div class=\"h1\">\r                                                        <p><strong>Network of Political Houses and Foundations of Great Europeans<\/strong><\/p>\n                                                    <\/div>\r                                                <\/header>\r                                                <div id=\"\" class=\"summary \">\r                                                    <p>La Casa de Jean Monnet es hoy el lugar de reuni\u00f3n anual de los miembros que integran la Network of Political Houses.<\/p>\n                                                <\/div>\r                                                                                                <a href=\"https:\/\/fundacionfelipegonzalez.org\/network-of-political-houses-and-foundations-of-great-europeans\/\" class=\"button\" target=\"\">\r                                                                                                        <span>M\u00e1s informaci\u00f3n<\/span>\r                                                <\/a>\r                                                                                            <\/div>\r                                        <\/div>\r                                    <\/article>\r                                <\/li>\r                            <\/div>\r                                                    <div class=\"swiper-slide\">\r                                <li data-flag=\"off\" data-order=\"shift\" style=\"width: 100%; left: 0px; height: 700px\">\r                                    <article class=\"article green-box cover cover-black\" style=\"background-image: url('https:\/\/fundacionfelipegonzalez.org\/wp-content\/uploads\/2025\/08\/2.webp');\" data-src=\"\" data-width=\" \" data-height=\" \">\r                                        <div class=\"article-wrapper\">\r                                            <div class=\"article-container\">\r                                                <header>\r                                                    <div class=\"h1\">\r                                                        <h3><strong>Palancas Chile<\/strong><\/h3>\n                                                    <\/div>\r                                                <\/header>\r                                                <div id=\"\" class=\"summary \">\r                                                    <p>La revoluci\u00f3n de las peque\u00f1as cosas contin\u00faa: 47 palancas nuevas.<\/p>\n                                                <\/div>\r                                                                                                <a href=\"https:\/\/fundacionfelipegonzalez.org\/palancas-chile\/\" class=\"button\" target=\"\">\r                                                                                                        <span>M\u00e1s informaci\u00f3n<\/span>\r                                                <\/a>\r                                                                                            <\/div>\r                                        <\/div>\r                                    <\/article>\r                                <\/li>\r                            <\/div>\r                                                    <div class=\"swiper-slide\">\r                                <li data-flag=\"off\" data-order=\"shift\" style=\"width: 100%; left: 0px; height: 700px\">\r                                    <article class=\"article green-box cover cover-black\" style=\"background-image: url('https:\/\/fundacionfelipegonzalez.org\/wp-content\/uploads\/2025\/07\/PREMIOS_ROJANA_2025_-22-scaled.jpg');\" data-src=\"\" data-width=\" \" data-height=\" \">\r                                        <div class=\"article-wrapper\">\r                                            <div class=\"article-container\">\r                                                <header>\r                                                    <div class=\"h1\">\r                                                        <h3><strong>V Premio Rojana<\/strong><\/h3>\n                                                    <\/div>\r                                                <\/header>\r                                                <div id=\"\" class=\"summary \">\r                                                    <p>El pasado jueves 12 de junio celebramos la V edici\u00f3n y entrega del Premio Rojana al compromiso, el di\u00e1logo y la concordia, que fue a parar a manos de Save The Children.<\/p>\n                                                <\/div>\r                                                                                                <a href=\"https:\/\/fundacionfelipegonzalez.org\/v-premio-rojana\/\" class=\"button\" target=\"\">\r                                                                                                        <span>M\u00e1s informaci\u00f3n<\/span>\r                                                <\/a>\r                                                                                            <\/div>\r                                        <\/div>\r                                    <\/article>\r                                <\/li>\r                            <\/div>\r                                                    <div class=\"swiper-slide\">\r                                <li data-flag=\"off\" data-order=\"shift\" style=\"width: 100%; left: 0px; height: 700px\">\r                                    <article class=\"article green-box cover cover-black\" style=\"background-image: url('https:\/\/fundacionfelipegonzalez.org\/wp-content\/uploads\/2025\/07\/JES1ok.jpg');\" data-src=\"\" data-width=\" \" data-height=\" \">\r                                        <div class=\"article-wrapper\">\r                                            <div class=\"article-container\">\r                                                <header>\r                                                    <div class=\"h1\">\r                                                        <h3><strong>Fallece Jos\u00e9 Enrique Serrano, vicepresidente de la Fundaci\u00f3n Felipe Gonz\u00e1lez<\/strong><\/h3>\n                                                    <\/div>\r                                                <\/header>\r                                                <div id=\"\" class=\"summary \">\r                                                    <p>Su compromiso con la memoria c\u00edvica y con hacer de ella un espacio accesible para todos ha sido una de sus ocupaciones de los \u00faltimos a\u00f1os como Vicepresidente y responsable de la Comisi\u00f3n de archivo de esta Fundaci\u00f3n.<\/p>\n                                                <\/div>\r                                                                                                <a href=\"https:\/\/fundacionfelipegonzalez.org\/fallece-jose-enrique-serrano-vicepresidente-de-la-fundacion-felipe-gonzalez\/\" class=\"button\" target=\"\">\r                                                                                                        <span>M\u00e1s informaci\u00f3n<\/span>\r                                                <\/a>\r                                                                                            <\/div>\r                                        <\/div>\r                                    <\/article>\r                                <\/li>\r                            <\/div>\r                                                    <div class=\"swiper-slide\">\r                                <li data-flag=\"off\" data-order=\"shift\" style=\"width: 100%; left: 0px; height: 700px\">\r                                    <article class=\"article green-box cover cover-black\" style=\"background-image: url('https:\/\/fundacionfelipegonzalez.org\/wp-content\/uploads\/2025\/08\/40-anos-UE_Adaptaciones_Caberera-mailchimp-600x450px.webp');\" data-src=\"\" data-width=\" \" data-height=\" \">\r                                        <div class=\"article-wrapper\">\r                                            <div class=\"article-container\">\r                                                <header>\r                                                    <div class=\"h1\">\r                                                        <h3><strong>Del verde al granate: 40 a\u00f1os siendo europeos<\/strong><\/h3>\n                                                    <\/div>\r                                                <\/header>\r                                                <div id=\"\" class=\"summary \">\r                                                    <p>El 12 de junio de 1985 se firm\u00f3 el Tratado de Adhesi\u00f3n a las Comunidades Europeas. Fue una r\u00fabrica que permiti\u00f3 cambiar muchas cosas en nuestro pa\u00eds.<\/p>\n                                                <\/div>\r                                                                                                <a href=\"https:\/\/fundacionfelipegonzalez.org\/del-verde-al-granate-40-anos-siendo-europeos\/\" class=\"button\" target=\"\">\r                                                                                                        <span>M\u00e1s informaci\u00f3n<\/span>\r                                                <\/a>\r                                                                                            <\/div>\r                                        <\/div>\r                                    <\/article>\r                                <\/li>\r                            <\/div>\r                                                    <div class=\"swiper-slide\">\r                                <li data-flag=\"off\" data-order=\"shift\" style=\"width: 100%; left: 0px; height: 700px\">\r                                    <article class=\"article green-box cover cover-black\" style=\"background-image: url('https:\/\/fundacionfelipegonzalez.org\/wp-content\/uploads\/2025\/07\/53e6b927-ae38-aa51-5497-2c4b5d4e790c.jpg');\" data-src=\"\" data-width=\" \" data-height=\" \">\r                                        <div class=\"article-wrapper\">\r                                            <div class=\"article-container\">\r                                                <header>\r                                                    <div class=\"h1\">\r                                                        <h3><strong>Las notas de Pepe<\/strong><\/h3>\n                                                    <\/div>\r                                                <\/header>\r                                                <div id=\"\" class=\"summary \">\r                                                    <p>Celebramos el D\u00eda Internacional de los Archivos poniendo a disposici\u00f3n una nueva colecci\u00f3n que se suma a las pegatinas de Juanjo, las de Juan, las octavillas de Ignacio y las agendas de Julio.<\/p>\n                                                <\/div>\r                                                                                                <a href=\"https:\/\/fundacionfelipegonzalez.org\/las-notas-de-pepe-2\/\" class=\"button\" target=\"\">\r                                                                                                        <span>M\u00e1s informaci\u00f3n<\/span>\r                                                <\/a>\r                                                                                            <\/div>\r                                        <\/div>\r                                    <\/article>\r                                <\/li>\r                            <\/div>\r                                                    <div class=\"swiper-slide\">\r                                <li data-flag=\"off\" data-order=\"shift\" style=\"width: 100%; left: 0px; height: 700px\">\r                                    <article class=\"article green-box cover cover-black\" style=\"background-image: url('https:\/\/fundacionfelipegonzalez.org\/wp-content\/uploads\/2025\/07\/francisco.jpg');\" data-src=\"\" data-width=\" \" data-height=\" \">\r                                        <div class=\"article-wrapper\">\r                                            <div class=\"article-container\">\r                                                <header>\r                                                    <div class=\"h1\">\r                                                        <h3><strong>Memoria de futuro: Adi\u00f3s a Francisco<\/strong><\/h3>\n                                                    <\/div>\r                                                <\/header>\r                                                <div id=\"\" class=\"summary \">\r                                                    <p>El expresidente Felipe Gonz\u00e1lez rememora en un v\u00eddeo su relaci\u00f3n con el Papa Francisco desde su primer encuentro en 2001.<\/p>\n                                                <\/div>\r                                                                                                <a href=\"https:\/\/fundacionfelipegonzalez.org\/memoria-de-futuro-adios-a-francisco\/\" class=\"button\" target=\"\">\r                                                                                                        <span>M\u00e1s informaci\u00f3n<\/span>\r                                                <\/a>\r                                                                                            <\/div>\r                                        <\/div>\r                                    <\/article>\r                                <\/li>\r                            <\/div>\r                                                    <div class=\"swiper-slide\">\r                                <li data-flag=\"off\" data-order=\"shift\" style=\"width: 100%; left: 0px; height: 700px\">\r                                    <article class=\"article green-box cover cover-black\" style=\"background-image: url('https:\/\/fundacionfelipegonzalez.org\/wp-content\/uploads\/2025\/07\/KAVA_web-1.jpg');\" data-src=\"\" data-width=\" \" data-height=\" \">\r                                        <div class=\"article-wrapper\">\r                                            <div class=\"article-container\">\r                                                <header>\r                                                    <div class=\"h1\">\r                                                        <h3><strong>KAVA: Transformaci\u00f3n de la derecha y su impacto en la (social) democracia<\/strong><\/h3>\n                                                    <\/div>\r                                                <\/header>\r                                                <div id=\"\" class=\"summary \">\r                                                    <p>El pasado marzo tuvo lugar un nuevo seminario online de KAVA dedicado al informe elaborado por FEPS \u2018Transformaci\u00f3n de la derecha y su impacto en la (social) democracia\u2019.<\/p>\n                                                <\/div>\r                                                                                                <a href=\"https:\/\/fundacionfelipegonzalez.org\/kava-seminario-online\/\" class=\"button\" target=\"\">\r                                                                                                        <span>M\u00e1s informaci\u00f3n<\/span>\r                                                <\/a>\r                                                                                            <\/div>\r                                        <\/div>\r                                    <\/article>\r                                <\/li>\r                            <\/div>\r                                                    <div class=\"swiper-slide\">\r                                <li data-flag=\"off\" data-order=\"shift\" style=\"width: 100%; left: 0px; height: 700px\">\r                                    <article class=\"article green-box cover cover-black\" style=\"background-image: url('https:\/\/fundacionfelipegonzalez.org\/wp-content\/uploads\/2025\/07\/20250512_FFG_Trasera_V1_2.png');\" data-src=\"\" data-width=\" \" data-height=\" \">\r                                        <div class=\"article-wrapper\">\r                                            <div class=\"article-container\">\r                                                <header>\r                                                    <div class=\"h1\">\r                                                        <h3><strong>Laboratorio de Oportunidades, un centro de investigaci\u00f3n sobre la movilidad social en Espa\u00f1a<\/strong><\/h3>\n                                                    <\/div>\r                                                <\/header>\r                                                <div id=\"\" class=\"summary \">\r                                                    <p>Presentamos el Laboratorio de Oportunidades, un centro de investigaci\u00f3n dedicado al an\u00e1lisis de la movilidad social y la desigual en Espa\u00f1a.<\/p>\n                                                <\/div>\r                                                                                                <a href=\"https:\/\/fundacionfelipegonzalez.org\/laboratorio-de-oportunidades-un-centro-de-investigacion-sobre-la-movilidad-social-en-espana\/\" class=\"button\" target=\"\">\r                                                                                                        <span>M\u00e1s informaci\u00f3n<\/span>\r                                                <\/a>\r                                                                                            <\/div>\r                                        <\/div>\r                                    <\/article>\r                                <\/li>\r                            <\/div>\r                                                    <div class=\"swiper-slide\">\r                                <li data-flag=\"off\" data-order=\"shift\" style=\"width: 100%; left: 0px; height: 700px\">\r                                    <article class=\"article green-box cover cover-black\" style=\"background-image: url('https:\/\/fundacionfelipegonzalez.org\/wp-content\/uploads\/2025\/07\/FOTO-NOTICIA-scaled.jpg');\" data-src=\"\" data-width=\" \" data-height=\" \">\r                                        <div class=\"article-wrapper\">\r                                            <div class=\"article-container\">\r                                                <header>\r                                                    <div class=\"h1\">\r                                                        <h3><strong>Palancas Argentina: revoluci\u00f3n de las peque\u00f1as cosas contin\u00faa<\/strong><\/h3>\n                                                    <\/div>\r                                                <\/header>\r                                                <div id=\"\" class=\"summary \">\r                                                    <p>14 propuestas, fruto del trabajo de 12 grupos y 150 participantes, todas ellas enfocadas a imaginar lo com\u00fan y democratizar el desarrollo.<\/p>\n                                                <\/div>\r                                                                                                <a href=\"https:\/\/fundacionfelipegonzalez.org\/palancas-argentina-revolucion-de-las-pequenas-cosas-continua\/\" class=\"button\" target=\"\">\r                                                                                                        <span>M\u00e1s informaci\u00f3n<\/span>\r                                                <\/a>\r                                                                                            <\/div>\r                                        <\/div>\r                                    <\/article>\r                                <\/li>\r                            <\/div>\r                                                    <div class=\"swiper-slide\">\r                                <li data-flag=\"off\" data-order=\"shift\" style=\"width: 100%; left: 0px; height: 700px\">\r                                    <article class=\"article green-box cover cover-black\" style=\"background-image: url('https:\/\/fundacionfelipegonzalez.org\/wp-content\/uploads\/2025\/07\/Captura-de-Pantalla-2025-03-24-a-las-18.33.24.png');\" data-src=\"\" data-width=\" \" data-height=\" \">\r                                        <div class=\"article-wrapper\">\r                                            <div class=\"article-container\">\r                                                <header>\r                                                    <div class=\"h1\">\r                                                        <h3><strong>NUUP Cartograf\u00eda documental del espacio iberoamericano<\/strong><\/h3>\n                                                    <\/div>\r                                                <\/header>\r                                                <div id=\"\" class=\"summary \">\r                                                    <p>Presentamos \u2018NUUP\u2019, un proyecto sobre la construcci\u00f3n del espacio iberoamericano, su legado y su presente.<\/p>\n                                                <\/div>\r                                                                                                <a href=\"https:\/\/fundacionfelipegonzalez.org\/save-the-date-invitacion-nuup-cartografia-documental-del-espacio-iberoamericano\/\" class=\"button\" target=\"\">\r                                                                                                        <span>M\u00e1s informaci\u00f3n<\/span>\r                                                <\/a>\r                                                                                            <\/div>\r                                        <\/div>\r                                    <\/article>\r                                <\/li>\r                            <\/div>\r                                            <\/div>\r                <\/div>\r            <\/div>\r            <div class=\"gallery-commands\">\r                <a class=\"prev\" id=\"\" data-type=\"prev\" data-id=\"\">\r                    <span>Anterior<\/span>\r                <\/a>\r                <a class=\"next\" id=\"\" data-type=\"next\" data-id=\"\">\r                    <span>Siguiente<\/span>\r                <\/a>\r            <\/div>\r            <nav>\r                <div class=\"swiper-pagination\"><\/div>\r            <\/nav>\r        <\/div>\r    <\/div>\r\r    <script>\r        jQuery(document).ready(function ($){\r            var swiperContent = new Swiper(\"#M02-block_1f08acc18e9db58d6ccdec3fbdb7b7ce .swiper\", {\r                spaceBetween: 0,\r                slidesPerView: 1,\r                draggable: false,\r                loop: true,\r                pagination: {\r                    el: \"#M02-block_1f08acc18e9db58d6ccdec3fbdb7b7ce .swiper-pagination\",\r                    clickable: true,\r                    enabled: true,\r                },\r                navigation: {\r                    nextEl: \"#M02-block_1f08acc18e9db58d6ccdec3fbdb7b7ce .gallery-commands .next\",\r                    prevEl: \"#M02-block_1f08acc18e9db58d6ccdec3fbdb7b7ce .gallery-commands .prev\",\r                },\r            });\r        });\r    <\/script>\r        <style>\r\n    #M02-block_1f08acc18e9db58d6ccdec3fbdb7b7ce {\r\n        margin-top:px;\r\n        margin-bottom:px;\r\n        padding-top:px;\r\n        padding-bottom:px\r\n    }\r\n    @media screen and (max-width: 768px) {\r\n    #M02-block_1f08acc18e9db58d6ccdec3fbdb7b7ce {\r\n        margin-top:px;\r\n        margin-bottom:px;\r\n        padding-top:px;\r\n        padding-bottom:px;\r\n    }\r\n    }\r\n<\/style><\/div>\n\n<div id=\"M03-block_a79c68126c8b1c9dc59a478ce0669d6a\" class=\"M03\">\r    <iframe style=\"width: 100%;height:850px;margin-bottom: -5px;\" src=\"https:\/\/soluciones.losdelvolcan.com\/clientes\/2022\/infografia_felipe\/index.html\" title=\"infografia\"><\/iframe>    <style>\r\n    #M03-block_a79c68126c8b1c9dc59a478ce0669d6a {\r\n        margin-top:px;\r\n        margin-bottom:px;\r\n        padding-top:px;\r\n        padding-bottom:px\r\n    }\r\n    @media screen and (max-width: 768px) {\r\n    #M03-block_a79c68126c8b1c9dc59a478ce0669d6a {\r\n        margin-top:px;\r\n        margin-bottom:px;\r\n        padding-top:px;\r\n        padding-bottom:px;\r\n    }\r\n    }\r\n<\/style><\/div>\r\r\n\n<div id=\"M04-block_4117f8d3b3a9d92ee1fb4dbf59c62470\" class=\"M04\">\r    <section class=\"double-blocks\" style=\"background-image: url('https:\/\/fundacionfelipegonzalez.org\/wp-content\/uploads\/2025\/08\/bloques-dobles-bg.webp');\">\r        <div class=\"container\">\r                            <div class=\"row\">\r                    <div class=\"col-12-fluid  md:col-8\">\r                        <div class=\"block\">\r                            <div class=\"h4\"><p>Aprender del pasado<\/p>\n<\/div>\r                            <div class=\"h2\"><h3>Aprender<\/h3>\n<\/div>\r                            <div class=\"h3\"><h4>Memoria c\u00edvica: el archivo de una \u00e9poca<\/h4>\n<\/div>\r                            <div class=\"p\"><p>Hemos puesto a disposici\u00f3n y accesible para todos el archivo de Felipe Gonz\u00e1lez. En torno a \u00e9l construimos el proyecto &#8216;Memoria C\u00edvica&#8217;: un espacio abierto para la investigaci\u00f3n y la cr\u00edtica que sirve como lugar de encuentro entre la pol\u00edtica y la ciudadan\u00eda.<\/p>\n<\/div>\r                                                        <a href=\"https:\/\/fundacionfelipegonzalez.org\/aprender\/\" class=\"btn font-medium\" target=\"\">Proyectos<\/a>\r                                                    <\/div>\r                    <\/div>\r                <\/div>\r                            <div class=\"row\">\r                    <div class=\"col-12-fluid md:col-offset-4 md:col-8\">\r                        <div class=\"block\">\r                            <div class=\"h4\"><p>Aportar al futuro<\/p>\n<\/div>\r                            <div class=\"h2\"><h3>Aportar<\/h3>\n<\/div>\r                            <div class=\"h3\"><h4>M\u00e1s oportunidades y Progreso global<\/h4>\n<\/div>\r                            <div class=\"p\"><p>Impulsamos proyectos, apoyamos ideas de futuro y nos situamos como un punto de\u00a0encuentro para la reflexi\u00f3n, la innovaci\u00f3n y conocimiento sobre temas relevantes. Nuestro objetivo: mayor progreso y mayor igualdad.<\/p>\n<\/div>\r                                                        <a href=\"https:\/\/fundacionfelipegonzalez.org\/aportar\/\" class=\"btn font-medium\" target=\"\">Proyectos<\/a>\r                                                    <\/div>\r                    <\/div>\r                <\/div>\r                    <\/div>\r    <\/section>\r    <style>\r\n    #M04-block_4117f8d3b3a9d92ee1fb4dbf59c62470 {\r\n        margin-top:px;\r\n        margin-bottom:px;\r\n        padding-top:px;\r\n        padding-bottom:px\r\n    }\r\n    @media screen and (max-width: 768px) {\r\n    #M04-block_4117f8d3b3a9d92ee1fb4dbf59c62470 {\r\n        margin-top:px;\r\n        margin-bottom:px;\r\n        padding-top:px;\r\n        padding-bottom:px;\r\n    }\r\n    }\r\n<\/style><\/div>\r\r\n\n<div id=\"M05-block_f360111e9a810ec53442f15b68581dff\" class=\"M05\">\r        <section class=\"rubalcaba\">\r        <div class=\"container\">\r            <div class=\"row\">\r                <div class=\"col-12-fluid md:col-7\">\r                    <div>\r                        <div class=\"h2\"><h2>Espacio<br \/>\nRubalcaba<\/h2>\n<\/div>\r                        <div class=\"h3\"><h3>El valor del compromiso<\/h3>\n<\/div>\r                        <div class=\"p\"><p>La memoria y el legado de Alfredo P\u00e9rez Rubalcaba ser\u00e1n acogidos por la Fundaci\u00f3n Felipe Gonz\u00e1lez por deseo de Pilar Goya.<\/p>\n<p>Para ello, hemos creado el\u00a0<b>Espacio Rubalcaba<\/b>: para fomentar valores como el di\u00e1logo,\u00a0<b>el valor de la palabra dada o el compromiso con la democracia<\/b>; para mantener vivos su memoria y su talento y proyectarlos al futuro; para, como dec\u00eda el Presidente de la Fundaci\u00f3n, retomar la conversaci\u00f3n con Alfredo, que sigue siendo m\u00e1s necesaria que nunca.<\/p>\n<\/div>\r                                                    <a href=\"https:\/\/fundacionfelipegonzalez.org\/espacio-rubalcaba\/\" class=\"btn font-medium bg-color-green-yellow text-blk\" target=\"\">M\u00e1s informaci\u00f3n<\/a>\r                        \r                    <\/div>\r                <\/div>\r            <\/div>\r        <\/div>\r        <div class=\"rubalcaba--image\" style=\"background-image: url('https:\/\/fundacionfelipegonzalez.org\/wp-content\/themes\/ffg\/assets\/images\/rubalcaba.png');\"><\/div>\r    <\/section>\r        <style>\r\n    #M05-block_f360111e9a810ec53442f15b68581dff {\r\n        margin-top:px;\r\n        margin-bottom:px;\r\n        padding-top:px;\r\n        padding-bottom:px\r\n    }\r\n    @media screen and (max-width: 768px) {\r\n    #M05-block_f360111e9a810ec53442f15b68581dff {\r\n        margin-top:px;\r\n        margin-bottom:px;\r\n        padding-top:px;\r\n        padding-bottom:px;\r\n    }\r\n    }\r\n<\/style><\/div>\r","protected":false},"excerpt":{"rendered":"","protected":false},"author":2,"featured_media":0,"parent":0,"menu_order":0,"comment_status":"closed","ping_status":"closed","template":"","meta":{"_acf_changed":false,"footnotes":""},"class_list":["post-147","page","type-page","status-publish","hentry"],"acf":[],"yoast_head":"<!-- This site is optimized with the Yoast SEO plugin v27.4 - https:\/\/yoast.com\/product\/yoast-seo-wordpress\/ -->\n<title>Inicio - Fundaci\u00f3n Felipe Gonz\u00e1lez<\/title>\n<meta name=\"robots\" content=\"index, follow, max-snippet:-1, max-image-preview:large, max-video-preview:-1\" \/>\n<link rel=\"canonical\" href=\"https:\/\/fundacionfelipegonzalez.org\/en\/\" \/>\n<meta property=\"og:locale\" content=\"en_US\" \/>\n<meta property=\"og:type\" content=\"article\" \/>\n<meta property=\"og:title\" content=\"Inicio - Fundaci\u00f3n Felipe Gonz\u00e1lez\" \/>\n<meta property=\"og:url\" content=\"https:\/\/fundacionfelipegonzalez.org\/en\/\" \/>\n<meta property=\"og:site_name\" content=\"Fundaci\u00f3n Felipe Gonz\u00e1lez\" \/>\n<meta property=\"article:modified_time\" content=\"2026-04-22T11:19:16+00:00\" \/>\n<meta name=\"twitter:card\" content=\"summary_large_image\" \/>\n<script type=\"application\/ld+json\" class=\"yoast-schema-graph\">{\"@context\":\"https:\\\/\\\/schema.org\",\"@graph\":[{\"@type\":\"WebPage\",\"@id\":\"https:\\\/\\\/fundacionfelipegonzalez.org\\\/en\\\/\",\"url\":\"https:\\\/\\\/fundacionfelipegonzalez.org\\\/en\\\/\",\"name\":\"Inicio - Fundaci\u00f3n Felipe Gonz\u00e1lez\",\"isPartOf\":{\"@id\":\"https:\\\/\\\/fundacionfelipegonzalez.org\\\/en\\\/#website\"},\"datePublished\":\"2025-07-02T08:44:37+00:00\",\"dateModified\":\"2026-04-22T11:19:16+00:00\",\"breadcrumb\":{\"@id\":\"https:\\\/\\\/fundacionfelipegonzalez.org\\\/en\\\/#breadcrumb\"},\"inLanguage\":\"en-US\",\"potentialAction\":[{\"@type\":\"ReadAction\",\"target\":[\"https:\\\/\\\/fundacionfelipegonzalez.org\\\/en\\\/\"]}]},{\"@type\":\"BreadcrumbList\",\"@id\":\"https:\\\/\\\/fundacionfelipegonzalez.org\\\/en\\\/#breadcrumb\",\"itemListElement\":[{\"@type\":\"ListItem\",\"position\":1,\"name\":\"Portada\",\"item\":\"https:\\\/\\\/fundacionfelipegonzalez.org\\\/en\\\/\"},{\"@type\":\"ListItem\",\"position\":2,\"name\":\"Inicio\"}]},{\"@type\":\"WebSite\",\"@id\":\"https:\\\/\\\/fundacionfelipegonzalez.org\\\/en\\\/#website\",\"url\":\"https:\\\/\\\/fundacionfelipegonzalez.org\\\/en\\\/\",\"name\":\"Fundaci\u00f3n Felipe Gonz\u00e1lez\",\"description\":\"\",\"publisher\":{\"@id\":\"https:\\\/\\\/fundacionfelipegonzalez.org\\\/en\\\/#organization\"},\"potentialAction\":[{\"@type\":\"SearchAction\",\"target\":{\"@type\":\"EntryPoint\",\"urlTemplate\":\"https:\\\/\\\/fundacionfelipegonzalez.org\\\/en\\\/?s={search_term_string}\"},\"query-input\":{\"@type\":\"PropertyValueSpecification\",\"valueRequired\":true,\"valueName\":\"search_term_string\"}}],\"inLanguage\":\"en-US\"},{\"@type\":\"Organization\",\"@id\":\"https:\\\/\\\/fundacionfelipegonzalez.org\\\/en\\\/#organization\",\"name\":\"Fundaci\u00f3n Felipe Gonz\u00e1lez\",\"url\":\"https:\\\/\\\/fundacionfelipegonzalez.org\\\/en\\\/\",\"logo\":{\"@type\":\"ImageObject\",\"inLanguage\":\"en-US\",\"@id\":\"https:\\\/\\\/fundacionfelipegonzalez.org\\\/en\\\/#\\\/schema\\\/logo\\\/image\\\/\",\"url\":\"https:\\\/\\\/fundacionfelipegonzalez.org\\\/wp-content\\\/uploads\\\/2025\\\/07\\\/logo.png\",\"contentUrl\":\"https:\\\/\\\/fundacionfelipegonzalez.org\\\/wp-content\\\/uploads\\\/2025\\\/07\\\/logo.png\",\"width\":675,\"height\":170,\"caption\":\"Fundaci\u00f3n Felipe Gonz\u00e1lez\"},\"image\":{\"@id\":\"https:\\\/\\\/fundacionfelipegonzalez.org\\\/en\\\/#\\\/schema\\\/logo\\\/image\\\/\"}}]}<\/script>\n<!-- \/ Yoast SEO plugin. -->","yoast_head_json":{"title":"Inicio - Fundaci\u00f3n Felipe Gonz\u00e1lez","robots":{"index":"index","follow":"follow","max-snippet":"max-snippet:-1","max-image-preview":"max-image-preview:large","max-video-preview":"max-video-preview:-1"},"canonical":"https:\/\/fundacionfelipegonzalez.org\/en\/","og_locale":"en_US","og_type":"article","og_title":"Inicio - Fundaci\u00f3n Felipe Gonz\u00e1lez","og_url":"https:\/\/fundacionfelipegonzalez.org\/en\/","og_site_name":"Fundaci\u00f3n Felipe Gonz\u00e1lez","article_modified_time":"2026-04-22T11:19:16+00:00","twitter_card":"summary_large_image","schema":{"@context":"https:\/\/schema.org","@graph":[{"@type":"WebPage","@id":"https:\/\/fundacionfelipegonzalez.org\/en\/","url":"https:\/\/fundacionfelipegonzalez.org\/en\/","name":"Inicio - Fundaci\u00f3n Felipe Gonz\u00e1lez","isPartOf":{"@id":"https:\/\/fundacionfelipegonzalez.org\/en\/#website"},"datePublished":"2025-07-02T08:44:37+00:00","dateModified":"2026-04-22T11:19:16+00:00","breadcrumb":{"@id":"https:\/\/fundacionfelipegonzalez.org\/en\/#breadcrumb"},"inLanguage":"en-US","potentialAction":[{"@type":"ReadAction","target":["https:\/\/fundacionfelipegonzalez.org\/en\/"]}]},{"@type":"BreadcrumbList","@id":"https:\/\/fundacionfelipegonzalez.org\/en\/#breadcrumb","itemListElement":[{"@type":"ListItem","position":1,"name":"Portada","item":"https:\/\/fundacionfelipegonzalez.org\/en\/"},{"@type":"ListItem","position":2,"name":"Inicio"}]},{"@type":"WebSite","@id":"https:\/\/fundacionfelipegonzalez.org\/en\/#website","url":"https:\/\/fundacionfelipegonzalez.org\/en\/","name":"Fundaci\u00f3n Felipe Gonz\u00e1lez","description":"","publisher":{"@id":"https:\/\/fundacionfelipegonzalez.org\/en\/#organization"},"potentialAction":[{"@type":"SearchAction","target":{"@type":"EntryPoint","urlTemplate":"https:\/\/fundacionfelipegonzalez.org\/en\/?s={search_term_string}"},"query-input":{"@type":"PropertyValueSpecification","valueRequired":true,"valueName":"search_term_string"}}],"inLanguage":"en-US"},{"@type":"Organization","@id":"https:\/\/fundacionfelipegonzalez.org\/en\/#organization","name":"Fundaci\u00f3n Felipe Gonz\u00e1lez","url":"https:\/\/fundacionfelipegonzalez.org\/en\/","logo":{"@type":"ImageObject","inLanguage":"en-US","@id":"https:\/\/fundacionfelipegonzalez.org\/en\/#\/schema\/logo\/image\/","url":"https:\/\/fundacionfelipegonzalez.org\/wp-content\/uploads\/2025\/07\/logo.png","contentUrl":"https:\/\/fundacionfelipegonzalez.org\/wp-content\/uploads\/2025\/07\/logo.png","width":675,"height":170,"caption":"Fundaci\u00f3n Felipe Gonz\u00e1lez"},"image":{"@id":"https:\/\/fundacionfelipegonzalez.org\/en\/#\/schema\/logo\/image\/"}}]}},"_links":{"self":[{"href":"https:\/\/fundacionfelipegonzalez.org\/en\/wp-json\/wp\/v2\/pages\/147","targetHints":{"allow":["GET"]}}],"collection":[{"href":"https:\/\/fundacionfelipegonzalez.org\/en\/wp-json\/wp\/v2\/pages"}],"about":[{"href":"https:\/\/fundacionfelipegonzalez.org\/en\/wp-json\/wp\/v2\/types\/page"}],"author":[{"embeddable":true,"href":"https:\/\/fundacionfelipegonzalez.org\/en\/wp-json\/wp\/v2\/users\/2"}],"replies":[{"embeddable":true,"href":"https:\/\/fundacionfelipegonzalez.org\/en\/wp-json\/wp\/v2\/comments?post=147"}],"version-history":[{"count":41,"href":"https:\/\/fundacionfelipegonzalez.org\/en\/wp-json\/wp\/v2\/pages\/147\/revisions"}],"predecessor-version":[{"id":12336,"href":"https:\/\/fundacionfelipegonzalez.org\/en\/wp-json\/wp\/v2\/pages\/147\/revisions\/12336"}],"wp:attachment":[{"href":"https:\/\/fundacionfelipegonzalez.org\/en\/wp-json\/wp\/v2\/media?parent=147"}],"curies":[{"name":"wp","href":"https:\/\/api.w.org\/{rel}","templated":true}]}}