{"id":10440,"date":"2025-07-03T08:39:39","date_gmt":"2025-07-03T06:39:39","guid":{"rendered":"https:\/\/fundacionfelipegonzalez-stg.servidortemporal.net\/genera\/"},"modified":"2025-07-03T08:39:39","modified_gmt":"2025-07-03T06:39:39","slug":"genera","status":"publish","type":"page","link":"https:\/\/fundacionfelipegonzalez.org\/ca\/genera\/","title":{"rendered":"Genera"},"content":{"rendered":"<div id=\"M01-block_c51da0f430e92a5ad18af727900c3eb1\" class=\"M01\">\r        <div class=\"About \">\r        <article class=\"opening-block no-cover \" style=\"background-image: url('https:\/\/fundacionfelipegonzalez.org\/wp-content\/uploads\/2025\/07\/foto_cabecera7.jpg');\" data-src=\"\" data-width=\" 1019\" data-height=\" 572\">\r            <div class=\"article-wrapper\">\r                <div class=\"article-container\">\r                    <header>\r                        <div class=\"h1\">\r                            <h1>GENERA<\/h1>\n                        <\/div>\r                        <div class=\"h3\">\r                            <h2>Encuentro entre generaciones<\/h2>\n                        <\/div>\r                    <\/header>\r                    <div class=\"summary\">\r                                            <\/div>\r                <\/div>\r                            <\/div>\r        <\/article>\r    <\/div>\r    \r        <style>\r\n    #M01-block_c51da0f430e92a5ad18af727900c3eb1 {\r\n        margin-top:px;\r\n        margin-bottom:px;\r\n        padding-top:px;\r\n        padding-bottom:px\r\n    }\r\n    @media screen and (max-width: 768px) {\r\n    #M01-block_c51da0f430e92a5ad18af727900c3eb1 {\r\n        margin-top:px;\r\n        margin-bottom:px;\r\n        padding-top:px;\r\n        padding-bottom:px;\r\n    }\r\n    }\r\n<\/style><\/div>\n\n<div id=\"M05-block_e776964b0aee67821664297000afe301\" class=\"M05\">\r            <article id=\"archivos-presidenciales\" class=\"article fullmedia-side fullmedia-left\" data-flag=\"off\" data-order=\"shift\">\r            <div class=\"article-wrapper\">\r                <div class=\"article-container\">\r\r                                        <header>\r                                                <div class=\"h2 \">\r                            <h2>INTRODUCCI\u00d3N<\/h2>\n                        <\/div>\r                        <div class=\"h1\">\r                            <h3>El contexto<\/h3>\n                        <\/div>\r                                            <\/header>\r\r                                        <div id=\"\" class=\"summary \">\r                        <p>La crisis econ\u00f3mica, pol\u00edtica e institucional de los \u00faltimos a\u00f1os en Espa\u00f1a ha abierto una gran brecha entre generaciones. Esa distancia es muy evidente entre dos grupos de poblaci\u00f3n, los\u00a0<i>baby boomers<\/i>\u00a0(entre 50 y 68 a\u00f1os) y los\u00a0<i>millennials<\/i>\u00a0(entre 18 y 35). O lo que es lo mismo, entre quienes ocupan los puestos de decisi\u00f3n y quienes intentan acceder a ellos.<\/p>\n<p>Tras a\u00f1os de gran progreso social y material, los j\u00f3venes espa\u00f1oles viven por primera vez en peores condiciones que sus padres. La crisis les ha golpeado duramente y tienen grandes dificultades para crearse un futuro. Su ascensi\u00f3n social se ha paralizado, tanto que se ha invertido la\u00a0<b>solidaridad intergeneracional<\/b>: ahora son los mayores quienes ayudan a los j\u00f3venes.<\/p>\n<p>Los efectos de esta situaci\u00f3n son muy variados. Desde el\u00a0<b>punto de vista pol\u00edtico<\/b>, la edad (que nunca hab\u00eda sido determinante para predecir el voto) es ahora trascendental, los j\u00f3venes apoyan m\u00e1s a los partidos nuevos, mientras que los votantes de los partidos \u201ctradicionales\u201d tienen mayor edad. Desde la\u00a0<b>perspectiva ideol\u00f3gica<\/b>, las nuevas generaciones son muy cr\u00edticas con el funcionamiento de las instituciones, la democracia y la econom\u00eda de mercado y algunos cuestionan incluso la Transici\u00f3n.<\/p>\n                    <\/div>\r                                                                            <\/div>\r            <\/div>\r                            <div class=\"media\" style=\"background-image: url(https:\/\/fundacionfelipegonzalez.org\/wp-content\/uploads\/2025\/07\/lance-grandahl-435209-unsplash.jpg);\" data-src=\"\" data-width=\" \" data-height=\" \"><\/div>\r                    <\/article>\r        <style>\r            article#archivos-presidenciales { margin-bottom: 50px; }\r        <\/style>\r        <style>\r\n    #M05-block_e776964b0aee67821664297000afe301 {\r\n        margin-top:px;\r\n        margin-bottom:px;\r\n        padding-top:px;\r\n        padding-bottom:px\r\n    }\r\n    @media screen and (max-width: 768px) {\r\n    #M05-block_e776964b0aee67821664297000afe301 {\r\n        margin-top:px;\r\n        margin-bottom:px;\r\n        padding-top:px;\r\n        padding-bottom:px;\r\n    }\r\n    }\r\n<\/style><\/div>\r\n\n<div id=\"M11-block_fa7dec6a676daf4161bfef967501e2b2\" class=\"M11\">\r        <article class=\"article blockquote-article blockquote-right\" style=\"background-image: url(https:\/\/fundacionfelipegonzalez.org\/wp-content\/uploads\/2025\/07\/JJ2.jpg);\">\r        <div class=\"article-wrapper\">\r            <div class=\"article-container\">\r                <header>\r                    <div class=\"h2\">\r                        <h2>GENERA<\/h2>\n                    <\/div>\r                    <div class=\"h1\">\r                        <h3>Foro Intergeneracional<\/h3>\n                    <\/div>\r                <\/header>\r                <div id=\"\" class=\"summary \">\r                    <p>Todos estos factores nos preocupan, ya que pueden afectar negativamente a nuestro futuro como sociedad. Si partimos del reconocimiento de que existe un desencuentro intergeneracional, es necesario actuar sobre \u00e9l para evitar consecuencias m\u00e1s graves. Con ese objetivo hemos creado GENERA, un punto de encuentro entre generaciones.<\/p>\n<p>A lo largo de 2018 organizaremos cuatro seminarios en el que varios expertos de diferentes edades analizar\u00e1n los problemas que conlleva la crisis del di\u00e1logo intergeneracional y propondr\u00e1n cambios que puedan fortalecer y renovar el contrato social entre generaciones para mejorar su nivel de vida.<\/p>\n                <\/div>\r            <\/div>\r                        <div class=\"aside\">\r                <blockquote id=\"blockquote\" data-flag=\"on\" data-order=\"shift\">\r                    <div class=\"blockquote-container\">\r                        <div class=\"blockquote-content\">\r                            <div class=\"p\"><p>Un foro de expertos que pretende intervenir de forma proactiva sobre los factores que afectan a los j\u00f3venes<\/p>\n<\/div>\r                        <\/div>\r                    <\/div>\r                <\/blockquote>\r            <\/div>\r                    <\/div>\r    <\/article>\r        <style>\r\n    #M11-block_fa7dec6a676daf4161bfef967501e2b2 {\r\n        margin-top:px;\r\n        margin-bottom:px;\r\n        padding-top:px;\r\n        padding-bottom:px\r\n    }\r\n    @media screen and (max-width: 768px) {\r\n    #M11-block_fa7dec6a676daf4161bfef967501e2b2 {\r\n        margin-top:px;\r\n        margin-bottom:px;\r\n        padding-top:px;\r\n        padding-bottom:px;\r\n    }\r\n    }\r\n<\/style><\/div>\r\r\n\n<div id=\"M05-block_bba83b0cc3785fd368285c0c62726630\" class=\"M05\">\r            <article id=\"\" class=\"article gray-background fullmedia-side fullmedia-right\" data-flag=\"off\" data-order=\"shift\">\r            <div class=\"article-wrapper\">\r                <div class=\"article-container\">\r                                        <header>\r                                                <div class=\"h2 \">\r                            <h2>EXPERTOS ASESORES<\/h2>\n                        <\/div>\r                        <div class=\"h1\">\r                            <h3>Grupo impulsor<\/h3>\n                        <\/div>\r                                            <\/header>\r                                        <div id=\"\" class=\"summary \">\r                        <p>GENERA. Foro Intergeneracional es una iniciativa de la Fundaci\u00f3n Felipe Gonz\u00e1lez con la colaboraci\u00f3n de la\u00a0<a href=\"https:\/\/obrasociallacaixa.org\/\" target=\"_blank\" rel=\"noopener\">Fundaci\u00f3n La Caixa<\/a>,\u00a0<a href=\"http:\/\/agendapublica.elperiodico.com\/\" target=\"_blank\" rel=\"noopener\">Agenda P\u00fablica<\/a>, la\u00a0<a href=\"http:\/\/www.feps-europe.eu\/en\/\" target=\"_blank\" rel=\"noopener\">Foundation for European Progressive Studies (FEPS)<\/a>\u00a0y la\u00a0<a href=\"http:\/\/www.resolutionfoundation.org\/\" target=\"_blank\" rel=\"noopener\">Resolution Foundation (Reino Unido)<\/a>.<\/p>\n<p>Cuenta con la asesor\u00eda de un grupo de expertos internacionales ya que el objetivo de este proyecto es compartir sinergias y poder impulsar este debate en el \u00e1mbito europeo.<\/p>\n<p><a href=\"http:\/\/www.feps-europe.eu\/en\/secretary-general\" target=\"_blank\" rel=\"noopener\">Ernst Stetter<\/a><br \/>\nDirector de la Foundation for European Progressive Studies (FEPS).<\/p>\n<p><a href=\"http:\/\/martingranados.es\/\" target=\"_blank\" rel=\"noopener\">Ignacio Mart\u00edn Granados<\/a><br \/>\nFundaci\u00f3n Felipe Gonz\u00e1lez.<\/p>\n<p><a href=\"https:\/\/elpais.com\/autor\/joaquin_estefania\/a\" target=\"_blank\" rel=\"noopener\">Joaqu\u00edn Estefan\u00eda<\/a><br \/>\nPatrono de la Fundaci\u00f3n Felipe Gonz\u00e1lez.<\/p>\n<p><a href=\"http:\/\/agendapublica.elperiodico.com\/analistas\/mlopezplana\/\" target=\"_blank\" rel=\"noopener\">Marc L\u00f3pez Plana<\/a><br \/>\nDirector de Agenda P\u00fablica.<\/p>\n<p><a href=\"http:\/\/www.feps-europe.eu\/en\/maria-freitas\" target=\"_blank\" rel=\"noopener\">Maria Freitas<\/a><br \/>\nConsejera pol\u00edtica en la Foundation for European Progressive Studies (FEPS).<\/p>\n<p><a href=\"https:\/\/www.fundacionfelipegonzalez.org\/nosotros\/\" target=\"_blank\" rel=\"noopener\">Roc\u00edo Mart\u00ednez Sampere<\/a><br \/>\nDirectora de la Fundaci\u00f3n Felipe Gonz\u00e1lez.<\/p>\n<p><a href=\"http:\/\/www.resolutionfoundation.org\/about-us\/team\/torsten-bell\/\" target=\"_blank\" rel=\"noopener\">Torsten Bell<\/a><br \/>\nDirector de The Resolution Foundation.<\/p>\n                    <\/div>\r                                                                            <\/div>\r            <\/div>\r                            <div class=\"media\" style=\"background-image: url(https:\/\/fundacionfelipegonzalez.org\/wp-content\/uploads\/2025\/07\/admin-ajax.jpeg);\" data-src=\"\" data-width=\" \" data-height=\" \"><\/div>\r                        <\/div>\r        <\/article>\r        <style>\r\n    #M05-block_bba83b0cc3785fd368285c0c62726630 {\r\n        margin-top:px;\r\n        margin-bottom:px;\r\n        padding-top:px;\r\n        padding-bottom:px\r\n    }\r\n    @media screen and (max-width: 768px) {\r\n    #M05-block_bba83b0cc3785fd368285c0c62726630 {\r\n        margin-top:px;\r\n        margin-bottom:px;\r\n        padding-top:px;\r\n        padding-bottom:px;\r\n    }\r\n    }\r\n<\/style><\/div>\r\n\n<div id=\"M06-block_a24f375711b42afab8cd81165ce17998\" class=\"M06\">\r    <div id=\"proyectos\" class=\"section-projects\">\r        <div class=\"container\">\r            <div class=\"article intro\">\r                <div class=\"highlight-h2 h2\"><h2>FOROS DE DISCUSI\u00d3N<\/h2>\n<\/div>\r                <div class=\"summary\">\r                    <p>Desde 2018, CaixaForum Madrid acoge los seminarios de nuestro proyecto GENERA en torno a diferentes tem\u00e1ticas clave para entender e intentar salvar la distancia entre generaciones.<\/p>\n                <\/div>\r            <\/div>\r            <div class=\"projects-list\">\r                                    <article id=\"\" class=\"article\">\r                        <div class=\"article-wrapper\">\r                            <div class=\"article-container\">\r                                <header>\r                                    <h1>\r                                        <a href=\"https:\/\/fundacionfelipegonzalez.org\/jovenes-vulnerables-y-democracia\/\"><div>\u2018Juventud vulnerable y democracia en Espa\u00f1a\u2019<\/div>\n<\/a>\r                                    <\/h1>\r                                <\/header>\r                                <div class=\"media\">\r                                    <a href=\"https:\/\/fundacionfelipegonzalez.org\/jovenes-vulnerables-y-democracia\/\">\r                                    <span data-flag=\"on\" data-order=\"shift\">\r                                                                               <img decoding=\"async\" src=\"https:\/\/fundacionfelipegonzalez.org\/wp-content\/uploads\/2025\/07\/Recurso-18300ppp-1024x683.png\" data-src=\"\" alt=\"\u2018Juventud vulnerable y democracia en Espa\u00f1a\u2019\n\" data-width=\"700 700\" data-height=\"525 525\">\r                                                                            <\/span>\r                                    <\/a>\r                                <\/div>\r                                                                <div id=\"\" class=\"summary \">\r                                    <p>Presentamos un nuevo informe GENERA, elaborado por FEPS con la colaboraci\u00f3n de la Friedrich-Ebert-Stiftung y la Fundaci\u00f3n Felipe Gonz\u00e1lez.nnEl informe \u2018Juventud vulnerable y democracia en Espa\u00f1a: \u00bfEst\u00e1n los j\u00f3venes desfavorecidos desconectados de la democracia?\u2019 tiene como objetivo analizar las actitudes de j\u00f3venes procedentes de entornos desfavorecidos en relaci\u00f3n con la democracia. Forma parte de un estudio m\u00e1s extenso a nivel europeo en el que tambi\u00e9n han participado Irlanda, Hungr\u00eda, Francia y Polonia.<\/p>\n                                <\/div>\r                                <a href=\"https:\/\/fundacionfelipegonzalez.org\/jovenes-vulnerables-y-democracia\/\" class=\"button\"><span>M\u00e1s informaci\u00f3n<\/span><\/a>\r                            <\/div>\r                        <\/div>\r                    <\/article>\r                                    <article id=\"\" class=\"article\">\r                        <div class=\"article-wrapper\">\r                            <div class=\"article-container\">\r                                <header>\r                                    <h1>\r                                        <a href=\"https:\/\/fundacionfelipegonzalez.org\/builders-of-progress-europes-nextgen\/\"><div>&#8216;Builders of Progress: Europe\u2019s NextGen&#8217;<\/div>\n<\/a>\r                                    <\/h1>\r                                <\/header>\r                                <div class=\"media\">\r                                    <a href=\"https:\/\/fundacionfelipegonzalez.org\/builders-of-progress-europes-nextgen\/\">\r                                    <span data-flag=\"on\" data-order=\"shift\">\r                                                                               <img decoding=\"async\" src=\"https:\/\/fundacionfelipegonzalez.org\/wp-content\/uploads\/2025\/07\/BuildersOfProgress_Mailchimp_v01_600x400-700x525-1.jpg\" data-src=\"\" alt=\"&#8216;Builders of Progress: Europe\u2019s NextGen&#8217;\n\" data-width=\"700 700\" data-height=\"525 525\">\r                                                                            <\/span>\r                                    <\/a>\r                                <\/div>\r                                                                <div id=\"\" class=\"summary \">\r                                    <p>El pasado 21 de noviembre presentamos un nuevo informe GENERA sobre la opini\u00f3n pol\u00edtica de millennials y generaci\u00f3n Z, en Espa\u00f1a y tambi\u00e9n en comparativa con otros diez pa\u00edses europeos. El informe es el m\u00e1s completo en la materia, ha sido elaborado por el thinktank ThinkYoung a partir de 19.000 encuestas a j\u00f3venes europeos entre 16 y 38 a\u00f1os, en colaboraci\u00f3n con FEPS y Fundaci\u00f3n Felipe Gonz\u00e1lez.<\/p>\n                                <\/div>\r                                <a href=\"https:\/\/fundacionfelipegonzalez.org\/builders-of-progress-europes-nextgen\/\" class=\"button\"><span>M\u00e1s informaci\u00f3n<\/span><\/a>\r                            <\/div>\r                        <\/div>\r                    <\/article>\r                                    <article id=\"\" class=\"article\">\r                        <div class=\"article-wrapper\">\r                            <div class=\"article-container\">\r                                <header>\r                                    <h1>\r                                        <a href=\"https:\/\/fundacionfelipegonzalez.org\/te-invitamos-a-la-presentacion-del-nuevo-informe-genera\/\"><div>El impacto generacional del coronavirus<\/div>\n<\/a>\r                                    <\/h1>\r                                <\/header>\r                                <div class=\"media\">\r                                    <a href=\"https:\/\/fundacionfelipegonzalez.org\/te-invitamos-a-la-presentacion-del-nuevo-informe-genera\/\">\r                                    <span data-flag=\"on\" data-order=\"shift\">\r                                                                               <img decoding=\"async\" src=\"https:\/\/fundacionfelipegonzalez.org\/wp-content\/uploads\/2025\/07\/lost_fotodediscusion.jpg\" data-src=\"\" alt=\"El impacto generacional del coronavirus\n\" data-width=\"700 700\" data-height=\"525 525\">\r                                                                            <\/span>\r                                    <\/a>\r                                <\/div>\r                                                                <div id=\"\" class=\"summary \">\r                                    <p>El pasado 22 de febrero, la Fundaci\u00f3n Felipe Gonz\u00e1lez, en colaboraci\u00f3n con la Fundaci\u00f3n de Estudios Progresistas Europeos (FEPS) present\u00f3 el informe &#8216;El impacto generacional del coronavirus&#8217;. El estudio muestra c\u00f3mo los j\u00f3venes son los que m\u00e1s han sufrido en esta segunda crisis que les ha tocado vivir aunque, al mismo tiempo, son los que miran al futuro con mayor esperanza.<\/p>\n                                <\/div>\r                                <a href=\"https:\/\/fundacionfelipegonzalez.org\/te-invitamos-a-la-presentacion-del-nuevo-informe-genera\/\" class=\"button\"><span>M\u00e1s informaci\u00f3n<\/span><\/a>\r                            <\/div>\r                        <\/div>\r                    <\/article>\r                                    <article id=\"\" class=\"article\">\r                        <div class=\"article-wrapper\">\r                            <div class=\"article-container\">\r                                <header>\r                                    <h1>\r                                        <a href=\"https:\/\/fundacionfelipegonzalez.org\/presentamos-el-estudio-jovenes-internet-y-democracia\/\"><div>\u2018J\u00f3venes, internet y democracia\u2019<\/div>\n<\/a>\r                                    <\/h1>\r                                <\/header>\r                                <div class=\"media\">\r                                    <a href=\"https:\/\/fundacionfelipegonzalez.org\/presentamos-el-estudio-jovenes-internet-y-democracia\/\">\r                                    <span data-flag=\"on\" data-order=\"shift\">\r                                                                               <img decoding=\"async\" src=\"https:\/\/fundacionfelipegonzalez.org\/wp-content\/uploads\/2025\/07\/conferencia01.jpg\" data-src=\"\" alt=\"\u2018J\u00f3venes, internet y democracia\u2019\n\" data-width=\"700 700\" data-height=\"525 525\">\r                                                                            <\/span>\r                                    <\/a>\r                                <\/div>\r                                                                <div id=\"\" class=\"summary \">\r                                    <p>Presentamos el informe \u2018J\u00f3venes, internet y democracia\u2019, en el que se ha analizado landesafecci\u00f3n pol\u00edtica de los j\u00f3venes en Espa\u00f1a, su relaci\u00f3n con Internet, elnnuevo consumo de los medios y las noticias falsas. Es un proyecto GENERA, impulsado por la Fundaci\u00f3n Felipe Gonz\u00e1lez y participado por lanFundaci\u00f3n Europea de Estudios Progresistas (FEPS) y la Fundaci\u00f3n La Caixa.<\/p>\n                                <\/div>\r                                <a href=\"https:\/\/fundacionfelipegonzalez.org\/presentamos-el-estudio-jovenes-internet-y-democracia\/\" class=\"button\"><span>M\u00e1s informaci\u00f3n<\/span><\/a>\r                            <\/div>\r                        <\/div>\r                    <\/article>\r                                    <article id=\"\" class=\"article\">\r                        <div class=\"article-wrapper\">\r                            <div class=\"article-container\">\r                                <header>\r                                    <h1>\r                                        <a href=\"https:\/\/fundacionfelipegonzalez.org\/nace-genera-foro-intergeneracional\/\"><div>\u00bfVivimos peor que nuestros padres?<\/div>\n<\/a>\r                                    <\/h1>\r                                <\/header>\r                                <div class=\"media\">\r                                    <a href=\"https:\/\/fundacionfelipegonzalez.org\/nace-genera-foro-intergeneracional\/\">\r                                    <span data-flag=\"on\" data-order=\"shift\">\r                                                                               <img decoding=\"async\" src=\"https:\/\/fundacionfelipegonzalez.org\/wp-content\/uploads\/2025\/07\/shutterstock_558373942-700x525-1.jpg\" data-src=\"\" alt=\"\u00bfVivimos peor que nuestros padres?\n\" data-width=\"700 700\" data-height=\"525 525\">\r                                                                            <\/span>\r                                    <\/a>\r                                <\/div>\r                                                                <div id=\"\" class=\"summary \">\r                                    <p>En el\u00a0<a href=\"https:\/\/www.youtube.com\/watch?v=cHQNggjY9xc&amp;t=2s\" target=\"_blank\" rel=\"noopener\">primer seminario<\/a>\u00a0del Foro GENERA desgranamos el informe &#8216;Comparativa europea de tendencias intergeneracionales&#8217;. Analizamos el nivel de vida intergeneracional en distintos pa\u00edses, centrando especialmente la atenci\u00f3n en las tendencias de los ingresos familiares con respecto al mercado laboral y el inmobiliario.<\/p>\n                                <\/div>\r                                <a href=\"https:\/\/fundacionfelipegonzalez.org\/nace-genera-foro-intergeneracional\/\" class=\"button\"><span>M\u00e1s informaci\u00f3n<\/span><\/a>\r                            <\/div>\r                        <\/div>\r                    <\/article>\r                                    <article id=\"\" class=\"article\">\r                        <div class=\"article-wrapper\">\r                            <div class=\"article-container\">\r                                <header>\r                                    <h1>\r                                        <a href=\"https:\/\/fundacionfelipegonzalez.org\/no-hay-futuro-las-perspectivas-vitales-de-los-jovenes\/\"><div>Nace Genera. Foro Intergeneracional<\/div>\n<\/a>\r                                    <\/h1>\r                                <\/header>\r                                <div class=\"media\">\r                                    <a href=\"https:\/\/fundacionfelipegonzalez.org\/no-hay-futuro-las-perspectivas-vitales-de-los-jovenes\/\">\r                                    <span data-flag=\"on\" data-order=\"shift\">\r                                                                               <img decoding=\"async\" src=\"https:\/\/fundacionfelipegonzalez.org\/wp-content\/uploads\/2025\/07\/shutterstock_519502300-700x525-1.jpg\" data-src=\"\" alt=\"Nace Genera. Foro Intergeneracional\n\" data-width=\"700 700\" data-height=\"525 525\">\r                                                                            <\/span>\r                                    <\/a>\r                                <\/div>\r                                                                <div id=\"\" class=\"summary \">\r                                    <p>Presentamos el informe \u2018Perspectivas vitales de los j\u00f3venes\u2019, en el que se pregunt\u00f3 a la &#8216;generaci\u00f3n millennial&#8217; c\u00f3mo se perciben a s\u00ed mismos respecto al resto de generaciones. El informe refleja su visi\u00f3n sobre la evoluci\u00f3n de las libertades y c\u00f3mo creen que ser\u00e1 su futuro material. Este fue el tema de nuestro\u00a0<a href=\"https:\/\/www.youtube.com\/watch?v=EiLDoOhapkY\" target=\"_blank\" rel=\"noopener\">segundo seminario<\/a>\u00a0GENERA.<\/p>\n                                <\/div>\r                                <a href=\"https:\/\/fundacionfelipegonzalez.org\/no-hay-futuro-las-perspectivas-vitales-de-los-jovenes\/\" class=\"button\"><span>M\u00e1s informaci\u00f3n<\/span><\/a>\r                            <\/div>\r                        <\/div>\r                    <\/article>\r                                    <article id=\"\" class=\"article\">\r                        <div class=\"article-wrapper\">\r                            <div class=\"article-container\">\r                                <header>\r                                    <h1>\r                                        <a href=\"https:\/\/fundacionfelipegonzalez.org\/huella-digital-el-empleo-en-las-economias-de-plataforma\/\"><div>Huella Digital: El empleo en las econom\u00edas de plataforma<\/div>\n<\/a>\r                                    <\/h1>\r                                <\/header>\r                                <div class=\"media\">\r                                    <a href=\"https:\/\/fundacionfelipegonzalez.org\/huella-digital-el-empleo-en-las-economias-de-plataforma\/\">\r                                    <span data-flag=\"on\" data-order=\"shift\">\r                                                                               <img decoding=\"async\" src=\"https:\/\/fundacionfelipegonzalez.org\/wp-content\/uploads\/2025\/07\/genera3_carrusel.jpg\" data-src=\"\" alt=\"Huella Digital: El empleo en las econom\u00edas de plataforma\n\" data-width=\"700 700\" data-height=\"525 525\">\r                                                                            <\/span>\r                                    <\/a>\r                                <\/div>\r                                                                <div id=\"\" class=\"summary \">\r                                    <p>En el marco del Foro Intergeneracional abierto con el Proyecto Genera, hemos querido hablar del empleo en las econom\u00edas de plataforma y para ello nos hemos reunido en CaixaForum junto con la autora del informe, Ursula Huws.<\/p>\n                                <\/div>\r                                <a href=\"https:\/\/fundacionfelipegonzalez.org\/huella-digital-el-empleo-en-las-economias-de-plataforma\/\" class=\"button\"><span>M\u00e1s informaci\u00f3n<\/span><\/a>\r                            <\/div>\r                        <\/div>\r                    <\/article>\r                                    <article id=\"\" class=\"article\">\r                        <div class=\"article-wrapper\">\r                            <div class=\"article-container\">\r                                <header>\r                                    <h1>\r                                        <a href=\"https:\/\/fundacionfelipegonzalez.org\/millennial-dialogue\/\"><div>Proyecto The Millennial Dialogue<\/div>\n<\/a>\r                                    <\/h1>\r                                <\/header>\r                                <div class=\"media\">\r                                    <a href=\"https:\/\/fundacionfelipegonzalez.org\/millennial-dialogue\/\">\r                                    <span data-flag=\"on\" data-order=\"shift\">\r                                                                               <img decoding=\"async\" src=\"https:\/\/fundacionfelipegonzalez.org\/wp-content\/uploads\/2017\/03\/Millennial-DialogueGRIS-1.jpg\" data-src=\"\" alt=\"Proyecto The Millennial Dialogue\n\" data-width=\"700 700\" data-height=\"525 525\">\r                                                                            <\/span>\r                                    <\/a>\r                                <\/div>\r                                                                <div id=\"\" class=\"summary \">\r                                    <p>La sociedad del siglo XXI se ha ido alejando de los partidos pol\u00edticos. En un mundo hiperconectado, los llamados\u00a0<i>millennials<\/i>\u00a0son un ejemplo extremo de esta tendencia. Dentro del\u00a0<b>proyecto Millenial Dialogue, de la FEPS<\/b>, hemos colaborado en una investigaci\u00f3n intenta ir m\u00e1s all\u00e1 de los estereotipos y lugares comunes para proporcionar informaci\u00f3n de calidad sobre las\u00a0<b>aspiraciones, valores e ideales<\/b>\u00a0de los j\u00f3venes adultos de hoy.<\/p>\n                                <\/div>\r                                <a href=\"https:\/\/fundacionfelipegonzalez.org\/millennial-dialogue\/\" class=\"button\"><span>M\u00e1s informaci\u00f3n<\/span><\/a>\r                            <\/div>\r                        <\/div>\r                    <\/article>\r                            <\/div>\r        <\/div>\r    <\/div>\r    <style>\r\n    #M06-block_a24f375711b42afab8cd81165ce17998 {\r\n        margin-top:px;\r\n        margin-bottom:px;\r\n        padding-top:px;\r\n        padding-bottom:px\r\n    }\r\n    @media screen and (max-width: 768px) {\r\n    #M06-block_a24f375711b42afab8cd81165ce17998 {\r\n        margin-top:px;\r\n        margin-bottom:px;\r\n        padding-top:px;\r\n        padding-bottom:px;\r\n    }\r\n    }\r\n<\/style><\/div>\r\r\n\n<div id=\"M07-block_bee44e488f3670669a69039cfd0f8890\" class=\"M07\">\r\r            <div class=\"links-sections-wrapper\">\r            <div class=\"container\">\r                <article id=\"\" class=\"article article--links\">\r                    <div class=\"article-wrapper\">\r                        <div class=\"article-container\">\r                            <header>\r                                <div class=\"h2\">\r                                    <h2>Para saber m\u00e1s<\/h2>\n                                <\/div>\r                                <div class=\"h1\">\r                                    <h3>Enlaces de referencia<\/h3>\n                                <\/div>\r                            <\/header>\r                            <div id=\"\" class=\"summary\">\r                                <p>Si te interesan las tem\u00e1ticas abordadas en GENERA, estos son los enlaces de algunas instituciones y publicaciones de inter\u00e9s.<\/p>\n                            <\/div>\r                        <\/div>\r                    <\/div>\r                <\/article>\r                <div class=\"links-section-container\">\r                                            <section class=\"links-section\">\r                            <div class=\"h2\"><h4>Publicaciones<\/h4>\n<\/div>\r                            <ul class=\"links-list links-list--col1\">\r                                                                    <li><a href=\"https:\/\/www.megustaleer.com\/libro\/el-muro-invisible\/ES0151563\" target=\"_self\"><span>El muro invisible. Las dificultades de ser joven en Espa\u00f1a<\/span><\/a><\/li>\r                                                                    <li><a href=\"https:\/\/www.planetadelibros.com\/libro-la-sociedad-que-seremos\/250025\" target=\"_self\"><span>La sociedad que seremos. Digitales, anal\u00f3gicos, acomodados y empobrecidos<\/span><\/a><\/li>\r                                                                    <li><a href=\"https:\/\/www.planetadelibros.com\/libro-abuelo-como-habeis-consentido-esto\/243643\" target=\"_self\"><span>Abuelo, \u00bfc\u00f3mo hab\u00e9is consentido esto? Los graves errores que nos han llevado a la era Trump<\/span><\/a><\/li>\r                                                                    <li><a href=\"https:\/\/www.infolibre.es\/noticias\/tintalibre\/2018\/09\/05\/tiempos_precarios_tintalibre_septiembre_86376_1042.html\" target=\"_self\"><span>&#8216;Tiempos precarios&#8217;. TINTA LIBRE, n\u00ba 61<\/span><\/a><\/li>\r                                                                    <li><a href=\"https:\/\/t.co\/UsUSzVijKs?ssr=true\" target=\"_self\"><span>\u00bfPor qu\u00e9 los j\u00f3venes vivir\u00e1n peor que sus padres?<\/span><\/a><\/li>\r                                                                    <li><a href=\"http:\/\/bit.ly\/2v7y2Zl\" target=\"_self\"><span>Las plataformas digitales y el futuro del trabajo: C\u00f3mo fomentar el trabajo decente en el mundo digital<\/span><\/a><\/li>\r                                                                    <li><a href=\"https:\/\/www.fundacionfelipegonzalez.org\/miradas-en-positivo-conversaciones-con-yanis-varoufakis\/\" target=\"_self\"><span>Los salarios de los \u2018millennials\u2019 se ver\u00e1n lastrados durante 15 a\u00f1os por las dos \u00faltimas recesiones<\/span><\/a><\/li>\r                                                                    <li><a href=\"https:\/\/www.yorokobu.es\/milenials-la-generacion-de-la-crisis-eterna\/\" target=\"_self\"><span>Milenials, la generaci\u00f3n de la crisis eterna<\/span><\/a><\/li>\r                                                            <\/ul>\r                        <\/section>\r                                            <section class=\"links-section\">\r                            <div class=\"h2\"><h4>Instituciones<\/h4>\n<\/div>\r                            <ul class=\"links-list links-list--col1\">\r                                                                    <li><a href=\"http:\/\/agendapublica.elpais.com\/\" target=\"_self\"><span>Agenda P\u00fablica<\/span><\/a><\/li>\r                                                                    <li><a href=\"http:\/\/www.feps-europe.eu\/\" target=\"_self\"><span>Foundation for European Progressive Studies<\/span><\/a><\/li>\r                                                                    <li><a href=\"http:\/\/www.lse.ac.uk\/International-Inequalities\" target=\"_self\"><span>International Inequalities Institute (London School of Economics &#038; Political Science)<\/span><\/a><\/li>\r                                                                    <li><a href=\"https:\/\/observatoriosociallacaixa.org\/\" target=\"_self\"><span>Observatorio Social de &#8220;la Caixa&#8221;<\/span><\/a><\/li>\r                                                                    <li><a href=\"https:\/\/www.intergencommission.org\/\" target=\"_self\"><span>The Intergenerational Commission<\/span><\/a><\/li>\r                                                            <\/ul>\r                        <\/section>\r                                            <section class=\"links-section\">\r                            <div class=\"h2\"><h4>Investigaciones y Bases de datos<\/h4>\n<\/div>\r                            <ul class=\"links-list links-list--col2\">\r                                                                    <li><a href=\"https:\/\/www.bennettinstitute.cam.ac.uk\/publications\/youth-and-satisfaction-democracy\/\" target=\"_self\"><span>Youth and Satisfaction with Democracy (Bennet Institute)<\/span><\/a><\/li>\r                                                                    <li><a href=\"http:\/\/www.injuve.es\/sites\/default\/files\/Cambios-y-empleo-juventud.pdf\" target=\"_self\"><span>Cambios sociales y el empleo de la juventud en Espa\u00f1a (Injuve)<\/span><\/a><\/li>\r                                                                    <li><a href=\"https:\/\/www.un.org\/development\/desa\/dspd\/wp-content\/uploads\/sites\/22\/2020\/04\/YOUTH-FLASH-Special-issue-on-COVID-19-1.pdf\" target=\"_self\"><span>Covid-19 and the Youth (United Nations)<\/span><\/a><\/li>\r                                                                    <li><a href=\"https:\/\/plan-international.es\/sites\/default\/files\/el_impacto_de_la_crisis_del_covid-19_en_la_adolescencia_en_espana_-_plan_international.pdf\" target=\"_self\"><span>El impacto de la crisis del Covid-19 en los adolescentes espa\u00f1oles (Plan Internacional)<\/span><\/a><\/li>\r                                                                    <li><a href=\"https:\/\/observatoriosociallacaixa.org\/documents\/22890\/278382\/INF_6_CAST_1INFANCIA_Mayo.pdf\/5afe9c94-45ef-d2cb-ec53-4b2c7cfc9252\" target=\"_self\"><span>Generaci\u00f3n Z- An\u00e1lisis de las necesidades sociales de la infancia (Observatorio Social LaCaixa)<\/span><\/a><\/li>\r                                                                    <li><a href=\"https:\/\/trifectaresearch.com\/wp-content\/uploads\/2015\/09\/Generation-Z-Sample-Trifecta-Research-Deliverable.pdf\" target=\"_self\"><span>Generaci\u00f3n Z \u2013 Consumption Habits (Trifecta Research)<\/span><\/a><\/li>\r                                                                    <li><a href=\"https:\/\/www.nielsen.com\/us\/en\/insights\/report\/2020\/the-nielsen-total-audience-report-august-2020\/\" target=\"_self\"><span>Generaci\u00f3n Z \u2013 Consumption Patterns (Nielsen)<\/span><\/a><\/li>\r                                                                    <li><a href=\"https:\/\/observatoriosociallacaixa.org\/-\/crisis-economica-en-la-pobreza-infantil\" target=\"_self\"><span>Generaci\u00f3n Z \u2013 El impacto persistente de la crisis econ\u00f3mica en la pobreza infantil (Observatorio Social LaCaixa)<\/span><\/a><\/li>\r                                                                    <li><a href=\"https:\/\/static.jobtoday.com\/content\/generacion-z-job-today.pdf\" target=\"_self\"><span>Generaci\u00f3n Z &#8211; En el lugar de trabajo en Espa\u00f1a (Job Today)<\/span><\/a><\/li>\r                                                                    <li><a href=\"https:\/\/recursos.portaleducoas.org\/sites\/default\/files\/VE14.164.pdf\" target=\"_self\"><span>Generaci\u00f3n Z &#8211; Ense\u00f1anza y aprendizajes (Portal Educativo de las Am\u00e9ricas)<\/span><\/a><\/li>\r                                                                    <li><a href=\"https:\/\/www.ipsos.com\/sites\/default\/files\/ct\/news\/documents\/2019-02\/gen_z_spanish.pdf\" target=\"_self\"><span>Generaci\u00f3n Z &#8211; Estilo de vida y sus decisiones (IPSOS)<\/span><\/a><\/li>\r                                                                    <li><a href=\"https:\/\/www.deusto.es\/cs\/Satellite?blobcol=urldata&#038;blobheader=application%2Fpdf&#038;blobheadername1=Expires&#038;blobheadername2=content-type&#038;blobheadername3=MDT-Type&#038;blobheadername4=Content-Disposition&#038;blobheadervalue1=Thu%2C+10+Dec+2020+16%3A00%3A00+GMT&#038;blobheadervalue2=application%2Fpdf&#038;blobheadervalue3=abinary%3Bcharset%3DUTF-8&#038;blobheadervalue4=inline%3Bfilename%3D%22ElDilema_GeneracionZ_2017.pdf%22&#038;blobkey=id&#038;blobtable=MungoBlobs&#038;blobwhere=1344425165783&#038;ssbinary=true\" target=\"_self\"><span>Generaci\u00f3n Z &#8211; Informe \u201cEl Dilema\u201d (Atrevia y Deusto Business)<\/span><\/a><\/li>\r                                                                    <li><a href=\"https:\/\/www.ilo.org\/wcmsp5\/groups\/public\/---dgreports\/---dcomm\/---publ\/documents\/publication\/wcms_737662.pdf\" target=\"_self\"><span>Generaci\u00f3n Z \u2013 Tendencias mundiales del empleo juvenil 2020 (OIT)<\/span><\/a><\/li>\r                                                                    <li><a href=\"https:\/\/icdl.sharefile.com\/share\/view\/s313d859088c43398\" target=\"_self\"><span>Generaci\u00f3n Z \u2013 The Fallacy of the \u2018DigitalNative\u2019 (ECDL Foundation)<\/span><\/a><\/li>\r                                                                    <li><a href=\"http:\/\/www.injuve.es\/sites\/default\/files\/2017\/29\/publicaciones\/revistainjuve114.pdf\" target=\"_self\"><span>Generaci\u00f3n Z \u2013 Los aut\u00e9nticos nativos digitales (Injuve)<\/span><\/a><\/li>\r                                                                    <li><a href=\"https:\/\/www2.deloitte.com\/content\/dam\/Deloitte\/us\/Documents\/consumer-business\/welcome-to-gen-z.pdf\" target=\"_self\"><span>Generaci\u00f3n Z \u2013 Welcome to Gen Z (Deloitte)<\/span><\/a><\/li>\r                                                                    <li><a href=\"https:\/\/www.mckinsey.com\/~\/media\/McKinsey\/Industries\/Consumer%20Packaged%20Goods\/Our%20Insights\/True%20Gen%20Generation%20Z%20and%20its%20implications%20for%20companies\/Generation-Z-and-its-implication-for-companies.pdf\" target=\"_self\"><span>Generaci\u00f3n Z \u2013 Their implications for companies (McKinsey)<\/span><\/a><\/li>\r                                                                    <li><a href=\"https:\/\/www.adeccogroup.es\/wp-content\/uploads\/notas-de-prensa\/684.pdf\" target=\"_self\"><span>Generaci\u00f3n Z y Millennials- En busca de la estabilidad econ\u00f3mica (Adecco)<\/span><\/a><\/li>\r                                                                    <li><a href=\"https:\/\/dypall.com\/wp-content\/uploads\/2019\/08\/2017-Youth-Progress-Index-2017_Measuring-Young-Peoples-Social-Progress-Globally-European-Youth-Forum.pdf\" target=\"_self\"><span>Generaci\u00f3n Z- Youth Progress Index Report<\/span><\/a><\/li>\r                                                                    <li><a href=\"https:\/\/www.vidacaixa.es\/documents\/51066\/91493\/Bar%C3%B3metro+VidaCaixa..pdf\/0226fa40-ad09-85e6-4806-a968b5decd7e\" target=\"_self\"><span>H\u00e1bitos de ahorro de los Millennials (VidaCaixa)<\/span><\/a><\/li>\r                                                                    <li><a href=\"https:\/\/www.adolescenciayjuventud.org\/publicacion\/indice-sintetico-de-desarrollo-juvenil-comparado-isdjc-2019\/\" target=\"_self\"><span>\u00cdndice sint\u00e9tico de desarrollo juvenil 2019 (Centro Reina Sof\u00eda)<\/span><\/a><\/li>\r                                                                    <li><a href=\"https:\/\/www.flacsi.net\/wp-content\/uploads\/2020\/04\/EFECTOS-DE-LA-CRISIS-DEL-CORONAVIRUS-EN-EDUCACI%C3%93N.pdf\" target=\"_self\"><span>Informe efectos de la crisis del coronavirus en la educaci\u00f3n. (OEI)<\/span><\/a><\/li>\r                                                                    <li><a href=\"http:\/\/www.injuve.es\/sites\/default\/files\/2017\/46\/publicaciones\/revista108_completa_0.pdf\" target=\"_self\"><span>J\u00f3venes y generaci\u00f3n 2020 (Injuve)<\/span><\/a><\/li>\r                                                                    <li><a href=\"https:\/\/www.redalyc.org\/articulo.oa?id=15831058005\" target=\"_self\"><span>J\u00f3venes comprometidos en la Red (Comunicar)<\/span><\/a><\/li>\r                                                                    <li><a href=\"http:\/\/www.injuve.es\/sites\/default\/files\/2018\/27\/publicaciones\/sondeo_2017-1_informe.pdf\" target=\"_self\"><span>J\u00f3venes, participaci\u00f3n y cultura pol\u00edtica (Injuve)<\/span><\/a><\/li>\r                                                                    <li><a href=\"https:\/\/www.ilo.org\/wcmsp5\/groups\/public\/---dgreports\/---dcomm\/---publ\/documents\/publication\/wcms_684183.pdf\" target=\"_self\"><span>Las plataformas digitales y el futuro del trabajo (OIT)<\/span><\/a><\/li>\r                                                                    <li><a href=\"https:\/\/www.esade.edu\/itemsweb\/research\/EsadeEcPol_FNF_Generacion_Doble_Crisis.pdf\" target=\"_self\"><span>La generaci\u00f3n de la doble crisis: Inseguridad econ\u00f3mica y actitudes pol\u00edticas en el Sur de Europa (ESADE)<\/span><\/a><\/li>\r                                                                    <li><a href=\"https:\/\/kevinrinz.github.io\/recession.pdf\" target=\"_self\"><span> Life Cycles Differences in Effects of Exposure to the Great Recession (Center for Economic Studies US Census Bureau)<\/span><\/a><\/li>\r                                                                    <li><a href=\"https:\/\/observatoriosociallacaixa.org\/documents\/22890\/278382\/INF_6_CAST_3MAYORES_Mayo.pdf\" target=\"_self\"><span>Mayores \u2013 An\u00e1lisis de las necesidades sociales (Observatorio Social LaCaixa)<\/span><\/a><\/li>\r                                                                    <li><a href=\"https:\/\/observatoriosociallacaixa.org\/-\/soledad-personas-mayores\" target=\"_self\"><span>Mayores \u2013 \u00bfA qui\u00e9nes afecta la soledad y el aislamiento social? (Observatorio Social LaCaixa)<\/span><\/a><\/li>\r                                                                    <li><a href=\"https:\/\/www2.deloitte.com\/content\/dam\/Deloitte\/global\/Documents\/About-Deloitte\/deloitte-2019-millennial-survey.pdf\" target=\"_self\"><span>The Deloitte Global Millennial Survey 2019 (Deloitte)<\/span><\/a><\/li>\r                                                                    <li><a href=\"https:\/\/www.bcbs.com\/sites\/default\/files\/file-attachments\/health-of-america-report\/HOA-Moodys-Millennial-10-30.pdf\" target=\"_self\"><span>The economic consequences of millennial health (Moodys Analytics)<\/span><\/a><\/li>\r                                                                    <li><a href=\"https:\/\/www.resolutionfoundation.org\/var\/www\/vhosts\/fundacionfelipegonzalez.org\/httpdocs\/uploads\/2020\/05\/The-effect-of-the-coronavirus-crisis-on-workers.pdf\" target=\"_self\"><span>The effects of the coronavirus crisis on workers (Resolution Foundation)<\/span><\/a><\/li>\r                                                                    <li><a href=\"https:\/\/www.resolutionfoundation.org\/var\/www\/vhosts\/fundacionfelipegonzalez.org\/httpdocs\/uploads\/2020\/05\/Young-workers-in-the-coronavirus-crisis.pdf\" target=\"_self\"><span>Young workers on the coronavirus crisis (Resolution Foundation)<\/span><\/a><\/li>\r                                                                    <li><a href=\"http:\/\/www.caixabankresearch.com\/sites\/default\/files\/monthly_reports\/_im_cast_abril_ok.pdf\" target=\"_self\"><span>Dossier \u00abLa generaci\u00f3n del Milenio\u00bb, del Informe Mensual N\u00b0 422 (abril 2018) de CaixaBank Research.<\/span><\/a><\/li>\r                                                                    <li><a href=\"http:\/\/www.resolutionfoundation.org\/publications\/cross-countries-international-comparisons-of-intergenerational-trends\/\" target=\"_self\"><span>Cross countries: international comparisons of intergenerational trends (Resolution Foundation, febrero 2018)<\/span><\/a><\/li>\r                                                                    <li><a href=\"http:\/\/ec.europa.eu\/eurostat\/web\/youth\/data\/database\" target=\"_self\"><span>Eurostat Data on Youth<\/span><\/a><\/li>\r                                                                    <li><a href=\"http:\/\/youthdevelopmentindex.org\/\" target=\"_self\"><span>Global Youth Development Index<\/span><\/a><\/li>\r                                                                    <li><a href=\"https:\/\/www.fundacionfelipegonzalez.org\/millennial-dialogue\/\" target=\"_self\"><span>Informe \u201cMillennial Dialogue Spain\u201d<\/span><\/a><\/li>\r                                                                    <li><a href=\"https:\/\/observatoriosociallacaixa.org\/es\/la-educacion-como-ascensor-social\" target=\"_self\"><span>La educaci\u00f3n como ascensor social (Dossier 01 del Observatorio Social de \u00abla Caixa\u00bb, septiembre 2016)<\/span><\/a><\/li>\r                                                                    <li><a href=\"http:\/\/www.cje.org\/es\/publicaciones\/novedades\/observatorio-emancipacion-primer-semestre-2017\/\" target=\"_self\"><span>Informe del Observatorio de Emancipaci\u00f3n del Consejo de la Juventud de Espa\u00f1a (n\u00ba 14, Primer semestre 2017)<\/span><\/a><\/li>\r                                                                    <li><a href=\"https:\/\/observatoriosociallacaixa.org\/es\/paro-juvenil-y-pobreza\" target=\"_self\"><span>Paro juvenil y pobreza: \u00bfun problema estructural? (Dossier 02 del Observatorio Social de \u00abla Caixa\u00bb, abril 2017)<\/span><\/a><\/li>\r                                                                    <li><a href=\"https:\/\/www.millennialdialogue.com\/\" target=\"_self\"><span>Proyecto Millennial Dialogue (22 pa\u00edses)<\/span><\/a><\/li>\r                                                                    <li><a href=\"http:\/\/www.proyectoscopio.es\/\" target=\"_self\"><span>ProyectoScopio, \u00cdndices de desarrollo juvenil, del Centro Reina Sof\u00eda sobre Adolescencia y Juventud<\/span><\/a><\/li>\r                                                                    <li><a href=\"http:\/\/www.cis.es\/cis\/opencm\/ES\/1_encuestas\/estudios\/listaTematico.jsp?tema=80&#038;todos=no\" target=\"_self\"><span>Relaci\u00f3n de estudios por tema del Centro de Investigaciones Soci\u00f3logas, CIS (Juventud)<\/span><\/a><\/li>\r                                                                    <li><a href=\"http:\/\/www.youthindex.org\/\" target=\"_self\"><span>The Global Youth Wellbeing Index<\/span><\/a><\/li>\r                                                                    <li><a href=\"http:\/\/www.resolutionfoundation.org\/publications\/the-millennial-bug-public-attitudes-on-the-living-standards-of-different-generations\/\" target=\"_self\"><span>The millennial bug: public attitudes on the living standards of different generations (Resolution Foundation, septiembre 2017)<\/span><\/a><\/li>\r                                                                    <li><a href=\"https:\/\/s1.fundacionfelipegonzalez.org\/wp-content\/uploads\/2018\/10\/Las_perspectivas_vitales_de_los_jo_venes_espan_oles.pdf\" target=\"_self\"><span>Informe sobre perspectivas vitales de los j\u00f3venes. \u00abNo future?\u00bb<\/span><\/a><\/li>\r                                                            <\/ul>\r                        <\/section>\r                                            <section class=\"links-section\">\r                            <div class=\"h2\"><h4>Art\u00edculos<\/h4>\n<\/div>\r                            <ul class=\"links-list links-list--col2\">\r                                                                    <li><a href=\"https:\/\/elpais.com\/espana\/2021-06-06\/jose-ramon-persigue-la-vida-de-sus-padres.html\" target=\"_self\"><span>\u201cJos\u00e9 Ram\u00f3n persigue la vida de sus padres\u201d de Antonio Jim\u00e9nez Barca (El Pa\u00eds)<\/span><\/a><\/li>\r                                                                    <li><a href=\"https:\/\/www.elmundo.es\/papel\/historias\/2021\/06\/05\/60b921defdddff10258b45af.html\" target=\"_self\"><span> \u201cPor qu\u00e9 los j\u00f3venes de hoy viven peor que sus padres\u201d de Rodrigo Terrasa (El Mundo)<\/span><\/a><\/li>\r                                                                    <li><a href=\"https:\/\/elpais.com\/espana\/2021-06-06\/espana-deja-atras-a-sus-jovenes-como-han-pasado-a-ser-el-grupo-de-edad-con-mas-pobres.html\" target=\"_self\"><span>\u201c\u00bfEspa\u00f1a deja atr\u00e1s a sus j\u00f3venes?&#8221; De Kiko Llaneras y Borja Andrino (El Pa\u00eds)<\/span><\/a><\/li>\r                                                                    <li><a href=\"https:\/\/elpais.com\/espana\/2021-06-06\/la-vida-me-va-con-retraso.htmlPATRICIA\" target=\"_self\"><span>\u201cLa vida me va con retraso\u201d de Patricia Gons\u00e1lvez (El Pa\u00eds)<\/span><\/a><\/li>\r                                                                    <li><a href=\"https:\/\/www.lavanguardia.com\/vivo\/lifestyle\/20200419\/48571932026\/millennial-impacto-crisis-economica-covid-19.html\" target=\"_self\"><span>Como el Covid-19 marca a los Millennials. Mayte Rius<\/span><\/a><\/li>\r                                                                    <li><a href=\"https:\/\/es.weforum.org\/agenda\/2020\/04\/cuatro-formas-en-las-que-el-covid-19-podria-cambiar-la-forma-en-que-eduquemos-a-las-generaciones-futuras\/\" target=\"_self\"><span>Como el covid-19 podr\u00eda cambiar la forma que educamos a las generaciones futuras. World Economic Forum<\/span><\/a><\/li>\r                                                                    <li><a href=\"https:\/\/nrc.infogram.com\/covid-19-mental-and-physical-health-1hmr6gvnpem36nl\" target=\"_self\"><span>Covid-19: Mental and Physical Insights by Generation. NRC Health<\/span><\/a><\/li>\r                                                                    <li><a href=\"https:\/\/cnnespanol.cnn.com\/2020\/05\/13\/por-que-la-generacion-z-seran-los-mas-afectados-por-las-consecuencias-financieras-del-coronavirus\/\" target=\"_self\"><span>La generaci\u00f3n Z ser\u00e1 la m\u00e1s afectada por las consecuencias financieras del covid-19. Samira Rahim<\/span><\/a><\/li>\r                                                                    <li><a href=\"https:\/\/www.europapress.es\/economia\/noticia-80-espanoles-asegura-estar-intranquilo-impacto-negativo-coronavirus-economia-20200414124534.html\" target=\"_self\"><span> La preocupaci\u00f3n sobre el impacto negativo del coronavirus, por generaci\u00f3n. Marta Fern\u00e1ndez Jara<\/span><\/a><\/li>\r                                                                    <li><a href=\"https:\/\/www.publico.es\/economia\/nueva-crisis-economica-vuelve-hundir-millennials-nuestra-generacion-no-derecho-feliz.html\" target=\"_self\"><span>La crisis del coronavirus vuelve a hundir a los millennials. Alejandra De La Fuente<\/span><\/a><\/li>\r                                                                    <li><a href=\"https:\/\/elpais.com\/elpais\/2020\/04\/24\/opinion\/1587751222_530000.html\" target=\"_self\"><span>Los diques contra la desigualdad. Pablo Sim\u00f3n<\/span><\/a><\/li>\r                                                                    <li><a href=\"https:\/\/elpais.com\/sociedad\/2020-04-25\/la-generacion-arrollada-por-dos-crisis.html\" target=\"_self\"><span>La generaci\u00f3n arrollada por dos crisis. Carmen P\u00e9rez-Lanzac<\/span><\/a><\/li>\r                                                                    <li><a href=\"https:\/\/elpais.com\/especiales\/2018\/generacion-crisis\/\" target=\"_self\"><span>La generaci\u00f3n crisis. El Pa\u00eds<\/span><\/a><\/li>\r                                                                    <li><a href=\"https:\/\/elpais.com\/opinion\/2020-06-01\/jovenes-en-crisis.html\" target=\"_self\"><span>J\u00f3venes en crisis. El Pa\u00eds<\/span><\/a><\/li>\r                                                                    <li><a href=\"https:\/\/elpais.com\/economia\/2020-05-08\/jovenes-el-eslabon-mas-debil-de-la-economia.html\" target=\"_self\"><span>La crisis golpea el futuro de los j\u00f3venes: m\u00e1s paro y peores sueldos. Miguel \u00c1ngel Garc\u00eda Vega<\/span><\/a><\/li>\r                                                                    <li><a href=\"https:\/\/www.ilo.org\/global\/about-the-ilo\/newsroom\/news\/WCMS_741746\/lang--es\/index.htm\" target=\"_self\"><span> Los trabajadores j\u00f3venes frente las consecuencias econ\u00f3micas de la crisis Covid-19. OIT<\/span><\/a><\/li>\r                                                                    <li><a href=\"https:\/\/www.washingtonpost.com\/business\/2020\/05\/27\/millennial-recession-covid\/\" target=\"_self\"><span>Millennials, recessions and Covid-19. Andrew Van Dam<\/span><\/a><\/li>\r                                                                    <li><a href=\"https:\/\/www.economist.com\/europe\/2020\/04\/16\/southern-europes-millennials-suffer-two-huge-crises-by-their-mid-30s\" target=\"_self\"><span> Southern European millennials suffer two crisis by their mid-30s. The Economist<\/span><\/a><\/li>\r                                                                    <li><a href=\"https:\/\/www.stlouisfed.org\/on-the-economy\/2020\/may\/three-reasons-millennials-may-face-devastating-setback-covid19\" target=\"_self\"><span>Covid-19: three reasons why millennials may face devastating setbacks. Ana H. Kent<\/span><\/a><\/li>\r                                                                    <li><a href=\"https:\/\/elpais.com\/espana\/2020-12-13\/no-sabemos-donde-esta-nuestro-futuro.html\" target=\"_self\"><span>No sabemos d\u00f3nde est\u00e1 nuestro futuro. El Pa\u00eds<\/span><\/a><\/li>\r                                                                    <li><a href=\"https:\/\/elpais.com\/economia\/2020-05-08\/jovenes-el-eslabon-mas-debil-de-la-economia.html\" target=\"_self\"><span>La crisis golpea el futuro de los j\u00f3venes: m\u00e1s paro y peores sueldos. Miguel \u00c1ngel Garc\u00eda Vega<\/span><\/a><\/li>\r                                                                    <li><a href=\"https:\/\/www.elplural.com\/economia\/decada-millenial_255215102\" target=\"_self\"><span>La d\u00e9cada Millennial. Mois\u00e9s Mart\u00edn<\/span><\/a><\/li>\r                                                                    <li><a href=\"https:\/\/www.lavanguardia.com\/politica\/20201122\/49599147424\/millenials-desafeccion-descontetos-democracia-politica.html\" target=\"_self\"><span>\u00bfUna pol\u00edtica sin \u2018millennials\u2019? La Vanguardia<\/span><\/a><\/li>\r                                                                    <li><a href=\"https:\/\/elpais.com\/elpais\/2020\/09\/18\/planeta_futuro\/1600434335_174604.html\" target=\"_self\"><span> Los retos \u2018poscovid\u2019 a los que se enfrentan las nuevas generaciones. Bel\u00e9n Hern\u00e1ndez<\/span><\/a><\/li>\r                                                                    <li><a href=\"https:\/\/www.elconfidencial.com\/alma-corazon-vida\/2020-07-07\/los-jovenes-ven-frustradas-sus-aspiraciones-profesionales-tras-el-covid-19_2671799\/\" target=\"_self\"><span>La mayor\u00eda de los j\u00f3venes ven frustradas sus aspiraciones profesionales por el covid-19. Fran S\u00e1nchez Becerril<\/span><\/a><\/li>\r                                                                    <li><a href=\"https:\/\/www.eldiario.es\/aragon\/el-prismatico\/atencion-brecha-generacional-cis-millenial-politica-redes-sociales_132_1002342.html\" target=\"_self\"><span>Atenci\u00f3n a la brecha generacional. Pl\u00e1cido Diez<\/span><\/a><\/li>\r                                                                    <li><a href=\"https:\/\/elpais.com\/elpais\/2019\/12\/27\/ideas\/1577442902_172068.html\" target=\"_self\"><span>Generaci\u00f3n Z- Tampoco es peor que las anteriores. Kiko Llaneras<\/span><\/a><\/li>\r                                                                    <li><a href=\"https:\/\/questionthequo.org\/\" target=\"_self\"><span>Encuesta \u201cQuestion the Quo\u201d sobre el inter\u00e9s de las Generaci\u00f3n Z en seguir una educaci\u00f3n universitaria. ECMC Group<\/span><\/a><\/li>\r                                                                    <li><a href=\"https:\/\/www.pewresearch.org\/internet\/2015\/08\/06\/teens-technology-and-friendships\/\" target=\"_self\"><span>Teens, Technology and Friendships. Pew Research Center<\/span><\/a><\/li>\r                                                                    <li><a href=\"https:\/\/www.pewresearch.org\/social-trends\/2019\/01\/17\/generation-z-looks-a-lot-like-millennials-on-key-social-and-political-issues\/\" target=\"_self\"><span>Generation Z Looks a Lot Like Millennials on Key Social and Political Issues. Pew Research Center<\/span><\/a><\/li>\r                                                                    <li><a href=\"https:\/\/elpais.com\/sociedad\/2019\/07\/03\/actualidad\/1562170185_829639.html\" target=\"_self\"><span>El 30% de los universitarios no encuentra trabajo cuatro a\u00f1os despu\u00e9s de graduarse. Ana Torres Men\u00e1rguez<\/span><\/a><\/li>\r                                                                    <li><a href=\"https:\/\/www.fundacioncyd.org\/publicaciones-cyd\/informe-cyd-2018\/\" target=\"_self\"><span>El Informe CYD 2018 \u2013 an\u00e1lisis de la situaci\u00f3n de la universidad espa\u00f1ola. Fundaci\u00f3n CYD<\/span><\/a><\/li>\r                                                                    <li><a href=\"https:\/\/elpais.com\/internacional\/2018\/04\/20\/actualidad\/1524235548_969134.html\" target=\"_self\"><span>Paro juvenil: el drama que no cesa. Alejandro Cercas<\/span><\/a><\/li>\r                                                                    <li><a href=\"https:\/\/today.yougov.com\/topics\/lifestyle\/articles-reports\/2019\/07\/30\/loneliness-friendship-new-friends-poll-survey\" target=\"_self\"><span> YouGov Poll Survey: Millennials are the loneliest generation. Jamie Ballard<\/span><\/a><\/li>\r                                                                    <li><a href=\"https:\/\/elpais.com\/economia\/2020\/02\/23\/actualidad\/1582462869_214206.html\" target=\"_self\"><span>El explosivo retroceso de los j\u00f3venes. Andreu Miss\u00e9<\/span><\/a><\/li>\r                                                                    <li><a href=\"http:\/\/agendapublica.elpais.com\/las-protestas-los-pensionistas-abren-debate-necesario\/\" target=\"_self\"><span>Las protestas de los pensionistas abren un debate necesario. Cristina Vallejo<\/span><\/a><\/li>\r                                                                    <li><a href=\"http:\/\/agendapublica.elpais.com\/espana-la-revalorizacion-las-pensiones-la-union-europea\/\" target=\"_self\"><span>Espa\u00f1a y la revalorizaci\u00f3n de las pensiones en la Uni\u00f3n Europea. Borja Su\u00e1rez Corujo<\/span><\/a><\/li>\r                                                                    <li><a href=\"http:\/\/agendapublica.elpais.com\/la-nueva-agenda-la-gestion-la-educacion\/\" target=\"_self\"><span>La nueva agenda de la gesti\u00f3n de la educaci\u00f3n. Lucas Gort\u00e1zar y Eva Flavia Mart\u00ednez Orbegozo<\/span><\/a><\/li>\r                                                                    <li><a href=\"http:\/\/agendapublica.elpais.com\/derechos-los-trabajadores-las-plataformas-digitales\/\" target=\"_self\"><span>Derechos para los trabajadores de las plataformas digitales. Mar\u00eda Luz Rodr\u00edguez<\/span><\/a><\/li>\r                                                                    <li><a href=\"http:\/\/agendapublica.elpais.com\/analistas\/huws\/\" target=\"_self\"><span>Art\u00edculos de Ursula Huws en Agenda P\u00fablica<\/span><\/a><\/li>\r                                                                    <li><a href=\"https:\/\/s1.fundacionfelipegonzalez.org\/wp-content\/uploads\/2019\/04\/Huella_digital_Espan%CC%83a_2019-04-02.pdf\" target=\"_self\"><span>Huella digital: el empleo en las econom\u00edas de plataforma<\/span><\/a><\/li>\r                                                                    <li><a href=\"http:\/\/agendapublica.elpais.com\/abolir-impuesto-sucesiones-nos-dice-la-historia\/\" target=\"_self\"><span>\u00bfAbolir el impuesto de sucesiones? Qu\u00e9 nos dice la historia. Miguel Artola Blanco<\/span><\/a><\/li>\r                                                                    <li><a href=\"http:\/\/agendapublica.elperiodico.com\/sabemos-los-efectos-cuantitativos-una-subida-bajada-del-impuesto-sucesiones\/\" target=\"_self\"><span>\u00bfQue sabemos de los efectos cuantitativos de una subida (bajada) del impuesto de sucesiones? Kamal Antonio Romero<\/span><\/a><\/li>\r                                                                    <li><a href=\"http:\/\/Impuesto de sucesiones: una herramienta esencial para combatir la desigualdad. Lidia Braun.\" target=\"_self\"><span>http:\/\/agendapublica.elpais.com\/impuesto-sucesiones-una-herramienta-esencial-combatir-la-desigualdad\/<\/span><\/a><\/li>\r                                                                    <li><a href=\"http:\/\/agendapublica.elpais.com\/destope-las-pensiones-maximas-contrafuego-sistema\/\" target=\"_self\"><span> El destope de las pensiones m\u00e1ximas: un contrafuego para el sistema. Gonzalo N\u00fa\u00f1ez<\/span><\/a><\/li>\r                                                                    <li><a href=\"http:\/\/agendapublica.elpais.com\/pensiones-parches-lugar-reformas-estructurales\/\" target=\"_self\"><span>Pensiones: parches en lugar de reformas estructural. Hugo Ferrad\u00e1ns<\/span><\/a><\/li>\r                                                                    <li><a href=\"http:\/\/agendapublica.elpais.com\/la-amenaza-la-precariedad-la-involuntariedad-empleo-parcial\/\" target=\"_self\"><span>La amenaza de la precariedad: la involuntariedad en el empleo parcial. Ra\u00fcl Segarra, Manuel Alejandro Hidalgo P\u00e9rez<\/span><\/a><\/li>\r                                                                    <li><a href=\"http:\/\/agendapublica.elpais.com\/sostenible-sistema-pensiones\/\" target=\"_self\"><span>\u00bfEs sostenible el sistema de pensiones? Hugo Ferrad\u00e1ns<\/span><\/a><\/li>\r                                                                    <li><a href=\"http:\/\/agendapublica.elpais.com\/la-reforma-pendiente-la-universidad-espanola\/\" target=\"_self\"><span>La reforma pendiente de la universidad espa\u00f1ola. Mart\u00ed Parellada Sabata<\/span><\/a><\/li>\r                                                                    <li><a href=\"http:\/\/agendapublica.elpais.com\/calidad-del-empleo-plataformas-digitales\/\" target=\"_self\"><span> Calidad del empleo y plataformas digitales. Miguel \u00c1ngel Malo<\/span><\/a><\/li>\r                                                                    <li><a href=\"http:\/\/agendapublica.elpais.com\/pilar-europeo-derechos-sociales-anhelado-punto-inflexion\/\" target=\"_self\"><span>El pilar europeo de derechos sociales \u00bfel anhelado punto de inflexi\u00f3n? Borja Su\u00e1rez Corujo<\/span><\/a><\/li>\r                                                                    <li><a href=\"http:\/\/agendapublica.elpais.com\/in-justicia-social\/\" target=\"_self\"><span> (In) justicia social. Marga Le\u00f3n<\/span><\/a><\/li>\r                                                                    <li><a href=\"http:\/\/agendapublica.elpais.com\/cuando-se-confunde-carino-la-calidad-los-cuidados-larga-duracion\/\" target=\"_self\"><span>Cuando se confunde cari\u00f1o con la calidad de los cuidados de larga duraci\u00f3n. Irene Lebrus\u00e1n Murillo<\/span><\/a><\/li>\r                                                                    <li><a href=\"http:\/\/agendapublica.elpais.com\/pobreza-infantil-espana-real-no-la-cerca\/\" target=\"_self\"><span>Pobreza infantil en espa\u00f1a \u00bfes real si no la tengo cerca? Irene Lebrus\u00e1n Murillo<\/span><\/a><\/li>\r                                                                    <li><a href=\"http:\/\/agendapublica.elperiodico.com\/se-devaluado-espana-los-titulos-educativos\/\" target=\"_self\"><span>\u00bfSe han devaluado en Espa\u00f1a los t\u00edtulos educativos? Luis Cornago<\/span><\/a><\/li>\r                                                                    <li><a href=\"http:\/\/agendapublica.elpais.com\/rebeldes-causa-juventud-desigualdad-las-elecciones-britanicas\/\" target=\"_self\"><span>Rebeldes con causa: juventud y desigualdad en las elecciones brit\u00e1nicas. Lidia Braun y Guillem Murcia L\u00f3pez<\/span><\/a><\/li>\r                                                                    <li><a href=\"http:\/\/agendapublica.elpais.com\/voto-los-millennials-cinco-articulos-segun-irene-martin\/\" target=\"_self\"><span>El voto de los millennials en cinco art\u00edculos\u2026 seg\u00fan Irene Mart\u00edn<\/span><\/a><\/li>\r                                                                    <li><a href=\"http:\/\/agendapublica.elpais.com\/radiografia-politica-los-millennials-espanoles-desconfianza-los-politicos-no-la-politica\/\" target=\"_self\"><span>Radiograf\u00eda pol\u00edtica de los millennials espa\u00f1oles: desconfianza en los pol\u00edticos, pero no en la pol\u00edtica. Ignacio Mart\u00edn Granados<\/span><\/a><\/li>\r                                                                    <li><a href=\"http:\/\/agendapublica.elpais.com\/programas-de-empleo-juvenil-con-estrellas-michelin\/\" target=\"_self\"><span>Programas de empleo juvenil con estrellas Michelin. Borja Barragu\u00e9<\/span><\/a><\/li>\r                                                                    <li><a href=\"http:\/\/agendapublica.elpais.com\/sistema-protector-desigual-pobreza-comparada-mayores-ninos\/\" target=\"_self\"><span>Un sistema protector desigual: pobreza comparada en mayores y ni\u00f1os. Irene Lebrus\u00e1n Murillo<\/span><\/a><\/li>\r                                                                    <li><a href=\"http:\/\/agendapublica.elpais.com\/hablamos-del-desempleo-juvenil-regional\/\" target=\"_self\"><span>\u00bfY si hablamos del desempleo juvenil regional? Jorge D\u00edaz Lanchas<\/span><\/a><\/li>\r                                                                    <li><a href=\"http:\/\/agendapublica.elperiodico.com\/una-crisis-todos-igual\/\" target=\"_self\"><span>\u00bfUna crisis para todos igual? Gonzalo L\u00f3pez Molina<\/span><\/a><\/li>\r                                                                    <li><a href=\"http:\/\/agendapublica.elpais.com\/las-cicatrices-de-la-juventud-en-las-trayectorias-laborales\/\" target=\"_self\"><span>Las cicatrices de la juventud en las trayectorias laborales. Borja Barragu\u00e9<\/span><\/a><\/li>\r                                                                    <li><a href=\"http:\/\/agendapublica.elpais.com\/la-transmision-intergeneracional-de-la-exclusion-social-en-espana\/\" target=\"_self\"><span>La transmisi\u00f3n intergeneracional de la exclusi\u00f3n social en Espa\u00f1a. Borja Barragu\u00e9<\/span><\/a><\/li>\r                                                                    <li><a href=\"http:\/\/agendapublica.elpais.com\/justicia-social-si-no-te-consuelas-es-porque-no-quieres\/\" target=\"_self\"><span>Justicia social: si (no) te consuelas es porque (no) quieres. Elo\u00edsa del Pino<\/span><\/a><\/li>\r                                                                    <li><a href=\"http:\/\/agendapublica.elpais.com\/quien-ayuda-a-los-jovenes-espanoles-a-encontrar-trabajo\/\" target=\"_self\"><span>\u00bfQui\u00e9n ayuda a los j\u00f3venes espa\u00f1oles a encontrar trabajo? Dafne Muntanyola Saura<\/span><\/a><\/li>\r                                                                    <li><a href=\"http:\/\/agendapublica.elpais.com\/los-abuelos-ayudan-pero-no-tanto\/\" target=\"_self\"><span>Los abuelos ayudan, pero no tanto. Sandra Escapa Solanas<\/span><\/a><\/li>\r                                                                    <li><a href=\"https:\/\/retina.elpais.com\/retina\/2018\/10\/03\/tendencias\/1538590720_149716.html\" target=\"_self\"><span> Medios de pago. Los millennials urbanos no tocan el efectivo ni con un palo. Montse Hidalgo P\u00e9rez<\/span><\/a><\/li>\r                                                                    <li><a href=\"https:\/\/t.co\/UsUSzVijKs?ssr=true\" target=\"_self\"><span>&#8216;\u00bfPor qu\u00e9 los j\u00f3venes vivir\u00e1n peor que sus padres?&#8217;, por Miguel \u00c1ngel Garc\u00eda Vega<\/span><\/a><\/li>\r                                                                    <li><a href=\"https:\/\/www.fundacionfelipegonzalez.org\/pdf\/el-mon-de-dema-entender-para-proponer\/\" target=\"_self\"><span>Agenda Milenial. El Mon de Dem\u00e0 en La Vanguardia<\/span><\/a><\/li>\r                                                                    <li><a href=\"https:\/\/www.lavanguardia.com\/vivo\/lifestyle\/20190528\/462279358314\/viven-jovenes-peor-padres-futuro-millennial.html?facet=amp\" target=\"_self\"><span>\u00bfViven hoy los j\u00f3venes peor que sus padres?<\/span><\/a><\/li>\r                                                                    <li><a href=\"https:\/\/elpais.com\/economia\/2019\/07\/14\/actualidad\/1563114339_660487.html\" target=\"_self\"><span> &#8220;Los j\u00f3venes sin formaci\u00f3n ganan lo mismo que a finales de los noventa&#8221;, de Antonio Maqueda<\/span><\/a><\/li>\r                                                            <\/ul>\r                        <\/section>\r                                    <\/div>\r            <\/div>\r        <\/div>\r        <style>\r\n    #M07-block_bee44e488f3670669a69039cfd0f8890 {\r\n        margin-top:px;\r\n        margin-bottom:px;\r\n        padding-top:px;\r\n        padding-bottom:px\r\n    }\r\n    @media screen and (max-width: 768px) {\r\n    #M07-block_bee44e488f3670669a69039cfd0f8890 {\r\n        margin-top:px;\r\n        margin-bottom:px;\r\n        padding-top:px;\r\n        padding-bottom:px;\r\n    }\r\n    }\r\n<\/style><\/div>\r\r","protected":false},"excerpt":{"rendered":"","protected":false},"author":2,"featured_media":0,"parent":0,"menu_order":0,"comment_status":"closed","ping_status":"closed","template":"","meta":{"_acf_changed":false,"footnotes":""},"class_list":["post-10440","page","type-page","status-publish","hentry"],"acf":[],"yoast_head":"<!-- This site is optimized with the Yoast SEO plugin v27.5 - https:\/\/yoast.com\/product\/yoast-seo-wordpress\/ -->\n<title>Genera - Fundaci\u00f3n Felipe Gonz\u00e1lez<\/title>\n<meta name=\"robots\" content=\"index, follow, max-snippet:-1, max-image-preview:large, max-video-preview:-1\" \/>\n<link rel=\"canonical\" href=\"https:\/\/fundacionfelipegonzalez.org\/ca\/genera\/\" \/>\n<meta property=\"og:locale\" content=\"ca_ES\" \/>\n<meta property=\"og:type\" content=\"article\" \/>\n<meta property=\"og:title\" content=\"Genera - Fundaci\u00f3n Felipe Gonz\u00e1lez\" \/>\n<meta property=\"og:url\" content=\"https:\/\/fundacionfelipegonzalez.org\/ca\/genera\/\" \/>\n<meta property=\"og:site_name\" content=\"Fundaci\u00f3n Felipe Gonz\u00e1lez\" \/>\n<meta name=\"twitter:card\" content=\"summary_large_image\" \/>\n<script type=\"application\/ld+json\" class=\"yoast-schema-graph\">{\"@context\":\"https:\\\/\\\/schema.org\",\"@graph\":[{\"@type\":\"WebPage\",\"@id\":\"https:\\\/\\\/fundacionfelipegonzalez.org\\\/ca\\\/genera\\\/\",\"url\":\"https:\\\/\\\/fundacionfelipegonzalez.org\\\/ca\\\/genera\\\/\",\"name\":\"Genera - Fundaci\u00f3n Felipe Gonz\u00e1lez\",\"isPartOf\":{\"@id\":\"https:\\\/\\\/fundacionfelipegonzalez.org\\\/ca\\\/#website\"},\"datePublished\":\"2025-07-03T06:39:39+00:00\",\"breadcrumb\":{\"@id\":\"https:\\\/\\\/fundacionfelipegonzalez.org\\\/ca\\\/genera\\\/#breadcrumb\"},\"inLanguage\":\"ca\",\"potentialAction\":[{\"@type\":\"ReadAction\",\"target\":[\"https:\\\/\\\/fundacionfelipegonzalez.org\\\/ca\\\/genera\\\/\"]}]},{\"@type\":\"BreadcrumbList\",\"@id\":\"https:\\\/\\\/fundacionfelipegonzalez.org\\\/ca\\\/genera\\\/#breadcrumb\",\"itemListElement\":[{\"@type\":\"ListItem\",\"position\":1,\"name\":\"Portada\",\"item\":\"https:\\\/\\\/fundacionfelipegonzalez.org\\\/ca\\\/\"},{\"@type\":\"ListItem\",\"position\":2,\"name\":\"Genera\"}]},{\"@type\":\"WebSite\",\"@id\":\"https:\\\/\\\/fundacionfelipegonzalez.org\\\/ca\\\/#website\",\"url\":\"https:\\\/\\\/fundacionfelipegonzalez.org\\\/ca\\\/\",\"name\":\"Fundaci\u00f3n Felipe Gonz\u00e1lez\",\"description\":\"\",\"publisher\":{\"@id\":\"https:\\\/\\\/fundacionfelipegonzalez.org\\\/ca\\\/#organization\"},\"potentialAction\":[{\"@type\":\"SearchAction\",\"target\":{\"@type\":\"EntryPoint\",\"urlTemplate\":\"https:\\\/\\\/fundacionfelipegonzalez.org\\\/ca\\\/?s={search_term_string}\"},\"query-input\":{\"@type\":\"PropertyValueSpecification\",\"valueRequired\":true,\"valueName\":\"search_term_string\"}}],\"inLanguage\":\"ca\"},{\"@type\":\"Organization\",\"@id\":\"https:\\\/\\\/fundacionfelipegonzalez.org\\\/ca\\\/#organization\",\"name\":\"Fundaci\u00f3n Felipe Gonz\u00e1lez\",\"url\":\"https:\\\/\\\/fundacionfelipegonzalez.org\\\/ca\\\/\",\"logo\":{\"@type\":\"ImageObject\",\"inLanguage\":\"ca\",\"@id\":\"https:\\\/\\\/fundacionfelipegonzalez.org\\\/ca\\\/#\\\/schema\\\/logo\\\/image\\\/\",\"url\":\"https:\\\/\\\/fundacionfelipegonzalez.org\\\/wp-content\\\/uploads\\\/2025\\\/07\\\/logo.png\",\"contentUrl\":\"https:\\\/\\\/fundacionfelipegonzalez.org\\\/wp-content\\\/uploads\\\/2025\\\/07\\\/logo.png\",\"width\":675,\"height\":170,\"caption\":\"Fundaci\u00f3n Felipe Gonz\u00e1lez\"},\"image\":{\"@id\":\"https:\\\/\\\/fundacionfelipegonzalez.org\\\/ca\\\/#\\\/schema\\\/logo\\\/image\\\/\"}}]}<\/script>\n<!-- \/ Yoast SEO plugin. -->","yoast_head_json":{"title":"Genera - Fundaci\u00f3n Felipe Gonz\u00e1lez","robots":{"index":"index","follow":"follow","max-snippet":"max-snippet:-1","max-image-preview":"max-image-preview:large","max-video-preview":"max-video-preview:-1"},"canonical":"https:\/\/fundacionfelipegonzalez.org\/ca\/genera\/","og_locale":"ca_ES","og_type":"article","og_title":"Genera - Fundaci\u00f3n Felipe Gonz\u00e1lez","og_url":"https:\/\/fundacionfelipegonzalez.org\/ca\/genera\/","og_site_name":"Fundaci\u00f3n Felipe Gonz\u00e1lez","twitter_card":"summary_large_image","schema":{"@context":"https:\/\/schema.org","@graph":[{"@type":"WebPage","@id":"https:\/\/fundacionfelipegonzalez.org\/ca\/genera\/","url":"https:\/\/fundacionfelipegonzalez.org\/ca\/genera\/","name":"Genera - Fundaci\u00f3n Felipe Gonz\u00e1lez","isPartOf":{"@id":"https:\/\/fundacionfelipegonzalez.org\/ca\/#website"},"datePublished":"2025-07-03T06:39:39+00:00","breadcrumb":{"@id":"https:\/\/fundacionfelipegonzalez.org\/ca\/genera\/#breadcrumb"},"inLanguage":"ca","potentialAction":[{"@type":"ReadAction","target":["https:\/\/fundacionfelipegonzalez.org\/ca\/genera\/"]}]},{"@type":"BreadcrumbList","@id":"https:\/\/fundacionfelipegonzalez.org\/ca\/genera\/#breadcrumb","itemListElement":[{"@type":"ListItem","position":1,"name":"Portada","item":"https:\/\/fundacionfelipegonzalez.org\/ca\/"},{"@type":"ListItem","position":2,"name":"Genera"}]},{"@type":"WebSite","@id":"https:\/\/fundacionfelipegonzalez.org\/ca\/#website","url":"https:\/\/fundacionfelipegonzalez.org\/ca\/","name":"Fundaci\u00f3n Felipe Gonz\u00e1lez","description":"","publisher":{"@id":"https:\/\/fundacionfelipegonzalez.org\/ca\/#organization"},"potentialAction":[{"@type":"SearchAction","target":{"@type":"EntryPoint","urlTemplate":"https:\/\/fundacionfelipegonzalez.org\/ca\/?s={search_term_string}"},"query-input":{"@type":"PropertyValueSpecification","valueRequired":true,"valueName":"search_term_string"}}],"inLanguage":"ca"},{"@type":"Organization","@id":"https:\/\/fundacionfelipegonzalez.org\/ca\/#organization","name":"Fundaci\u00f3n Felipe Gonz\u00e1lez","url":"https:\/\/fundacionfelipegonzalez.org\/ca\/","logo":{"@type":"ImageObject","inLanguage":"ca","@id":"https:\/\/fundacionfelipegonzalez.org\/ca\/#\/schema\/logo\/image\/","url":"https:\/\/fundacionfelipegonzalez.org\/wp-content\/uploads\/2025\/07\/logo.png","contentUrl":"https:\/\/fundacionfelipegonzalez.org\/wp-content\/uploads\/2025\/07\/logo.png","width":675,"height":170,"caption":"Fundaci\u00f3n Felipe Gonz\u00e1lez"},"image":{"@id":"https:\/\/fundacionfelipegonzalez.org\/ca\/#\/schema\/logo\/image\/"}}]}},"_links":{"self":[{"href":"https:\/\/fundacionfelipegonzalez.org\/ca\/wp-json\/wp\/v2\/pages\/10440","targetHints":{"allow":["GET"]}}],"collection":[{"href":"https:\/\/fundacionfelipegonzalez.org\/ca\/wp-json\/wp\/v2\/pages"}],"about":[{"href":"https:\/\/fundacionfelipegonzalez.org\/ca\/wp-json\/wp\/v2\/types\/page"}],"author":[{"embeddable":true,"href":"https:\/\/fundacionfelipegonzalez.org\/ca\/wp-json\/wp\/v2\/users\/2"}],"replies":[{"embeddable":true,"href":"https:\/\/fundacionfelipegonzalez.org\/ca\/wp-json\/wp\/v2\/comments?post=10440"}],"version-history":[{"count":0,"href":"https:\/\/fundacionfelipegonzalez.org\/ca\/wp-json\/wp\/v2\/pages\/10440\/revisions"}],"wp:attachment":[{"href":"https:\/\/fundacionfelipegonzalez.org\/ca\/wp-json\/wp\/v2\/media?parent=10440"}],"curies":[{"name":"wp","href":"https:\/\/api.w.org\/{rel}","templated":true}]}}